{"id":9703,"date":"2024-08-31T19:16:46","date_gmt":"2024-08-31T17:16:46","guid":{"rendered":"https:\/\/www.truckerhaus.at\/buehne\/?post_type=tribe_events&#038;p=9703"},"modified":"2025-02-17T20:38:01","modified_gmt":"2025-02-17T19:38:01","slug":"marc-carnal","status":"publish","type":"tribe_events","link":"https:\/\/www.truckerhaus.at\/buehne\/veranstaltung\/marc-carnal\/","title":{"rendered":"Marc Carnal"},"content":{"rendered":"\n<div id=\"wp-block-themeisle-blocks-advanced-columns-eb65599a\" class=\"wp-block-themeisle-blocks-advanced-columns has-1-columns has-desktop-equal-layout has-tablet-equal-layout has-mobile-equal-layout has-vertical-unset\"><div class=\"wp-block-themeisle-blocks-advanced-columns-overlay\"><\/div><div class=\"innerblocks-wrap\">\n<div id=\"wp-block-themeisle-blocks-advanced-column-ad0d9eb6\" class=\"wp-block-themeisle-blocks-advanced-column\">\n<figure class=\"wp-block-image size-full\"><img data-opt-id=995944335  fetchpriority=\"high\" decoding=\"async\" width=\"2000\" height=\"1333\" src=\"https:\/\/mldevnvjxtq7.i.optimole.com\/cb:d-tP.9d1\/w:auto\/h:auto\/q:mauto\/f:best\/https:\/\/www.truckerhaus.at\/buehne\/wp-content\/uploads\/2024\/08\/4096-2731-max.webp\" alt class=\"wp-image-10230\" srcset=\"https:\/\/mldevnvjxtq7.i.optimole.com\/cb:d-tP.9d1\/w:1920\/h:1279\/q:mauto\/f:best\/https:\/\/www.truckerhaus.at\/buehne\/wp-content\/uploads\/2024\/08\/4096-2731-max.webp 2000w, https:\/\/mldevnvjxtq7.i.optimole.com\/cb:d-tP.9d1\/w:300\/h:200\/q:mauto\/f:best\/https:\/\/www.truckerhaus.at\/buehne\/wp-content\/uploads\/2024\/08\/4096-2731-max.webp 300w, https:\/\/mldevnvjxtq7.i.optimole.com\/cb:d-tP.9d1\/w:1024\/h:682\/q:mauto\/f:best\/https:\/\/www.truckerhaus.at\/buehne\/wp-content\/uploads\/2024\/08\/4096-2731-max.webp 1024w, https:\/\/mldevnvjxtq7.i.optimole.com\/cb:d-tP.9d1\/w:768\/h:512\/q:mauto\/f:best\/https:\/\/www.truckerhaus.at\/buehne\/wp-content\/uploads\/2024\/08\/4096-2731-max.webp 768w, https:\/\/mldevnvjxtq7.i.optimole.com\/cb:d-tP.9d1\/w:1536\/h:1024\/q:mauto\/f:best\/https:\/\/www.truckerhaus.at\/buehne\/wp-content\/uploads\/2024\/08\/4096-2731-max.webp 1536w, https:\/\/mldevnvjxtq7.i.optimole.com\/cb:d-tP.9d1\/w:930\/h:620\/q:mauto\/f:best\/https:\/\/www.truckerhaus.at\/buehne\/wp-content\/uploads\/2024\/08\/4096-2731-max.webp 930w, https:\/\/mldevnvjxtq7.i.optimole.com\/cb:d-tP.9d1\/w:1000\/h:667\/q:mauto\/f:best\/https:\/\/www.truckerhaus.at\/buehne\/wp-content\/uploads\/2024\/08\/4096-2731-max.webp 1000w, https:\/\/mldevnvjxtq7.i.optimole.com\/cb:d-tP.9d1\/w:1920\/h:1279\/q:mauto\/f:best\/dpr:2\/https:\/\/www.truckerhaus.at\/buehne\/wp-content\/uploads\/2024\/08\/4096-2731-max.webp 2x\" sizes=\"(max-width: 1200px) 100vw, 1200px\"><\/figure>\n\n\n\n<div style=\"height:40px\" aria-hidden=\"true\" class=\"wp-block-spacer\"><\/div>\n\n\n\n<h2 class=\"wp-block-heading\">Gott live<\/h2>\n\n\n<div class=\"tribe-events-schedule tribe-clearfix\">\n\t<p class=\"tribe-events-schedule__datetime\">\n\t\t<span class=\"tribe-events-schedule__date tribe-events-schedule__date--start\"> Fr., 21. Feb. \u201925 <\/span>\n\n\t\t\t\t\t<span class=\"tribe-events-schedule__separator tribe-events-schedule__separator--date\"> | <\/span>\n\t\t\t<span class=\"tribe-events-schedule__time tribe-events-schedule__time--start\"> 19:30 <\/span>\n\t\t\n\t\t\t<\/p>\n<\/div>\n\n\n\n<div class=\"wp-block-buttons is-layout-flex wp-block-buttons-is-layout-flex\">\n<div class=\"wp-block-button\"><a class=\"wp-block-button__link wp-element-button\" href=\"#tribe-tickets\">Karten<\/a><\/div>\n<\/div>\n\n\n\n<div style=\"height:40px\" aria-hidden=\"true\" class=\"wp-block-spacer\"><\/div>\n<\/div>\n<\/div><\/div>\n\n\n\n<div id=\"wp-block-themeisle-blocks-advanced-columns-a482508b\" class=\"wp-block-themeisle-blocks-advanced-columns has-1-columns has-desktop-equal-layout has-tablet-equal-layout has-mobile-equal-layout has-vertical-unset\"><div class=\"wp-block-themeisle-blocks-advanced-columns-overlay\"><\/div><div class=\"innerblocks-wrap\">\n<div id=\"wp-block-themeisle-blocks-advanced-column-2a0b16fd\" class=\"wp-block-themeisle-blocks-advanced-column\">\n<p>Es ist die Sensation des Jahrtausends: Gott, der Allm\u00e4chtige, ist h\u00f6chst\u00adper\u00ads\u00f6n\u00adlich auf die Erde gekom\u00admen, um der Menschheit in aller\u00adletz\u00adter Sekunde den rech\u00adten Weg zu wei\u00adsen!<br><br>Nach dem miss\u00adlun\u00adge\u00adnen Alten Testament (\u00bbUnglaublich fad\u00ab \u2013 Kurier), dem Fiasko rund um sei\u00adnen Sohn Jesus Christus und dem fol\u00adgen\u00adschwe\u00adren Schnellschuss mit dem Koran will der Sch\u00f6pfer das drit\u00adte Testament per\u00ads\u00f6n\u00adlich schrei\u00adben und damit die Welt vor dem Untergang ret\u00adten. Denn die Apokalypse ist immer noch Chefsache! Damit ihm sei\u00adne Sch\u00e4fchen auch brav zuh\u00f6\u00adren, setzt Gott die\u00adses Mal auf eine aus\u00adge\u00adkl\u00fc\u00adgel\u00adte Live-Performance, exklu\u00adsi\u00adven Himmels-Gossip aus ers\u00adter Hand und eine atem\u00adbe\u00adrau\u00adben\u00adde Gag-Dichte. Endlich erz\u00e4hlt er die Sch\u00f6pfungsgeschichte, wie sie wirk\u00adlich war, ver\u00adr\u00e4t bri\u00adsan\u00adte Details zu Moses, Noah &amp;&nbsp;Co und holt zu einer knall\u00adhar\u00adten Abrechnung mit unse\u00adrer kaput\u00adten Gegenwart aus.<br><br>Am Ende der g\u00f6tt\u00adli\u00adchen Kom\u00f6die ent\u00adl\u00e4sst der Allm\u00e4chtige sein Publikum mit den drei neu\u00aden Geboten, wun\u00adden Zwerchfellen und offe\u00adnen Herzen in den Rest ihres irdi\u00adschen Gastspiels und hofft auf ein Wiedersehen im Himmel.<br><br><em>Regie: Sebastian Huber<\/em><\/p>\n\n\n\n<p><strong>Marc Carnal<\/strong><br>Marc Carnal ist als Headautor, Gestalter und rasen\u00adder Reporter bei Willkommen \u00d6sterreich mit Stermann und Grissemann t\u00e4tig und schreibt Glossen f\u00fcr FM4 oder Die Tagespresse. Seine durch\u00adge\u00adhend in Paarreimen ver\u00adfass\u00adten H\u00f6rspiele \u00bbDie Hochzeit\u00ab und \u00bbDas Begr\u00e4bnis\u00ab wur\u00adden jeweils zum \u00d61 H\u00f6rspiel des Jahres gew\u00e4hlt und erschei\u00adnen dem\u00adn\u00e4chst im Picus Verlag als illus\u00adtrier\u00adte B\u00fccher. Marc Carnal tritt regel\u00adm\u00e4\u00ad\u00dfig auf diver\u00adsen B\u00fchnen im deutsch\u00adspra\u00adchi\u00adgen Raum mit sei\u00adnen Texten und H\u00f6rspielen auf.<br><br>Das Programm Gott live, das am 4. M\u00e4rz 2025&nbsp;in der Kulisse Wien Premi\u00e8re fei\u00adert, ist sein bzw. Gottes Comedy-Deb\u00fct. <br>Mehr unter <a href=\"http:\/\/www.carnal.at\">www\u200b.car\u200bnal\u200b.at<\/a><\/p>\n\n\n\n<p><em>Bild: \u00a9 Kurt&nbsp;Prinz<\/em><\/p>\n<\/div>\n<\/div><\/div>\n\n\n\n<div class=\"wp-block-media-text is-vertically-aligned-top\" style=\"grid-template-columns:21% auto\"><figure class=\"wp-block-media-text__media\"><img data-opt-id=1465984677  fetchpriority=\"high\" decoding=\"async\" width=\"400\" height=\"200\" src=\"https:\/\/mldevnvjxtq7.i.optimole.com\/cb:d-tP.9d1\/w:auto\/h:auto\/q:mauto\/f:best\/https:\/\/www.truckerhaus.at\/buehne\/wp-content\/uploads\/2024\/08\/kundkb_1.png\" alt class=\"wp-image-10465 size-full\" srcset=\"https:\/\/mldevnvjxtq7.i.optimole.com\/cb:d-tP.9d1\/w:400\/h:200\/q:mauto\/f:best\/https:\/\/www.truckerhaus.at\/buehne\/wp-content\/uploads\/2024\/08\/kundkb_1.png 400w, https:\/\/mldevnvjxtq7.i.optimole.com\/cb:d-tP.9d1\/w:300\/h:150\/q:mauto\/f:best\/https:\/\/www.truckerhaus.at\/buehne\/wp-content\/uploads\/2024\/08\/kundkb_1.png 300w, https:\/\/mldevnvjxtq7.i.optimole.com\/cb:d-tP.9d1\/w:400\/h:200\/q:mauto\/f:best\/dpr:2\/https:\/\/www.truckerhaus.at\/buehne\/wp-content\/uploads\/2024\/08\/kundkb_1.png 2x\" sizes=\"(max-width: 400px) 100vw, 400px\"><\/figure><div class=\"wp-block-media-text__content\">\n<p><strong>Etwas essen vor der Vorstellung? Regina und Dieter kochen ger\u00adne f\u00fcr Sie im B\u00fchnenwirtshaus Juster!<br>Reservierung unter 02874&nbsp;6253<\/strong><\/p>\n<\/div><\/div>\n\n\n\n<div style=\"height:26px\" aria-hidden=\"true\" class=\"wp-block-spacer\"><\/div>\n\n\n\n<div id=\"wp-block-themeisle-blocks-advanced-columns-e6099239\" class=\"wp-block-themeisle-blocks-advanced-columns has-2-columns has-desktop-equal-layout has-tablet-equal-layout has-mobile-collapsedRows-layout has-vertical-unset\"><div class=\"wp-block-themeisle-blocks-advanced-columns-overlay\"><\/div><div class=\"innerblocks-wrap\">\n<div id=\"wp-block-themeisle-blocks-advanced-column-b9aba054\" class=\"wp-block-themeisle-blocks-advanced-column\"><\/div>\n\n\n\n<div id=\"wp-block-themeisle-blocks-advanced-column-9668ced3\" class=\"wp-block-themeisle-blocks-advanced-column\"><\/div>\n<\/div><\/div>\n\n\n\n\n\t<div class=\"tribe-block tribe-block__events-link\">\n\t\t<div class=\"tribe-events tribe-common\">\n\t\t\t<div class=\"tribe-events-c-subscribe-dropdown__container\">\n\t\t\t\t<div class=\"tribe-events-c-subscribe-dropdown\">\n\t\t\t\t\t<div class=\"tribe-common-c-btn-border tribe-events-c-subscribe-dropdown__button\">\n\t\t\t\t\t\t<svg class=\"tribe-common-c-svgicon tribe-common-c-svgicon--cal-export tribe-events-c-subscribe-dropdown__export-icon\" aria-hidden=\"true\" viewBox=\"0 0 23 17\">\n\t<path fill-rule=\"evenodd\" clip-rule=\"evenodd\" d=\"M.128.896V16.13c0 .211.145.383.323.383h15.354c.179 0 .323-.172.323-.383V.896c0-.212-.144-.383-.323-.383H.451C.273.513.128.684.128.896Zm16 6.742h-.901V4.679H1.009v10.729h14.218v-3.336h.901V7.638ZM1.01 1.614h14.218v2.058H1.009V1.614Z\" \/>\n\t<path d=\"M20.5 9.846H8.312M18.524 6.953l2.89 2.909-2.855 2.855\" stroke-width=\"1.2\" stroke-linecap=\"round\" stroke-linejoin=\"round\" \/>\n<\/svg>\n\t\t\t\t\t\t<button class=\"tribe-events-c-subscribe-dropdown__button-text\" aria-expanded=\"false\" aria-controls=\"tribe-events-subscribe-dropdown-content\" aria-label=\"Zeigen Sie Links an um Veranstaltungen zu Ihrem Kalender hinzuzuf\u00fcgen\">\n\t\t\t\t\t\t\tZum Kalender hinzuf\u00fcgen\t\t\t\t\t\t<\/button>\n\t\t\t\t\t\t<svg class=\"tribe-common-c-svgicon tribe-common-c-svgicon--caret-down tribe-events-c-subscribe-dropdown__button-icon\" aria-hidden=\"true\" viewBox=\"0 0 10 7\">\n\t<path fill-rule=\"evenodd\" clip-rule=\"evenodd\" d=\"M1.008.609L5 4.6 8.992.61l.958.958L5 6.517.05 1.566l.958-.958z\" class=\"tribe-common-c-svgicon__svg-fill\" \/>\n<\/svg>\n\t\t\t\t\t<\/div>\n\t\t\t\t\t<div id=\"tribe-events-subscribe-dropdown-content\" class=\"tribe-events-c-subscribe-dropdown__content\">\n\t\t\t\t\t\t<ul class=\"tribe-events-c-subscribe-dropdown__list\">\n\t\t\t\t\t\t\t\t\t\t\t\t\t\t\t<li class=\"tribe-events-c-subscribe-dropdown__list-item tribe-events-c-subscribe-dropdown__list-item--gcal\">\n\t\t\t\t\t\t\t\t\t<a href=\"https:\/\/www.google.com\/calendar\/event?action=TEMPLATE&amp;dates=20250221T193000\/20250221T193000&amp;text=Marc%20Carnal&amp;details=%3Cdiv+id%3D%22wp-block-themeisle-blocks-advanced-columns-eb65599a%22+class%3D%22wp-block-themeisle-blocks-advanced-columns+has-1-columns+has-desktop-equal-layout+has-tablet-equal-layout+has-mobile-equal-layout+has-vertical-unset%22%3E%3Cdiv+class%3D%22wp-block-themeisle-blocks-advanced-columns-overlay%22%3E%3C%2Fdiv%3E%3Cdiv+class%3D%22innerblocks-wrap%22%3E%3Cdiv+id%3D%22wp-block-themeisle-blocks-advanced-column-ad0d9eb6%22+class%3D%22wp-block-themeisle-blocks-advanced-column%22%3E%3Cfigure+class%3D%22wp-block-image+size-full%22%3E%3Cimg+src%3D%22https%3A%2F%2Fwww.truckerhaus.at%2Fbuehne%2Fwp-content%2Fuploads%2F2024%2F08%2F4096-2731-max.webp%22+alt%3D%22%22+class%3D%22wp-image-10230%22%2F%3E%3C%2Ffigure%3E%3Cdiv+style%3D%22height%3A40px%22+aria-hidden%3D%22true%22+class%3D%22wp-block-spacer%22%3E%3C%2Fdiv%3E%3Ch2+class%3D%22wp-block-heading%22%3EGott+live%3C%2Fh2%3E%3Cdiv+class%3D%22wp-block-buttons%22%3E%3Cdiv+class%3D%22wp-block-button%22%3E%3Ca+class%3D%22wp-block-button__link+wp-element-button%22+href%3D%22%23tribe-tickets%22%3EKarten%3C%2Fa%3E%3C%2Fdiv%3E%3C%2Fdiv%3E%3Cdiv+style%3D%22height%3A40px%22+aria-hidden%3D%22true%22+class%3D%22wp-block-spacer%22%3E%3C%2Fdiv%3E%3C%2Fdiv%3E%3C%2Fdiv%3E%3C%2Fdiv%3E%3Cd+%28Zeige+vollst%C3%A4ndige+Veranstaltung-Beschreibung+hier+an%3A+https%3A%2F%2Fwww.truckerhaus.at%2Fbuehne%2Fveranstaltung%2Fmarc-carnal%2F%29&amp;trp=false&amp;ctz=Europe\/Vienna&amp;sprop=website:https:\/\/www.truckerhaus.at\/buehne\" class=\"tribe-events-c-subscribe-dropdown__list-item-link\" target=\"_blank\" rel=\"noopener noreferrer nofollow noindex\"> Google Kalender&nbsp;<\/a>\n\t\t\t\t\t\t\t\t<\/li>\n\t\t\t\t\t\t\t\t\t\t\t\t\t\t\t<li class=\"tribe-events-c-subscribe-dropdown__list-item tribe-events-c-subscribe-dropdown__list-item--ical\">\n\t\t\t\t\t\t\t\t\t<a href class=\"tribe-events-c-subscribe-dropdown__list-item-link\" target=\"_blank\" rel=\"noopener noreferrer nofollow noindex\"> iCalendar&nbsp;<\/a>\n\t\t\t\t\t\t\t\t<\/li>\n\t\t\t\t\t\t\t\t\t\t\t\t\t\t\t<li class=\"tribe-events-c-subscribe-dropdown__list-item tribe-events-c-subscribe-dropdown__list-item--outlook-365\">\n\t\t\t\t\t\t\t\t\t<a href class=\"tribe-events-c-subscribe-dropdown__list-item-link\" target=\"_blank\" rel=\"noopener noreferrer nofollow noindex\"> Outlook 365&nbsp;<\/a>\n\t\t\t\t\t\t\t\t<\/li>\n\t\t\t\t\t\t\t\t\t\t\t\t\t\t\t<li class=\"tribe-events-c-subscribe-dropdown__list-item tribe-events-c-subscribe-dropdown__list-item--outlook-live\">\n\t\t\t\t\t\t\t\t\t<a href class=\"tribe-events-c-subscribe-dropdown__list-item-link\" target=\"_blank\" rel=\"noopener noreferrer nofollow noindex\"> Outlook Live&nbsp;<\/a>\n\t\t\t\t\t\t\t\t<\/li>\n\t\t\t\t\t\t\t\t\t\t\t\t\t<\/ul>\n\t\t\t\t\t<\/div>\n\t\t\t\t<\/div>\n\t\t\t<\/div>\n\t\t<\/div>\n\t<\/div>\n\n","protected":false},"excerpt":{"rendered":"<p>Etwas essen vor der Vorstellung? Regina und Dieter kochen ger\u00adne f\u00fcr Sie im B\u00fchnenwirtshaus Juster!Reservierung unter 02874&nbsp;6253<\/p>\n","protected":false},"author":3,"featured_media":10230,"template":"","meta":{"_tec_requires_first_save":false,"wp_typography_post_enhancements_disabled":false,"neve_meta_sidebar":"","neve_meta_container":"","neve_meta_enable_content_width":"","neve_meta_content_width":0,"neve_meta_title_alignment":"","neve_meta_author_avatar":"","neve_post_elements_order":"","neve_meta_disable_header":"","neve_meta_disable_footer":"","neve_meta_disable_title":"","_price":"","_stock":"","_tribe_ticket_header":"","_tribe_default_ticket_provider":"Tribe__Tickets_Plus__Commerce__WooCommerce__Main","_tribe_ticket_capacity":"45","_ticket_start_date":"","_ticket_end_date":"","_tribe_ticket_show_description":"","_tribe_ticket_show_not_going":false,"_tribe_ticket_use_global_stock":"1","_tribe_ticket_global_stock_level":"11","_global_stock_mode":"","_global_stock_cap":"","_tribe_rsvp_for_event":"","_tribe_ticket_going_count":"","_tribe_ticket_not_going_count":"","_tribe_tickets_list":"[{\"id\":9706,\"type\":\"default\",\"title\":\"Marc Carnal\",\"description\":\"\",\"capacityType\":\"capped\",\"price\":23,\"capacity\":45,\"available\":11,\"sharedCapacity\":45,\"sold\":2,\"shareSold\":2,\"isShared\":true,\"currencyDecimalPoint\":\",\",\"currencyNumberOfDecimals\":2,\"currencyPosition\":\"prefix\",\"currencySymbol\":\"$\",\"currencyThousandsSep\":\".\"},{\"id\":9707,\"type\":\"default\",\"title\":\"Marc Carnal mit KultCard\",\"description\":\"\",\"capacityType\":\"capped\",\"price\":18.4,\"capacity\":45,\"available\":11,\"sharedCapacity\":45,\"sold\":0,\"shareSold\":0,\"isShared\":true,\"currencyDecimalPoint\":\",\",\"currencyNumberOfDecimals\":2,\"currencyPosition\":\"prefix\",\"currencySymbol\":\"$\",\"currencyThousandsSep\":\".\"},{\"id\":9708,\"type\":\"default\",\"title\":\"Marc Carnal, Jugend bis 25 J.\",\"description\":\"\",\"capacityType\":\"capped\",\"price\":10,\"capacity\":45,\"available\":11,\"sharedCapacity\":45,\"sold\":0,\"shareSold\":0,\"isShared\":true,\"currencyDecimalPoint\":\",\",\"currencyNumberOfDecimals\":2,\"currencyPosition\":\"prefix\",\"currencySymbol\":\"$\",\"currencyThousandsSep\":\".\"}]","_tribe_ticket_has_attendee_info_fields":false,"_EventAllDay":false,"_EventTimezone":"Europe\/Vienna","_EventStartDate":"2025-02-21 19:30:00","_EventEndDate":"2025-02-21 19:30:00","_EventStartDateUTC":"2025-02-21 18:30:00","_EventEndDateUTC":"2025-02-21 18:30:00","_EventShowMap":false,"_EventShowMapLink":false,"_EventURL":"","_EventCost":"23","_EventCostDescription":"","_EventCurrencySymbol":"\u20ac","_EventCurrencyCode":"EUR","_EventCurrencyPosition":"prefix","_EventDateTimeSeparator":" | ","_EventTimeRangeSeparator":" - ","_EventOrganizerID":[],"_EventVenueID":[],"_OrganizerEmail":"","_OrganizerPhone":"","_OrganizerWebsite":"","_VenueAddress":"","_VenueCity":"","_VenueCountry":"","_VenueProvince":"","_VenueState":"","_VenueZip":"","_VenuePhone":"","_VenueURL":"","_VenueStateProvince":"","_VenueLat":"","_VenueLng":"","_VenueShowMap":false,"_VenueShowMapLink":false,"_tribe_blocks_recurrence_rules":"","_tribe_blocks_recurrence_description":"","_tribe_blocks_recurrence_exclusions":"","_themeisle_gutenberg_block_has_review":false,"_tribe_events_status":"","_tribe_events_status_reason":"","_tribe_events_is_hybrid":"","_tribe_events_is_virtual":"","_tribe_events_virtual_video_source":"","_tribe_events_virtual_embed_video":"","_tribe_events_virtual_linked_button_text":"","_tribe_events_virtual_linked_button":"","_tribe_events_virtual_show_embed_at":"","_tribe_events_virtual_show_embed_to":[],"_tribe_events_virtual_show_on_event":"","_tribe_events_virtual_show_on_views":"","_tribe_events_virtual_url":"","footnotes":"","_tec_slr_enabled":"","_tec_slr_layout":""},"tags":[],"tribe_events_cat":[151,84],"class_list":["post-9703","tribe_events","type-tribe_events","status-publish","has-post-thumbnail","hentry","tribe_events_cat-kundk","tribe_events_cat-kabarett-vorpremiere","cat_kundk","cat_kabarett-vorpremiere"],"yoast_head":"<!-- This site is optimized with the Yoast SEO plugin v27.2 - https:\/\/yoast.com\/product\/yoast-seo-wordpress\/ -->\n<title>Marc Carnal &#187; Truckerhaus<\/title>\n<meta name=\"robots\" content=\"index, follow, max-snippet:-1, max-image-preview:large, max-video-preview:-1\" \/>\n<link rel=\"canonical\" href=\"https:\/\/www.truckerhaus.at\/buehne\/veranstaltung\/marc-carnal\/\" \/>\n<meta property=\"og:locale\" content=\"de_DE\" \/>\n<meta property=\"og:type\" content=\"article\" \/>\n<meta property=\"og:title\" content=\"Marc Carnal &#187; Truckerhaus\" \/>\n<meta property=\"og:description\" content=\"Etwas essen vor der Vorstellung? Regina und Dieter kochen ger\u00adne f\u00fcr Sie im B\u00fchnenwirtshaus Juster!Reservierung unter 02874&nbsp;6253\" \/>\n<meta property=\"og:url\" content=\"https:\/\/www.truckerhaus.at\/buehne\/veranstaltung\/marc-carnal\/\" \/>\n<meta property=\"og:site_name\" content=\"Truckerhaus\" \/>\n<meta property=\"article:publisher\" content=\"https:\/\/facebook.com\/truckerhaus\" \/>\n<meta property=\"article:modified_time\" content=\"2025-02-17T19:38:01+00:00\" \/>\n<meta property=\"og:image\" content=\"https:\/\/mldevnvjxtq7.i.optimole.com\/cb:d-tP.9d1\/w:auto\/h:auto\/q:mauto\/f:best\/https:\/\/www.truckerhaus.at\/buehne\/wp-content\/uploads\/2024\/08\/4096-2731-max.webp\" \/>\n\t<meta property=\"og:image:width\" content=\"2000\" \/>\n\t<meta property=\"og:image:height\" content=\"1333\" \/>\n\t<meta property=\"og:image:type\" content=\"image\/webp\" \/>\n<meta name=\"twitter:card\" content=\"summary_large_image\" \/>\n<meta name=\"twitter:label1\" content=\"Gesch\u00e4tzte Lesezeit\" \/>\n\t<meta name=\"twitter:data1\" content=\"3\u00a0Minuten\" \/>\n<script type=\"application\/ld+json\" class=\"yoast-schema-graph\">{\"@context\":\"https:\/\/schema.org\",\"@graph\":[{\"@type\":\"WebPage\",\"@id\":\"https:\/\/www.truckerhaus.at\/buehne\/veranstaltung\/marc-carnal\/\",\"url\":\"https:\/\/www.truckerhaus.at\/buehne\/veranstaltung\/marc-carnal\/\",\"name\":\"Marc Carnal &#187; Truckerhaus\",\"isPartOf\":{\"@id\":\"https:\/\/www.truckerhaus.at\/buehne\/#website\"},\"primaryImageOfPage\":{\"@id\":\"https:\/\/www.truckerhaus.at\/buehne\/veranstaltung\/marc-carnal\/#primaryimage\"},\"image\":{\"@id\":\"https:\/\/www.truckerhaus.at\/buehne\/veranstaltung\/marc-carnal\/#primaryimage\"},\"thumbnailUrl\":\"https:\/\/mldevnvjxtq7.i.optimole.com\/cb:d-tP.9d1\/w:auto\/h:auto\/q:mauto\/f:best\/https:\/\/www.truckerhaus.at\/buehne\/wp-content\/uploads\/2024\/08\/4096-2731-max.webp\",\"datePublished\":\"2024-08-31T17:16:46+00:00\",\"dateModified\":\"2025-02-17T19:38:01+00:00\",\"breadcrumb\":{\"@id\":\"https:\/\/www.truckerhaus.at\/buehne\/veranstaltung\/marc-carnal\/#breadcrumb\"},\"inLanguage\":\"de\",\"potentialAction\":[{\"@type\":\"ReadAction\",\"target\":[\"https:\/\/www.truckerhaus.at\/buehne\/veranstaltung\/marc-carnal\/\"]}]},{\"@type\":\"ImageObject\",\"inLanguage\":\"de\",\"@id\":\"https:\/\/www.truckerhaus.at\/buehne\/veranstaltung\/marc-carnal\/#primaryimage\",\"url\":\"https:\/\/mldevnvjxtq7.i.optimole.com\/cb:d-tP.9d1\/w:auto\/h:auto\/q:mauto\/f:best\/https:\/\/www.truckerhaus.at\/buehne\/wp-content\/uploads\/2024\/08\/4096-2731-max.webp\",\"contentUrl\":\"https:\/\/mldevnvjxtq7.i.optimole.com\/cb:d-tP.9d1\/w:auto\/h:auto\/q:mauto\/f:best\/https:\/\/www.truckerhaus.at\/buehne\/wp-content\/uploads\/2024\/08\/4096-2731-max.webp\",\"width\":2000,\"height\":1333},{\"@type\":\"BreadcrumbList\",\"@id\":\"https:\/\/www.truckerhaus.at\/buehne\/veranstaltung\/marc-carnal\/#breadcrumb\",\"itemListElement\":[{\"@type\":\"ListItem\",\"position\":1,\"name\":\"Startseite\",\"item\":\"https:\/\/www.truckerhaus.at\/buehne\/\"},{\"@type\":\"ListItem\",\"position\":2,\"name\":\"Veranstaltungen\",\"item\":\"https:\/\/www.truckerhaus.at\/buehne\/veranstaltungen\/\"},{\"@type\":\"ListItem\",\"position\":3,\"name\":\"Marc Carnal\"}]},{\"@type\":\"WebSite\",\"@id\":\"https:\/\/www.truckerhaus.at\/buehne\/#website\",\"url\":\"https:\/\/www.truckerhaus.at\/buehne\/\",\"name\":\"Truckerhaus\",\"description\":\"Klein[st]kunstb\u00fchne Gutenbrunn\",\"publisher\":{\"@id\":\"https:\/\/www.truckerhaus.at\/buehne\/#organization\"},\"potentialAction\":[{\"@type\":\"SearchAction\",\"target\":{\"@type\":\"EntryPoint\",\"urlTemplate\":\"https:\/\/www.truckerhaus.at\/buehne\/?s={search_term_string}\"},\"query-input\":{\"@type\":\"PropertyValueSpecification\",\"valueRequired\":true,\"valueName\":\"search_term_string\"}}],\"inLanguage\":\"de\"},{\"@type\":\"Organization\",\"@id\":\"https:\/\/www.truckerhaus.at\/buehne\/#organization\",\"name\":\"Kulturinitiative Weinsbergerwald\",\"url\":\"https:\/\/www.truckerhaus.at\/buehne\/\",\"logo\":{\"@type\":\"ImageObject\",\"inLanguage\":\"de\",\"@id\":\"https:\/\/www.truckerhaus.at\/buehne\/#\/schema\/logo\/image\/\",\"url\":\"https:\/\/mldevnvjxtq7.i.optimole.com\/cb:d-tP.9d1\/w:auto\/h:auto\/q:mauto\/f:best\/https:\/\/www.truckerhaus.at\/buehne\/wp-content\/uploads\/2017\/04\/Truckerhaus_LogoNL.png\",\"contentUrl\":\"https:\/\/mldevnvjxtq7.i.optimole.com\/cb:d-tP.9d1\/w:auto\/h:auto\/q:mauto\/f:best\/https:\/\/www.truckerhaus.at\/buehne\/wp-content\/uploads\/2017\/04\/Truckerhaus_LogoNL.png\",\"width\":1200,\"height\":182,\"caption\":\"Kulturinitiative Weinsbergerwald\"},\"image\":{\"@id\":\"https:\/\/www.truckerhaus.at\/buehne\/#\/schema\/logo\/image\/\"},\"sameAs\":[\"https:\/\/facebook.com\/truckerhaus\",\"https:\/\/instagram.com\/truckerhaus\"]}]}<\/script>\n<!-- \/ Yoast SEO plugin. -->","yoast_head_json":{"title":"Marc Carnal &#187; Truckerhaus","robots":{"index":"index","follow":"follow","max-snippet":"max-snippet:-1","max-image-preview":"max-image-preview:large","max-video-preview":"max-video-preview:-1"},"canonical":"https:\/\/www.truckerhaus.at\/buehne\/veranstaltung\/marc-carnal\/","og_locale":"de_DE","og_type":"article","og_title":"Marc Carnal &#187; Truckerhaus","og_description":"Etwas essen vor der Vorstellung? Regina und Dieter kochen ger\u00adne f\u00fcr Sie im B\u00fchnenwirtshaus Juster!Reservierung unter 02874&nbsp;6253","og_url":"https:\/\/www.truckerhaus.at\/buehne\/veranstaltung\/marc-carnal\/","og_site_name":"Truckerhaus","article_publisher":"https:\/\/facebook.com\/truckerhaus","article_modified_time":"2025-02-17T19:38:01+00:00","og_image":[{"width":2000,"height":1333,"url":"https:\/\/mldevnvjxtq7.i.optimole.com\/cb:d-tP.9d1\/w:auto\/h:auto\/q:mauto\/f:best\/https:\/\/www.truckerhaus.at\/buehne\/wp-content\/uploads\/2024\/08\/4096-2731-max.webp","type":"image\/webp"}],"twitter_card":"summary_large_image","twitter_misc":{"Gesch\u00e4tzte Lesezeit":"3\u00a0Minuten"},"schema":{"@context":"https:\/\/schema.org","@graph":[{"@type":"WebPage","@id":"https:\/\/www.truckerhaus.at\/buehne\/veranstaltung\/marc-carnal\/","url":"https:\/\/www.truckerhaus.at\/buehne\/veranstaltung\/marc-carnal\/","name":"Marc Carnal &#187; Truckerhaus","isPartOf":{"@id":"https:\/\/www.truckerhaus.at\/buehne\/#website"},"primaryImageOfPage":{"@id":"https:\/\/www.truckerhaus.at\/buehne\/veranstaltung\/marc-carnal\/#primaryimage"},"image":{"@id":"https:\/\/www.truckerhaus.at\/buehne\/veranstaltung\/marc-carnal\/#primaryimage"},"thumbnailUrl":"https:\/\/mldevnvjxtq7.i.optimole.com\/cb:d-tP.9d1\/w:auto\/h:auto\/q:mauto\/f:best\/https:\/\/www.truckerhaus.at\/buehne\/wp-content\/uploads\/2024\/08\/4096-2731-max.webp","datePublished":"2024-08-31T17:16:46+00:00","dateModified":"2025-02-17T19:38:01+00:00","breadcrumb":{"@id":"https:\/\/www.truckerhaus.at\/buehne\/veranstaltung\/marc-carnal\/#breadcrumb"},"inLanguage":"de","potentialAction":[{"@type":"ReadAction","target":["https:\/\/www.truckerhaus.at\/buehne\/veranstaltung\/marc-carnal\/"]}]},{"@type":"ImageObject","inLanguage":"de","@id":"https:\/\/www.truckerhaus.at\/buehne\/veranstaltung\/marc-carnal\/#primaryimage","url":"https:\/\/mldevnvjxtq7.i.optimole.com\/cb:d-tP.9d1\/w:auto\/h:auto\/q:mauto\/f:best\/https:\/\/www.truckerhaus.at\/buehne\/wp-content\/uploads\/2024\/08\/4096-2731-max.webp","contentUrl":"https:\/\/mldevnvjxtq7.i.optimole.com\/cb:d-tP.9d1\/w:auto\/h:auto\/q:mauto\/f:best\/https:\/\/www.truckerhaus.at\/buehne\/wp-content\/uploads\/2024\/08\/4096-2731-max.webp","width":2000,"height":1333},{"@type":"BreadcrumbList","@id":"https:\/\/www.truckerhaus.at\/buehne\/veranstaltung\/marc-carnal\/#breadcrumb","itemListElement":[{"@type":"ListItem","position":1,"name":"Startseite","item":"https:\/\/www.truckerhaus.at\/buehne\/"},{"@type":"ListItem","position":2,"name":"Veranstaltungen","item":"https:\/\/www.truckerhaus.at\/buehne\/veranstaltungen\/"},{"@type":"ListItem","position":3,"name":"Marc Carnal"}]},{"@type":"WebSite","@id":"https:\/\/www.truckerhaus.at\/buehne\/#website","url":"https:\/\/www.truckerhaus.at\/buehne\/","name":"Truckerhaus","description":"Klein[st]kunstb\u00fchne Gutenbrunn","publisher":{"@id":"https:\/\/www.truckerhaus.at\/buehne\/#organization"},"potentialAction":[{"@type":"SearchAction","target":{"@type":"EntryPoint","urlTemplate":"https:\/\/www.truckerhaus.at\/buehne\/?s={search_term_string}"},"query-input":{"@type":"PropertyValueSpecification","valueRequired":true,"valueName":"search_term_string"}}],"inLanguage":"de"},{"@type":"Organization","@id":"https:\/\/www.truckerhaus.at\/buehne\/#organization","name":"Kulturinitiative Weinsbergerwald","url":"https:\/\/www.truckerhaus.at\/buehne\/","logo":{"@type":"ImageObject","inLanguage":"de","@id":"https:\/\/www.truckerhaus.at\/buehne\/#\/schema\/logo\/image\/","url":"https:\/\/mldevnvjxtq7.i.optimole.com\/cb:d-tP.9d1\/w:auto\/h:auto\/q:mauto\/f:best\/https:\/\/www.truckerhaus.at\/buehne\/wp-content\/uploads\/2017\/04\/Truckerhaus_LogoNL.png","contentUrl":"https:\/\/mldevnvjxtq7.i.optimole.com\/cb:d-tP.9d1\/w:auto\/h:auto\/q:mauto\/f:best\/https:\/\/www.truckerhaus.at\/buehne\/wp-content\/uploads\/2017\/04\/Truckerhaus_LogoNL.png","width":1200,"height":182,"caption":"Kulturinitiative Weinsbergerwald"},"image":{"@id":"https:\/\/www.truckerhaus.at\/buehne\/#\/schema\/logo\/image\/"},"sameAs":["https:\/\/facebook.com\/truckerhaus","https:\/\/instagram.com\/truckerhaus"]}]}},"ticketed":["woo"],"_links":{"self":[{"href":"https:\/\/www.truckerhaus.at\/buehne\/wp-json\/wp\/v2\/tribe_events\/9703","targetHints":{"allow":["GET"]}}],"collection":[{"href":"https:\/\/www.truckerhaus.at\/buehne\/wp-json\/wp\/v2\/tribe_events"}],"about":[{"href":"https:\/\/www.truckerhaus.at\/buehne\/wp-json\/wp\/v2\/types\/tribe_events"}],"author":[{"embeddable":true,"href":"https:\/\/www.truckerhaus.at\/buehne\/wp-json\/wp\/v2\/users\/3"}],"version-history":[{"count":5,"href":"https:\/\/www.truckerhaus.at\/buehne\/wp-json\/wp\/v2\/tribe_events\/9703\/revisions"}],"predecessor-version":[{"id":10469,"href":"https:\/\/www.truckerhaus.at\/buehne\/wp-json\/wp\/v2\/tribe_events\/9703\/revisions\/10469"}],"wp:featuredmedia":[{"embeddable":true,"href":"https:\/\/www.truckerhaus.at\/buehne\/wp-json\/wp\/v2\/media\/10230"}],"wp:attachment":[{"href":"https:\/\/www.truckerhaus.at\/buehne\/wp-json\/wp\/v2\/media?parent=9703"}],"wp:term":[{"taxonomy":"post_tag","embeddable":true,"href":"https:\/\/www.truckerhaus.at\/buehne\/wp-json\/wp\/v2\/tags?post=9703"},{"taxonomy":"tribe_events_cat","embeddable":true,"href":"https:\/\/www.truckerhaus.at\/buehne\/wp-json\/wp\/v2\/tribe_events_cat?post=9703"}],"curies":[{"name":"wp","href":"https:\/\/api.w.org\/{rel}","templated":true}]}}