{"id":7785,"date":"2023-07-27T14:53:25","date_gmt":"2023-07-27T12:53:25","guid":{"rendered":"https:\/\/www.truckerhaus.at\/buehne\/?post_type=tribe_events&#038;p=7785"},"modified":"2024-02-23T14:11:01","modified_gmt":"2024-02-23T13:11:01","slug":"son-of-the-velvet-rat","status":"publish","type":"tribe_events","link":"https:\/\/www.truckerhaus.at\/buehne\/veranstaltung\/son-of-the-velvet-rat\/","title":{"rendered":"Son of the Velvet Rat"},"content":{"rendered":"\n<div id=\"wp-block-themeisle-blocks-advanced-columns-f5808fee\" class=\"wp-block-themeisle-blocks-advanced-columns has-2-columns has-desktop-twoOne-layout has-tablet-collapsedRows-layout has-mobile-collapsedRows-layout has-reverse-columns-tablet has-reverse-columns-mobile has-vertical-unset\"><div class=\"wp-block-themeisle-blocks-advanced-columns-overlay\"><\/div><div class=\"innerblocks-wrap\">\n<div id=\"wp-block-themeisle-blocks-advanced-column-fa7720c1\" class=\"wp-block-themeisle-blocks-advanced-column\"><div class=\"tribe-events-event-image\"><img data-opt-id=1423043449  fetchpriority=\"high\" decoding=\"async\" width=\"1920\" height=\"1281\" src=\"https:\/\/mldevnvjxtq7.i.optimole.com\/cb:d-tP.9d1\/w:auto\/h:auto\/q:mauto\/f:best\/https:\/\/www.truckerhaus.at\/buehne\/wp-content\/uploads\/2023\/07\/04A8877-2-Print-Fullsize.jpg\" class=\"attachment-full size-full wp-post-image\" alt srcset=\"https:\/\/mldevnvjxtq7.i.optimole.com\/cb:d-tP.9d1\/w:1920\/h:1281\/q:mauto\/f:best\/https:\/\/www.truckerhaus.at\/buehne\/wp-content\/uploads\/2023\/07\/04A8877-2-Print-Fullsize.jpg 1920w, https:\/\/mldevnvjxtq7.i.optimole.com\/cb:d-tP.9d1\/w:1000\/h:667\/q:mauto\/f:best\/https:\/\/www.truckerhaus.at\/buehne\/wp-content\/uploads\/2023\/07\/04A8877-2-Print-Fullsize.jpg 1000w, https:\/\/mldevnvjxtq7.i.optimole.com\/cb:d-tP.9d1\/w:300\/h:200\/q:mauto\/f:best\/https:\/\/www.truckerhaus.at\/buehne\/wp-content\/uploads\/2023\/07\/04A8877-2-Print-Fullsize.jpg 300w, https:\/\/mldevnvjxtq7.i.optimole.com\/cb:d-tP.9d1\/w:1024\/h:683\/q:mauto\/f:best\/https:\/\/www.truckerhaus.at\/buehne\/wp-content\/uploads\/2023\/07\/04A8877-2-Print-Fullsize.jpg 1024w, https:\/\/mldevnvjxtq7.i.optimole.com\/cb:d-tP.9d1\/w:768\/h:512\/q:mauto\/f:best\/https:\/\/www.truckerhaus.at\/buehne\/wp-content\/uploads\/2023\/07\/04A8877-2-Print-Fullsize.jpg 768w, https:\/\/mldevnvjxtq7.i.optimole.com\/cb:d-tP.9d1\/w:1536\/h:1025\/q:mauto\/f:best\/https:\/\/www.truckerhaus.at\/buehne\/wp-content\/uploads\/2023\/07\/04A8877-2-Print-Fullsize.jpg 1536w, https:\/\/mldevnvjxtq7.i.optimole.com\/cb:d-tP.9d1\/w:1920\/h:1280\/q:mauto\/f:best\/https:\/\/www.truckerhaus.at\/buehne\/wp-content\/uploads\/2023\/07\/04A8877-2-Print-Fullsize.jpg 2048w, https:\/\/mldevnvjxtq7.i.optimole.com\/cb:d-tP.9d1\/w:930\/h:620\/q:mauto\/f:best\/https:\/\/www.truckerhaus.at\/buehne\/wp-content\/uploads\/2023\/07\/04A8877-2-Print-Fullsize.jpg 930w, https:\/\/mldevnvjxtq7.i.optimole.com\/cb:d-tP.9d1\/w:1920\/h:1280\/q:mauto\/f:best\/dpr:2\/https:\/\/www.truckerhaus.at\/buehne\/wp-content\/uploads\/2023\/07\/04A8877-2-Print-Fullsize.jpg 2x\" sizes=\"(max-width: 1200px) 100vw, 1200px\"><\/div><\/div>\n\n\n\n<div id=\"wp-block-themeisle-blocks-advanced-column-adc8efbe\" class=\"wp-block-themeisle-blocks-advanced-column\"><div class=\"tribe-events-schedule tribe-clearfix\">\n\t<p class=\"tribe-events-schedule__datetime\">\n\t\t<span class=\"tribe-events-schedule__date tribe-events-schedule__date--start\"> Sa., 24. Feb. \u201924 <\/span>\n\n\t\t\t\t\t<span class=\"tribe-events-schedule__separator tribe-events-schedule__separator--date\"> | <\/span>\n\t\t\t<span class=\"tribe-events-schedule__time tribe-events-schedule__time--start\"> 19:30 <\/span>\n\t\t\n\t\t\t<\/p>\n<\/div>\n\n\n<div class=\"tribe-block tribe-block__event-price\">\n\t\t\t<span class=\"tribe-block__event-price__cost\"> Kostenlos \u2013 23,00\u20ac <\/span>\n\t\t\t\t<span class=\"tribe-block__event-price__description\">Erm\u00e4\u00dfigungen f\u00fcr Jugendliche und KultCard-Besitzer<\/span>\n\t<\/div>\n\n\n\n<div class=\"wp-block-buttons is-layout-flex wp-block-buttons-is-layout-flex\">\n<div class=\"wp-block-button\"><a class=\"wp-block-button__link wp-element-button\" href=\"#tribe-tickets\">Karten<\/a><\/div>\n<\/div>\n<\/div>\n<\/div><\/div>\n\n\n\n<div id=\"wp-block-themeisle-blocks-advanced-columns-3443c3d8\" class=\"wp-block-themeisle-blocks-advanced-columns has-2-columns has-desktop-equal-layout has-tablet-collapsedRows-layout has-mobile-collapsedRows-layout has-reverse-columns-mobile has-vertical-unset\"><div class=\"wp-block-themeisle-blocks-advanced-columns-overlay\"><\/div><div class=\"innerblocks-wrap\">\n<div id=\"wp-block-themeisle-blocks-advanced-column-0da7f939\" class=\"wp-block-themeisle-blocks-advanced-column\">\n<h2 class=\"wp-block-heading\">\u00bbGhost Ranch\u00ab<\/h2>\n\n\n\n<p>Musik\/Alternative <\/p>\n\n\n\n<p><strong>Georg Altziebler<\/strong>, Gesang, Gitarre<br><strong>Heike Binder<\/strong>, Gesang, Tasteninstrumente, Schlagwerk<\/p>\n\n\n\n<p><em>Dieses neue Album hat ins\u00adge\u00adsamt eine trau\u00adri\u00adge Magie, die Hank Williams viel\u00adleicht meint, wenn er \u00bbthe silence of a&nbsp;fal\u00adling star\u00ab sagt. Ich h\u00f6re die Platte wie\u00adder und wie\u00adder. Und dann noch ein\u00admal.\u00ab <\/em><strong><em>\u2014 <\/em>aus den \u00bbGhost Ranch\u00ab Liner Notes von Ernst Molden<\/strong><br><br>Am 22. M\u00e4rz 2024 erscheint SotVRs neu\u00ades Album \u00bbGhost Ranch\u00ab auf Fluff &amp;&nbsp;Gravy Records\/Portland, OR.<br>Das Album wur\u00adde im Red Barn Recorders-Studio in Morongo Valley in der kali\u00adfor\u00adni\u00adschen W\u00fcste ein\u00adge\u00adspielt. Mitgewirkt haben \u2013 unter ande\u00adren \u2013 so illus\u00adtre G\u00e4ste wie Marc Ribot an der Gitarre, Jolie Holland als Back-up-S\u00e4ngerin und an der Violine oder Jay Bellerose am Schlagzeug.<br>Nichtsdestotrotz ist die Instrumentierung so spar\u00adsam und trans\u00adpa\u00adrent wie nie zuvor bei SotVR. Der Sound mag vor\u00adder\u00adgr\u00fcn\u00addig \u00bbame\u00adri\u00adka\u00adnisch\u00ab klin\u00adgen, die Lieder selbst ent\u00adzie\u00adhen sich geo\u00adgra\u00adphi\u00adschen Zuordnungen. Der Albumtitel \u00bbGhost Ranch\u00ab bezeich\u00adnet kei\u00adnen Ort, son\u00addern einen Zustand des Aus-der-Zeit-Gefallenseins. Es sind Skizzen von unter\u00adwegs,<br>Songs aus der Perspektive hin\u00adter der Windschutzscheibe, wenn der Blick wan\u00addert und die Seele kein Ziel&nbsp;hat.<\/p>\n\n\n\n<p><strong>Pressestimmen<\/strong><\/p>\n\n\n\n<p><em>\u00bbManche Zeitgenossen sind so gut, dass man sich fast schon zu sehr dar\u00adan gew\u00f6hnt hat.\u00ab<\/em>\u2014DER FALTER, Sebastian Fasthuber<\/p>\n\n\n\n<p><em>\u00bbDie Kunst von Son of the Velvet Rat taugt nicht zur Vermessung der Gegenwart. Sie erhebt sich von jeher \u00fcber die Zeit, weil sie das Grunds\u00e4tzliche aus\u00adlo\u00adtet.\u00ab<\/em>\u2014SALZBURGER NACHRICHTEN, Bernhard Flieher<br><br><em>\u00bbSon of the Velvet Rat haben mitt\u00adler\u00adwei\u00adle eine Stufe von Erhabenheit erreicht, die mich an die Bilder von Edward Hopper den\u00adken l\u00e4sst. Darf man sowas meta\u00adphy\u00adsi\u00adschen Realismus nen\u00adnen? Keine Ahnung. Gro\u00dfes Album<\/em>.<em>\u00ab<\/em>\u2014RADIO FM4, Fritz Ostermayer<\/p>\n<\/div>\n\n\n\n<div id=\"wp-block-themeisle-blocks-advanced-column-11378e73\" class=\"wp-block-themeisle-blocks-advanced-column\"><\/div>\n<\/div><\/div>\n\n\n<div class=\"tribe-block tribe-block__event-price\">\n\t\t\t<span class=\"tribe-block__event-price__cost\"> Kostenlos \u2013 23,00\u20ac <\/span>\n\t\t<\/div>\n\n\n<div class=\"tribe-block tribe-block__organizer__details tribe-clearfix\">\n\t<div class=\"tribe-block__organizer__title\">\n\t\t<h3><a href=\"https:\/\/www.truckerhaus.at\/buehne\/veranstalter\/truckerhaus\/\" title=\"Truckerhaus\" target=\"_self\" rel>Truckerhaus<\/a><\/h3>\n\t<\/div>\n\t\t\t\t<p class=\"tribe-block__organizer__website\"><a href=\"http:\/\/www.truckerhaus.at\" target=\"_blank\" rel=\"noopener noreferrer\">Veranstalter-Website anzei\u00adgen<\/a><\/p>\n\t\t\t\t<p class=\"tribe-block__organizer__email\">info@\u200btruckerhaus.\u200bat<\/p>\n\t<\/div>\n\n\n<div class=\"tribe-block tribe-block__venue tribe-clearfix\">\n\t\n\t\n<div class=\"tribe-block__venue__meta\">\n\t<div class=\"tribe-block__venue__name\">\n\t\t<h3><a href=\"https:\/\/www.truckerhaus.at\/buehne\/veranstaltungsort\/truckerhaus\/\" title=\"Truckerhaus\">Truckerhaus<\/a><\/h3>\n\t<\/div>\n\n\t\n\t\t\t\t\t\t<address class=\"tribe-block__venue__address\">\n\t\t\t\t<span class=\"tribe-address\">\n\n<span class=\"tribe-street-address\">Gutenbrunn 24<\/span>\n\t\n\t\t<br>\n\t\t<span class=\"tribe-locality\">Gutenbrunn<\/span><span class=\"tribe-delimiter\">,<\/span>\n\n\t<abbr class=\"tribe-region tribe-events-abbr\" title=\"Nieder\u00f6sterreich\">Nieder\u00f6sterreich<\/abbr>\n\n\t<span class=\"tribe-postal-code\">3665<\/span>\n\n\t<span class=\"tribe-country-name\">Austria<\/span>\n\n<\/span>\n\n\t\t\t\t\t\t\t<\/address>\n\t\t\n\t\t\n\t\t\t\n\t<\/div>\n\t\n\t<\/div>\n\n\n\n\n\t<div class=\"tribe-block tribe-block__events-link\">\n\t\t<div class=\"tribe-events tribe-common\">\n\t\t\t<div class=\"tribe-events-c-subscribe-dropdown__container\">\n\t\t\t\t<div class=\"tribe-events-c-subscribe-dropdown\">\n\t\t\t\t\t<div class=\"tribe-common-c-btn-border tribe-events-c-subscribe-dropdown__button\">\n\t\t\t\t\t\t<svg class=\"tribe-common-c-svgicon tribe-common-c-svgicon--cal-export tribe-events-c-subscribe-dropdown__export-icon\" aria-hidden=\"true\" viewBox=\"0 0 23 17\">\n\t<path fill-rule=\"evenodd\" clip-rule=\"evenodd\" d=\"M.128.896V16.13c0 .211.145.383.323.383h15.354c.179 0 .323-.172.323-.383V.896c0-.212-.144-.383-.323-.383H.451C.273.513.128.684.128.896Zm16 6.742h-.901V4.679H1.009v10.729h14.218v-3.336h.901V7.638ZM1.01 1.614h14.218v2.058H1.009V1.614Z\" \/>\n\t<path d=\"M20.5 9.846H8.312M18.524 6.953l2.89 2.909-2.855 2.855\" stroke-width=\"1.2\" stroke-linecap=\"round\" stroke-linejoin=\"round\" \/>\n<\/svg>\n\t\t\t\t\t\t<button class=\"tribe-events-c-subscribe-dropdown__button-text\" aria-expanded=\"false\" aria-controls=\"tribe-events-subscribe-dropdown-content\" aria-label=\"Zeigen Sie Links an um Veranstaltungen zu Ihrem Kalender hinzuzuf\u00fcgen\">\n\t\t\t\t\t\t\tZum Kalender hinzuf\u00fcgen\t\t\t\t\t\t<\/button>\n\t\t\t\t\t\t<svg class=\"tribe-common-c-svgicon tribe-common-c-svgicon--caret-down tribe-events-c-subscribe-dropdown__button-icon\" aria-hidden=\"true\" viewBox=\"0 0 10 7\">\n\t<path fill-rule=\"evenodd\" clip-rule=\"evenodd\" d=\"M1.008.609L5 4.6 8.992.61l.958.958L5 6.517.05 1.566l.958-.958z\" class=\"tribe-common-c-svgicon__svg-fill\" \/>\n<\/svg>\n\t\t\t\t\t<\/div>\n\t\t\t\t\t<div id=\"tribe-events-subscribe-dropdown-content\" class=\"tribe-events-c-subscribe-dropdown__content\">\n\t\t\t\t\t\t<ul class=\"tribe-events-c-subscribe-dropdown__list\">\n\t\t\t\t\t\t\t\t\t\t\t\t\t\t\t<li class=\"tribe-events-c-subscribe-dropdown__list-item tribe-events-c-subscribe-dropdown__list-item--gcal\">\n\t\t\t\t\t\t\t\t\t<a href=\"https:\/\/www.google.com\/calendar\/event?action=TEMPLATE&amp;dates=20240224T193000\/20240224T193000&amp;text=Son%20of%20the%20Velvet%20Rat&amp;details=%3Cdiv+id%3D%22wp-block-themeisle-blocks-advanced-columns-f5808fee%22+class%3D%22wp-block-themeisle-blocks-advanced-columns+has-2-columns+has-desktop-twoOne-layout+has-tablet-collapsedRows-layout+has-mobile-collapsedRows-layout+has-reverse-columns-tablet+has-reverse-columns-mobile+has-vertical-unset%22%3E%3Cdiv+class%3D%22wp-block-themeisle-blocks-advanced-columns-overlay%22%3E%3C%2Fdiv%3E%3Cdiv+class%3D%22innerblocks-wrap%22%3E%3Cdiv+id%3D%22wp-block-themeisle-blocks-advanced-column-fa7720c1%22+class%3D%22wp-block-themeisle-blocks-advanced-column%22%3E%3C%2Fdiv%3E%3Cdiv+id%3D%22wp-block-themeisle-blocks-advanced-column-adc8efbe%22+class%3D%22wp-block-themeisle-blocks-advanced-column%22%3E%3Cdiv+class%3D%22wp-block-buttons%22%3E%3Cdiv+class%3D%22wp-block-button%22%3E%3Ca+class%3D%22wp-block-button__link+wp-element-button%22+href%3D%22%23tribe-tickets%22%3EKarten%3C%2Fa%3E%3C%2Fdiv%3E%3C%2Fdiv%3E%3C%2Fdiv%3E%3C%2Fdiv%3E%3C%2Fdiv%3E%3Cdiv+id%3D%22wp-block-themeisle-blocks-advanced-columns-3443c3d8%22+class%3D%22wp-block-themeisle-blocks-advanced-columns+has-2-columns+has-desktop-equal-layout+has-tablet-collapsedRows-layout+has-+%28Zeige+vollst%C3%A4ndige+Veranstaltung-Beschreibung+hier+an%3A+https%3A%2F%2Fwww.truckerhaus.at%2Fbuehne%2Fveranstaltung%2Fson-of-the-velvet-rat%2F%29&amp;location=Truckerhaus,%20Gutenbrunn%2024,%20Gutenbrunn,%20Nieder\u00f6sterreich,%203665,%20Austria&amp;trp=false&amp;ctz=Europe\/Vienna&amp;sprop=website:https:\/\/www.truckerhaus.at\/buehne\" class=\"tribe-events-c-subscribe-dropdown__list-item-link\" target=\"_blank\" rel=\"noopener noreferrer nofollow noindex\"> Google Kalender&nbsp;<\/a>\n\t\t\t\t\t\t\t\t<\/li>\n\t\t\t\t\t\t\t\t\t\t\t\t\t\t\t<li class=\"tribe-events-c-subscribe-dropdown__list-item tribe-events-c-subscribe-dropdown__list-item--ical\">\n\t\t\t\t\t\t\t\t\t<a href class=\"tribe-events-c-subscribe-dropdown__list-item-link\" target=\"_blank\" rel=\"noopener noreferrer nofollow noindex\"> iCalendar&nbsp;<\/a>\n\t\t\t\t\t\t\t\t<\/li>\n\t\t\t\t\t\t\t\t\t\t\t\t\t\t\t<li class=\"tribe-events-c-subscribe-dropdown__list-item tribe-events-c-subscribe-dropdown__list-item--outlook-365\">\n\t\t\t\t\t\t\t\t\t<a href class=\"tribe-events-c-subscribe-dropdown__list-item-link\" target=\"_blank\" rel=\"noopener noreferrer nofollow noindex\"> Outlook 365&nbsp;<\/a>\n\t\t\t\t\t\t\t\t<\/li>\n\t\t\t\t\t\t\t\t\t\t\t\t\t\t\t<li class=\"tribe-events-c-subscribe-dropdown__list-item tribe-events-c-subscribe-dropdown__list-item--outlook-live\">\n\t\t\t\t\t\t\t\t\t<a href class=\"tribe-events-c-subscribe-dropdown__list-item-link\" target=\"_blank\" rel=\"noopener noreferrer nofollow noindex\"> Outlook Live&nbsp;<\/a>\n\t\t\t\t\t\t\t\t<\/li>\n\t\t\t\t\t\t\t\t\t\t\t\t\t<\/ul>\n\t\t\t\t\t<\/div>\n\t\t\t\t<\/div>\n\t\t\t<\/div>\n\t\t<\/div>\n\t<\/div>\n\n\n\n\n\n","protected":false},"excerpt":{"rendered":"","protected":false},"author":3,"featured_media":8437,"template":"","meta":{"_tec_requires_first_save":false,"wp_typography_post_enhancements_disabled":false,"neve_meta_sidebar":"","neve_meta_container":"","neve_meta_enable_content_width":"","neve_meta_content_width":0,"neve_meta_title_alignment":"","neve_meta_author_avatar":"","neve_post_elements_order":"","neve_meta_disable_header":"","neve_meta_disable_footer":"","neve_meta_disable_title":"","_price":"","_stock":"","_tribe_ticket_header":"","_tribe_default_ticket_provider":"Tribe__Tickets_Plus__Commerce__WooCommerce__Main","_tribe_ticket_capacity":"46","_ticket_start_date":"","_ticket_end_date":"","_tribe_ticket_show_description":"","_tribe_ticket_show_not_going":false,"_tribe_ticket_use_global_stock":"1","_tribe_ticket_global_stock_level":"0","_global_stock_mode":"","_global_stock_cap":"","_tribe_rsvp_for_event":"","_tribe_ticket_going_count":"","_tribe_ticket_not_going_count":"","_tribe_tickets_list":"[{\"id\":7790,\"type\":\"default\",\"title\":\"Son of the Velvet Rat\",\"description\":\"\",\"capacityType\":\"capped\",\"price\":23,\"capacity\":43,\"available\":0,\"sharedCapacity\":43,\"sold\":4,\"shareSold\":4,\"isShared\":true,\"currencyDecimalPoint\":\",\",\"currencyNumberOfDecimals\":2,\"currencyPosition\":\"prefix\",\"currencySymbol\":\"$\",\"currencyThousandsSep\":\".\"},{\"id\":7791,\"type\":\"default\",\"title\":\"Son of the Velvet Rat \\u2013 Jugend bis 25 J.\",\"description\":\"\",\"capacityType\":\"capped\",\"price\":10,\"capacity\":43,\"available\":0,\"sharedCapacity\":43,\"sold\":0,\"shareSold\":0,\"isShared\":true,\"currencyDecimalPoint\":\",\",\"currencyNumberOfDecimals\":2,\"currencyPosition\":\"prefix\",\"currencySymbol\":\"$\",\"currencyThousandsSep\":\".\"},{\"id\":7792,\"type\":\"default\",\"title\":\"Son of the Velvet Rat \\u2013 Kinder bis 12 J.\",\"description\":\"\",\"capacityType\":\"capped\",\"price\":0,\"capacity\":43,\"available\":0,\"sharedCapacity\":43,\"sold\":0,\"shareSold\":0,\"isShared\":true,\"currencyDecimalPoint\":\",\",\"currencyNumberOfDecimals\":2,\"currencyPosition\":\"prefix\",\"currencySymbol\":\"$\",\"currencyThousandsSep\":\".\"},{\"id\":7793,\"type\":\"default\",\"title\":\"Son of the Velvet Rat mit KultCard\",\"description\":\"\",\"capacityType\":\"capped\",\"price\":18.4,\"capacity\":43,\"available\":0,\"sharedCapacity\":43,\"sold\":2,\"shareSold\":2,\"isShared\":true,\"currencyDecimalPoint\":\",\",\"currencyNumberOfDecimals\":2,\"currencyPosition\":\"prefix\",\"currencySymbol\":\"$\",\"currencyThousandsSep\":\".\"}]","_tribe_ticket_has_attendee_info_fields":false,"_EventAllDay":false,"_EventTimezone":"Europe\/Vienna","_EventStartDate":"2024-02-24 19:30:00","_EventEndDate":"2024-02-24 19:30:00","_EventStartDateUTC":"2024-02-24 18:30:00","_EventEndDateUTC":"2024-02-24 18:30:00","_EventShowMap":false,"_EventShowMapLink":false,"_EventURL":"","_EventCost":"23","_EventCostDescription":"","_EventCurrencySymbol":"\u20ac","_EventCurrencyCode":"EUR","_EventCurrencyPosition":"prefix","_EventDateTimeSeparator":" | ","_EventTimeRangeSeparator":" - ","_EventOrganizerID":[],"_EventVenueID":[3787],"_OrganizerEmail":"","_OrganizerPhone":"","_OrganizerWebsite":"","_VenueAddress":"","_VenueCity":"","_VenueCountry":"","_VenueProvince":"","_VenueState":"","_VenueZip":"","_VenuePhone":"","_VenueURL":"","_VenueStateProvince":"","_VenueLat":"","_VenueLng":"","_VenueShowMap":false,"_VenueShowMapLink":false,"_tribe_blocks_recurrence_rules":"","_tribe_blocks_recurrence_description":"","_tribe_blocks_recurrence_exclusions":"","_themeisle_gutenberg_block_has_review":false,"_tribe_events_status":"","_tribe_events_status_reason":"","_tribe_events_is_hybrid":"","_tribe_events_is_virtual":"","_tribe_events_virtual_video_source":"","_tribe_events_virtual_embed_video":"","_tribe_events_virtual_linked_button_text":"","_tribe_events_virtual_linked_button":"","_tribe_events_virtual_show_embed_at":"","_tribe_events_virtual_show_embed_to":[],"_tribe_events_virtual_show_on_event":"","_tribe_events_virtual_show_on_views":"","_tribe_events_virtual_url":"","footnotes":"","_tec_slr_enabled":"","_tec_slr_layout":""},"tags":[],"tribe_events_cat":[30],"class_list":["post-7785","tribe_events","type-tribe_events","status-publish","has-post-thumbnail","hentry","tribe_events_cat-musik","cat_musik"],"yoast_head":"<!-- This site is optimized with the Yoast SEO plugin v27.2 - https:\/\/yoast.com\/product\/yoast-seo-wordpress\/ -->\n<title>Son of the Velvet Rat &#187; Truckerhaus<\/title>\n<meta name=\"robots\" content=\"index, follow, max-snippet:-1, max-image-preview:large, max-video-preview:-1\" \/>\n<link rel=\"canonical\" href=\"https:\/\/www.truckerhaus.at\/buehne\/veranstaltung\/son-of-the-velvet-rat\/\" \/>\n<meta property=\"og:locale\" content=\"de_DE\" \/>\n<meta property=\"og:type\" content=\"article\" \/>\n<meta property=\"og:title\" content=\"Son of the Velvet Rat &#187; Truckerhaus\" \/>\n<meta property=\"og:url\" content=\"https:\/\/www.truckerhaus.at\/buehne\/veranstaltung\/son-of-the-velvet-rat\/\" \/>\n<meta property=\"og:site_name\" content=\"Truckerhaus\" \/>\n<meta property=\"article:publisher\" content=\"https:\/\/facebook.com\/truckerhaus\" \/>\n<meta property=\"article:modified_time\" content=\"2024-02-23T13:11:01+00:00\" \/>\n<meta property=\"og:image\" content=\"https:\/\/mldevnvjxtq7.i.optimole.com\/cb:d-tP.9d1\/w:auto\/h:auto\/q:mauto\/f:best\/https:\/\/www.truckerhaus.at\/buehne\/wp-content\/uploads\/2023\/07\/04A8877-2-Print-Fullsize.jpg\" \/>\n\t<meta property=\"og:image:width\" content=\"1920\" \/>\n\t<meta property=\"og:image:height\" content=\"1281\" \/>\n\t<meta property=\"og:image:type\" content=\"image\/jpeg\" \/>\n<meta name=\"twitter:card\" content=\"summary_large_image\" \/>\n<meta name=\"twitter:label1\" content=\"Gesch\u00e4tzte Lesezeit\" \/>\n\t<meta name=\"twitter:data1\" content=\"2\u00a0Minuten\" \/>\n<script type=\"application\/ld+json\" class=\"yoast-schema-graph\">{\"@context\":\"https:\/\/schema.org\",\"@graph\":[{\"@type\":\"WebPage\",\"@id\":\"https:\/\/www.truckerhaus.at\/buehne\/veranstaltung\/son-of-the-velvet-rat\/\",\"url\":\"https:\/\/www.truckerhaus.at\/buehne\/veranstaltung\/son-of-the-velvet-rat\/\",\"name\":\"Son of the Velvet Rat &#187; Truckerhaus\",\"isPartOf\":{\"@id\":\"https:\/\/www.truckerhaus.at\/buehne\/#website\"},\"primaryImageOfPage\":{\"@id\":\"https:\/\/www.truckerhaus.at\/buehne\/veranstaltung\/son-of-the-velvet-rat\/#primaryimage\"},\"image\":{\"@id\":\"https:\/\/www.truckerhaus.at\/buehne\/veranstaltung\/son-of-the-velvet-rat\/#primaryimage\"},\"thumbnailUrl\":\"https:\/\/mldevnvjxtq7.i.optimole.com\/cb:d-tP.9d1\/w:auto\/h:auto\/q:mauto\/f:best\/https:\/\/www.truckerhaus.at\/buehne\/wp-content\/uploads\/2023\/07\/04A8877-2-Print-Fullsize.jpg\",\"datePublished\":\"2023-07-27T12:53:25+00:00\",\"dateModified\":\"2024-02-23T13:11:01+00:00\",\"breadcrumb\":{\"@id\":\"https:\/\/www.truckerhaus.at\/buehne\/veranstaltung\/son-of-the-velvet-rat\/#breadcrumb\"},\"inLanguage\":\"de\",\"potentialAction\":[{\"@type\":\"ReadAction\",\"target\":[\"https:\/\/www.truckerhaus.at\/buehne\/veranstaltung\/son-of-the-velvet-rat\/\"]}]},{\"@type\":\"ImageObject\",\"inLanguage\":\"de\",\"@id\":\"https:\/\/www.truckerhaus.at\/buehne\/veranstaltung\/son-of-the-velvet-rat\/#primaryimage\",\"url\":\"https:\/\/mldevnvjxtq7.i.optimole.com\/cb:d-tP.9d1\/w:auto\/h:auto\/q:mauto\/f:best\/https:\/\/www.truckerhaus.at\/buehne\/wp-content\/uploads\/2023\/07\/04A8877-2-Print-Fullsize.jpg\",\"contentUrl\":\"https:\/\/mldevnvjxtq7.i.optimole.com\/cb:d-tP.9d1\/w:auto\/h:auto\/q:mauto\/f:best\/https:\/\/www.truckerhaus.at\/buehne\/wp-content\/uploads\/2023\/07\/04A8877-2-Print-Fullsize.jpg\",\"width\":1920,\"height\":1281},{\"@type\":\"BreadcrumbList\",\"@id\":\"https:\/\/www.truckerhaus.at\/buehne\/veranstaltung\/son-of-the-velvet-rat\/#breadcrumb\",\"itemListElement\":[{\"@type\":\"ListItem\",\"position\":1,\"name\":\"Startseite\",\"item\":\"https:\/\/www.truckerhaus.at\/buehne\/\"},{\"@type\":\"ListItem\",\"position\":2,\"name\":\"Veranstaltungen\",\"item\":\"https:\/\/www.truckerhaus.at\/buehne\/veranstaltungen\/\"},{\"@type\":\"ListItem\",\"position\":3,\"name\":\"Son of the Velvet Rat\"}]},{\"@type\":\"WebSite\",\"@id\":\"https:\/\/www.truckerhaus.at\/buehne\/#website\",\"url\":\"https:\/\/www.truckerhaus.at\/buehne\/\",\"name\":\"Truckerhaus\",\"description\":\"Klein[st]kunstb\u00fchne Gutenbrunn\",\"publisher\":{\"@id\":\"https:\/\/www.truckerhaus.at\/buehne\/#organization\"},\"potentialAction\":[{\"@type\":\"SearchAction\",\"target\":{\"@type\":\"EntryPoint\",\"urlTemplate\":\"https:\/\/www.truckerhaus.at\/buehne\/?s={search_term_string}\"},\"query-input\":{\"@type\":\"PropertyValueSpecification\",\"valueRequired\":true,\"valueName\":\"search_term_string\"}}],\"inLanguage\":\"de\"},{\"@type\":\"Organization\",\"@id\":\"https:\/\/www.truckerhaus.at\/buehne\/#organization\",\"name\":\"Kulturinitiative Weinsbergerwald\",\"url\":\"https:\/\/www.truckerhaus.at\/buehne\/\",\"logo\":{\"@type\":\"ImageObject\",\"inLanguage\":\"de\",\"@id\":\"https:\/\/www.truckerhaus.at\/buehne\/#\/schema\/logo\/image\/\",\"url\":\"https:\/\/mldevnvjxtq7.i.optimole.com\/cb:d-tP.9d1\/w:auto\/h:auto\/q:mauto\/f:best\/https:\/\/www.truckerhaus.at\/buehne\/wp-content\/uploads\/2017\/04\/Truckerhaus_LogoNL.png\",\"contentUrl\":\"https:\/\/mldevnvjxtq7.i.optimole.com\/cb:d-tP.9d1\/w:auto\/h:auto\/q:mauto\/f:best\/https:\/\/www.truckerhaus.at\/buehne\/wp-content\/uploads\/2017\/04\/Truckerhaus_LogoNL.png\",\"width\":1200,\"height\":182,\"caption\":\"Kulturinitiative Weinsbergerwald\"},\"image\":{\"@id\":\"https:\/\/www.truckerhaus.at\/buehne\/#\/schema\/logo\/image\/\"},\"sameAs\":[\"https:\/\/facebook.com\/truckerhaus\",\"https:\/\/instagram.com\/truckerhaus\"]}]}<\/script>\n<!-- \/ Yoast SEO plugin. -->","yoast_head_json":{"title":"Son of the Velvet Rat &#187; Truckerhaus","robots":{"index":"index","follow":"follow","max-snippet":"max-snippet:-1","max-image-preview":"max-image-preview:large","max-video-preview":"max-video-preview:-1"},"canonical":"https:\/\/www.truckerhaus.at\/buehne\/veranstaltung\/son-of-the-velvet-rat\/","og_locale":"de_DE","og_type":"article","og_title":"Son of the Velvet Rat &#187; Truckerhaus","og_url":"https:\/\/www.truckerhaus.at\/buehne\/veranstaltung\/son-of-the-velvet-rat\/","og_site_name":"Truckerhaus","article_publisher":"https:\/\/facebook.com\/truckerhaus","article_modified_time":"2024-02-23T13:11:01+00:00","og_image":[{"width":1920,"height":1281,"url":"https:\/\/mldevnvjxtq7.i.optimole.com\/cb:d-tP.9d1\/w:auto\/h:auto\/q:mauto\/f:best\/https:\/\/www.truckerhaus.at\/buehne\/wp-content\/uploads\/2023\/07\/04A8877-2-Print-Fullsize.jpg","type":"image\/jpeg"}],"twitter_card":"summary_large_image","twitter_misc":{"Gesch\u00e4tzte Lesezeit":"2\u00a0Minuten"},"schema":{"@context":"https:\/\/schema.org","@graph":[{"@type":"WebPage","@id":"https:\/\/www.truckerhaus.at\/buehne\/veranstaltung\/son-of-the-velvet-rat\/","url":"https:\/\/www.truckerhaus.at\/buehne\/veranstaltung\/son-of-the-velvet-rat\/","name":"Son of the Velvet Rat &#187; Truckerhaus","isPartOf":{"@id":"https:\/\/www.truckerhaus.at\/buehne\/#website"},"primaryImageOfPage":{"@id":"https:\/\/www.truckerhaus.at\/buehne\/veranstaltung\/son-of-the-velvet-rat\/#primaryimage"},"image":{"@id":"https:\/\/www.truckerhaus.at\/buehne\/veranstaltung\/son-of-the-velvet-rat\/#primaryimage"},"thumbnailUrl":"https:\/\/mldevnvjxtq7.i.optimole.com\/cb:d-tP.9d1\/w:auto\/h:auto\/q:mauto\/f:best\/https:\/\/www.truckerhaus.at\/buehne\/wp-content\/uploads\/2023\/07\/04A8877-2-Print-Fullsize.jpg","datePublished":"2023-07-27T12:53:25+00:00","dateModified":"2024-02-23T13:11:01+00:00","breadcrumb":{"@id":"https:\/\/www.truckerhaus.at\/buehne\/veranstaltung\/son-of-the-velvet-rat\/#breadcrumb"},"inLanguage":"de","potentialAction":[{"@type":"ReadAction","target":["https:\/\/www.truckerhaus.at\/buehne\/veranstaltung\/son-of-the-velvet-rat\/"]}]},{"@type":"ImageObject","inLanguage":"de","@id":"https:\/\/www.truckerhaus.at\/buehne\/veranstaltung\/son-of-the-velvet-rat\/#primaryimage","url":"https:\/\/mldevnvjxtq7.i.optimole.com\/cb:d-tP.9d1\/w:auto\/h:auto\/q:mauto\/f:best\/https:\/\/www.truckerhaus.at\/buehne\/wp-content\/uploads\/2023\/07\/04A8877-2-Print-Fullsize.jpg","contentUrl":"https:\/\/mldevnvjxtq7.i.optimole.com\/cb:d-tP.9d1\/w:auto\/h:auto\/q:mauto\/f:best\/https:\/\/www.truckerhaus.at\/buehne\/wp-content\/uploads\/2023\/07\/04A8877-2-Print-Fullsize.jpg","width":1920,"height":1281},{"@type":"BreadcrumbList","@id":"https:\/\/www.truckerhaus.at\/buehne\/veranstaltung\/son-of-the-velvet-rat\/#breadcrumb","itemListElement":[{"@type":"ListItem","position":1,"name":"Startseite","item":"https:\/\/www.truckerhaus.at\/buehne\/"},{"@type":"ListItem","position":2,"name":"Veranstaltungen","item":"https:\/\/www.truckerhaus.at\/buehne\/veranstaltungen\/"},{"@type":"ListItem","position":3,"name":"Son of the Velvet Rat"}]},{"@type":"WebSite","@id":"https:\/\/www.truckerhaus.at\/buehne\/#website","url":"https:\/\/www.truckerhaus.at\/buehne\/","name":"Truckerhaus","description":"Klein[st]kunstb\u00fchne Gutenbrunn","publisher":{"@id":"https:\/\/www.truckerhaus.at\/buehne\/#organization"},"potentialAction":[{"@type":"SearchAction","target":{"@type":"EntryPoint","urlTemplate":"https:\/\/www.truckerhaus.at\/buehne\/?s={search_term_string}"},"query-input":{"@type":"PropertyValueSpecification","valueRequired":true,"valueName":"search_term_string"}}],"inLanguage":"de"},{"@type":"Organization","@id":"https:\/\/www.truckerhaus.at\/buehne\/#organization","name":"Kulturinitiative Weinsbergerwald","url":"https:\/\/www.truckerhaus.at\/buehne\/","logo":{"@type":"ImageObject","inLanguage":"de","@id":"https:\/\/www.truckerhaus.at\/buehne\/#\/schema\/logo\/image\/","url":"https:\/\/mldevnvjxtq7.i.optimole.com\/cb:d-tP.9d1\/w:auto\/h:auto\/q:mauto\/f:best\/https:\/\/www.truckerhaus.at\/buehne\/wp-content\/uploads\/2017\/04\/Truckerhaus_LogoNL.png","contentUrl":"https:\/\/mldevnvjxtq7.i.optimole.com\/cb:d-tP.9d1\/w:auto\/h:auto\/q:mauto\/f:best\/https:\/\/www.truckerhaus.at\/buehne\/wp-content\/uploads\/2017\/04\/Truckerhaus_LogoNL.png","width":1200,"height":182,"caption":"Kulturinitiative Weinsbergerwald"},"image":{"@id":"https:\/\/www.truckerhaus.at\/buehne\/#\/schema\/logo\/image\/"},"sameAs":["https:\/\/facebook.com\/truckerhaus","https:\/\/instagram.com\/truckerhaus"]}]}},"ticketed":["woo"],"_links":{"self":[{"href":"https:\/\/www.truckerhaus.at\/buehne\/wp-json\/wp\/v2\/tribe_events\/7785","targetHints":{"allow":["GET"]}}],"collection":[{"href":"https:\/\/www.truckerhaus.at\/buehne\/wp-json\/wp\/v2\/tribe_events"}],"about":[{"href":"https:\/\/www.truckerhaus.at\/buehne\/wp-json\/wp\/v2\/types\/tribe_events"}],"author":[{"embeddable":true,"href":"https:\/\/www.truckerhaus.at\/buehne\/wp-json\/wp\/v2\/users\/3"}],"version-history":[{"count":0,"href":"https:\/\/www.truckerhaus.at\/buehne\/wp-json\/wp\/v2\/tribe_events\/7785\/revisions"}],"wp:featuredmedia":[{"embeddable":true,"href":"https:\/\/www.truckerhaus.at\/buehne\/wp-json\/wp\/v2\/media\/8437"}],"wp:attachment":[{"href":"https:\/\/www.truckerhaus.at\/buehne\/wp-json\/wp\/v2\/media?parent=7785"}],"wp:term":[{"taxonomy":"post_tag","embeddable":true,"href":"https:\/\/www.truckerhaus.at\/buehne\/wp-json\/wp\/v2\/tags?post=7785"},{"taxonomy":"tribe_events_cat","embeddable":true,"href":"https:\/\/www.truckerhaus.at\/buehne\/wp-json\/wp\/v2\/tribe_events_cat?post=7785"}],"curies":[{"name":"wp","href":"https:\/\/api.w.org\/{rel}","templated":true}]}}