{"id":10679,"date":"2025-06-16T15:35:58","date_gmt":"2025-06-16T13:35:58","guid":{"rendered":"https:\/\/www.truckerhaus.at\/buehne\/?post_type=tribe_events&#038;p=10679"},"modified":"2025-06-17T19:20:51","modified_gmt":"2025-06-17T17:20:51","slug":"music-in-the-woods-2025","status":"publish","type":"tribe_events","link":"https:\/\/www.truckerhaus.at\/buehne\/veranstaltung\/music-in-the-woods-2025\/","title":{"rendered":"Music in the Woods&nbsp;2025"},"content":{"rendered":"\n<div class=\"wp-block-group event-titelzeile\"><div class=\"wp-block-group__inner-container is-layout-constrained wp-block-group-is-layout-constrained\">\n<div id=\"wp-block-themeisle-blocks-advanced-columns-09db31bb\" class=\"wp-block-themeisle-blocks-advanced-columns has-2-columns has-desktop-equal-layout has-tablet-collapsedRows-layout has-mobile-collapsedRows-layout has-vertical-unset event-titelteil\"><div class=\"wp-block-themeisle-blocks-advanced-columns-overlay\"><\/div><div class=\"innerblocks-wrap\">\n<div id=\"wp-block-themeisle-blocks-advanced-column-502381e8\" class=\"wp-block-themeisle-blocks-advanced-column\"><h1 class=\"wp-block-post-title\">Music in the Woods&nbsp;2025<\/h1>\n\n<div class=\"tribe-events-schedule tribe-clearfix\">\n\t<p class=\"tribe-events-schedule__datetime\">\n\t\t<span class=\"tribe-events-schedule__date tribe-events-schedule__date--start\"> Mi., 17. Sep. \u201925 <\/span>\n\n\t\t\n\t\t\t\t\t\t\t\t\t<span class=\"tribe-events-schedule__separator tribe-events-schedule__separator--time\"> \u2013 <\/span>\n\t\t\t\n\t\t\t\t\t\t\t<span class=\"tribe-events-schedule__date tribe-events-schedule__date--end\"> So., 21. Sep. \u201925 <\/span>\n\n\t\t\t\t\n\t\t\t\n\t\t\t\t\t\t<\/p>\n<\/div>\n<\/div>\n\n\n\n<div id=\"wp-block-themeisle-blocks-advanced-column-0fe5524e\" class=\"wp-block-themeisle-blocks-advanced-column\"><div class=\"tribe-events-event-image\"><img data-opt-id=976836630  fetchpriority=\"high\" decoding=\"async\" width=\"1024\" height=\"768\" src=\"https:\/\/mldevnvjxtq7.i.optimole.com\/cb:d-tP.9d1\/w:auto\/h:auto\/q:mauto\/f:best\/https:\/\/www.truckerhaus.at\/buehne\/wp-content\/uploads\/2025\/06\/9ed245c5-a74c-44f9-b5fb-d1aab5098bec.jpg\" class=\"attachment-full size-full wp-post-image\" alt srcset=\"https:\/\/mldevnvjxtq7.i.optimole.com\/cb:d-tP.9d1\/w:1024\/h:768\/q:mauto\/f:best\/https:\/\/www.truckerhaus.at\/buehne\/wp-content\/uploads\/2025\/06\/9ed245c5-a74c-44f9-b5fb-d1aab5098bec.jpg 1024w, https:\/\/mldevnvjxtq7.i.optimole.com\/cb:d-tP.9d1\/w:300\/h:225\/q:mauto\/f:best\/https:\/\/www.truckerhaus.at\/buehne\/wp-content\/uploads\/2025\/06\/9ed245c5-a74c-44f9-b5fb-d1aab5098bec.jpg 300w, https:\/\/mldevnvjxtq7.i.optimole.com\/cb:d-tP.9d1\/w:768\/h:576\/q:mauto\/f:best\/https:\/\/www.truckerhaus.at\/buehne\/wp-content\/uploads\/2025\/06\/9ed245c5-a74c-44f9-b5fb-d1aab5098bec.jpg 768w, https:\/\/mldevnvjxtq7.i.optimole.com\/cb:d-tP.9d1\/w:1000\/h:750\/q:mauto\/f:best\/https:\/\/www.truckerhaus.at\/buehne\/wp-content\/uploads\/2025\/06\/9ed245c5-a74c-44f9-b5fb-d1aab5098bec.jpg 1000w, https:\/\/mldevnvjxtq7.i.optimole.com\/cb:d-tP.9d1\/w:1024\/h:768\/q:mauto\/f:best\/dpr:2\/https:\/\/www.truckerhaus.at\/buehne\/wp-content\/uploads\/2025\/06\/9ed245c5-a74c-44f9-b5fb-d1aab5098bec.jpg 2x\" sizes=\"(max-width: 1024px) 100vw, 1024px\"><\/div><\/div>\n<\/div><\/div>\n<\/div><\/div>\n\n\n\n<div class=\"wp-block-group event-contentzeile\"><div class=\"wp-block-group__inner-container is-layout-constrained wp-block-group-is-layout-constrained\">\n<div id=\"wp-block-themeisle-blocks-advanced-columns-3a329383\" class=\"wp-block-themeisle-blocks-advanced-columns has-2-columns has-desktop-equal-layout has-tablet-collapsedRows-layout has-mobile-collapsedRows-layout has-reverse-columns-tablet has-reverse-columns-mobile has-vertical-unset event-contentteil\"><div class=\"wp-block-themeisle-blocks-advanced-columns-overlay\"><\/div><div class=\"innerblocks-wrap\">\n<div id=\"wp-block-themeisle-blocks-advanced-column-6a6095f8\" class=\"wp-block-themeisle-blocks-advanced-column\"><\/div>\n\n\n\n<div id=\"wp-block-themeisle-blocks-advanced-column-72f2b120\" class=\"wp-block-themeisle-blocks-advanced-column\">\n<p>Die zwei\u00adte Ausgabe der F\u00f6rderinitiative von JAM MUSIC LAB Privatuniversit\u00e4t, AKM und dem Veranstalterverband \u00d6sterreich Music in the Woods \u2013 \u00d6sterreichs inno\u00adva\u00adti\u00adver Talentschmiede f\u00fcr Medienmusik \u2013 fin\u00addet von 17. bis 21. September 2025&nbsp;in Gutenbrunn (Waldviertel) statt.<\/p>\n\n\n\n<p><strong>Zielgruppe:<br><\/strong>Nachwuchstalente aus den Bereichen Songwriting, Music Production, Film Scoring und Game Audio. Teilnahmeberechtigt sind Personen mit Wohnsitz in \u00d6sterreich \u2013 ohne Altersbeschr\u00e4nkung (Minderj\u00e4hrige nur mit Begleitung). Sie erhal\u00adten f\u00fcnf Tage lang ein viel\u00adsei\u00adti\u00adges Workshop-Programm mit Gr\u00f6\u00dfen der Medienmusik-Branche, unter ande\u00adrem Michael Klimas (S\u00e4nger S\u00f6hne Mannheims), Georg Luksch (Grammy Winner), Paenda (Produzentin und Songrwiterin) und vie\u00adle mehr. Dazu gibt es auch ein Q&amp;A mit den ehe\u00adma\u00adli\u00adgen Music in the Woods Teilnehmer:innen Abor&amp;Tynna, die in die\u00adsem Jahr mit ihrem Song \u201eBaller\u201c Deutschland beim Eurovision Songcontest ver\u00adtre\u00adten&nbsp;haben.<\/p>\n\n\n\n<p><strong>Was gebo\u00adten wird:<br><\/strong>30 Vollstipendien, die Workshops, Verpflegung und Unterkunft (Doppelzimmer, Vollpension) und An- und Abreise von Wien mit Shuttlebus.<\/p>\n\n\n\n<p>Bewerbung bis 25. August 2025 per E\u2011Mail an<\/p>\n\n\n\n<p><a href=\"javascript:secureDecryptAndNavigate('12i0bA00MdFjvwiOt2uCJd3SiQ\/DeeMGc5MJbD+dX4H\/MSQ4eBMPvvXfIvkmsacAdm\/UExh1CY1VEJY4tjHFE0lAbrDiipUWHN\/J25JgsAA2AIratpg=', '5591c4c2786501ec02f6f328828b6ffd7f359e95e59d9cbf71d9952c831958c8')\">musicinthewoods@\u200bjammusiclab.\u200bcom<\/a><\/p>\n\n\n\n<p>Erforderliche Unterlagen:<\/p>\n\n\n\n<ul class=\"wp-block-list\">\n<li>K\u00fcnstlerischer Lebenslauf<\/li>\n\n\n\n<li>Motivationsschreiben<\/li>\n\n\n\n<li>Projektmaterial (Audio-\/Videodateien, ggf. Partituren oder Werkbeschreibung)<\/li>\n<\/ul>\n\n\n\n<p>Mehr Infos unter: <a href=\"https:\/\/www.jammusiclab.com\/de\/news\/music-woods-2025-oesterreichs-innovative-talentschmiede-fuer-medienmusik\">https:\/\/\u200bwww\u200b.jam\u200bmu\u200bsic\u200blab\u200b.com\/\u200bd\u200be\u200b\/\u200bn\u200be\u200bw\u200bs\u200b\/\u200bm\u200bu\u200bs\u200bi\u200bc\u200b-\u200bw\u200bo\u200bo\u200bd\u200bs\u200b-\u200b2\u200b0\u200b2\u200b5\u200b-\u200bo\u200be\u200bs\u200bt\u200be\u200br\u200br\u200be\u200bi\u200bc\u200bh\u200bs\u200b-\u200bi\u200bn\u200bn\u200bo\u200bv\u200ba\u200bt\u200bi\u200bv\u200be\u200b-\u200bt\u200ba\u200bl\u200be\u200bn\u200bt\u200bs\u200bc\u200bh\u200bm\u200bi\u200be\u200bd\u200be\u200b-\u200bf\u200bu\u200be\u200br\u200b-\u200bm\u200be\u200bd\u200bi\u200be\u200bn\u200bm\u200bu\u200bsik<\/a><\/p>\n<\/div>\n<\/div><\/div>\n<\/div><\/div>\n\n\n\n<div id=\"tribe-tickets\" class=\"wp-block-group event-saleszeile\"><div class=\"wp-block-group__inner-container is-layout-constrained wp-block-group-is-layout-constrained\">\n<div id=\"tribe-tickets\" class=\"wp-block-themeisle-blocks-advanced-columns has-2-columns has-desktop-equal-layout has-tablet-equal-layout has-mobile-collapsedRows-layout has-vertical-unset event-ticketteil\"><div class=\"wp-block-themeisle-blocks-advanced-columns-overlay\"><\/div><div class=\"innerblocks-wrap\">\n<div id=\"wp-block-themeisle-blocks-advanced-column-f6f2d76d\" class=\"wp-block-themeisle-blocks-advanced-column\">\t<div class=\"tribe-block tribe-block__events-link\">\n\t\t<div class=\"tribe-events tribe-common\">\n\t\t\t<div class=\"tribe-events-c-subscribe-dropdown__container\">\n\t\t\t\t<div class=\"tribe-events-c-subscribe-dropdown\">\n\t\t\t\t\t<div class=\"tribe-common-c-btn-border tribe-events-c-subscribe-dropdown__button\">\n\t\t\t\t\t\t<svg class=\"tribe-common-c-svgicon tribe-common-c-svgicon--cal-export tribe-events-c-subscribe-dropdown__export-icon\" aria-hidden=\"true\" viewBox=\"0 0 23 17\">\n\t<path fill-rule=\"evenodd\" clip-rule=\"evenodd\" d=\"M.128.896V16.13c0 .211.145.383.323.383h15.354c.179 0 .323-.172.323-.383V.896c0-.212-.144-.383-.323-.383H.451C.273.513.128.684.128.896Zm16 6.742h-.901V4.679H1.009v10.729h14.218v-3.336h.901V7.638ZM1.01 1.614h14.218v2.058H1.009V1.614Z\" \/>\n\t<path d=\"M20.5 9.846H8.312M18.524 6.953l2.89 2.909-2.855 2.855\" stroke-width=\"1.2\" stroke-linecap=\"round\" stroke-linejoin=\"round\" \/>\n<\/svg>\n\t\t\t\t\t\t<button class=\"tribe-events-c-subscribe-dropdown__button-text\" aria-expanded=\"false\" aria-controls=\"tribe-events-subscribe-dropdown-content\" aria-label=\"Zeigen Sie Links an um Veranstaltungen zu Ihrem Kalender hinzuzuf\u00fcgen\">\n\t\t\t\t\t\t\tZum Kalender hinzuf\u00fcgen\t\t\t\t\t\t<\/button>\n\t\t\t\t\t\t<svg class=\"tribe-common-c-svgicon tribe-common-c-svgicon--caret-down tribe-events-c-subscribe-dropdown__button-icon\" aria-hidden=\"true\" viewBox=\"0 0 10 7\">\n\t<path fill-rule=\"evenodd\" clip-rule=\"evenodd\" d=\"M1.008.609L5 4.6 8.992.61l.958.958L5 6.517.05 1.566l.958-.958z\" class=\"tribe-common-c-svgicon__svg-fill\" \/>\n<\/svg>\n\t\t\t\t\t<\/div>\n\t\t\t\t\t<div id=\"tribe-events-subscribe-dropdown-content\" class=\"tribe-events-c-subscribe-dropdown__content\">\n\t\t\t\t\t\t<ul class=\"tribe-events-c-subscribe-dropdown__list\">\n\t\t\t\t\t\t\t\t\t\t\t\t\t\t\t<li class=\"tribe-events-c-subscribe-dropdown__list-item tribe-events-c-subscribe-dropdown__list-item--gcal\">\n\t\t\t\t\t\t\t\t\t<a href=\"https:\/\/www.google.com\/calendar\/event?action=TEMPLATE&amp;dates=20250917T000000\/20250921T235959&amp;text=Music%20in%20the%20Woods%26nbsp%3B2025&amp;details=%3Cdiv+class%3D%22wp-block-group+event-titelzeile%22%3E%3Cdiv+id%3D%22wp-block-themeisle-blocks-advanced-columns-09db31bb%22+class%3D%22wp-block-themeisle-blocks-advanced-columns+has-2-columns+has-desktop-equal-layout+has-tablet-collapsedRows-layout+has-mobile-collapsedRows-layout+has-vertical-unset+event-titelteil%22%3E%3Cdiv+class%3D%22wp-block-themeisle-blocks-advanced-columns-overlay%22%3E%3C%2Fdiv%3E%3Cdiv+class%3D%22innerblocks-wrap%22%3E%3Cdiv+id%3D%22wp-block-themeisle-blocks-advanced-column-502381e8%22+class%3D%22wp-block-themeisle-blocks-advanced-column%22%3E%3C%2Fdiv%3E%3Cdiv+id%3D%22wp-block-themeisle-blocks-advanced-column-0fe5524e%22+class%3D%22wp-block-themeisle-blocks-advanced-column%22%3E%3C%2Fdiv%3E%3C%2Fdiv%3E%3C%2Fdiv%3E%3C%2Fdiv%3E%3Cdiv+class%3D%22wp-block-group+event-contentzeile%22%3E%3Cdiv+id%3D%22wp-block-themeisle-blocks-advanced-columns-3a329383%22+class%3D%22wp-block-themeisle-blocks-advanced-columns+has-2-columns+has-desktop-equal-layout+has-tablet-collapsedRows-layout+has-mobile-collapsedRows-layout+has-reverse-columns-tablet+has-reverse-columns-mobile+has-vertical-uns%3C%2Fdiv%3E+%28Zeige+vollst%C3%A4ndige+Veranstaltung-Beschreibung+hier+an%3A+https%3A%2F%2Fwww.truckerhaus.at%2Fbuehne%2Fveranstaltung%2Fmusic-in-the-woods-2025%2F%29&amp;trp=false&amp;ctz=Europe\/Vienna&amp;sprop=website:https:\/\/www.truckerhaus.at\/buehne\" class=\"tribe-events-c-subscribe-dropdown__list-item-link\" target=\"_blank\" rel=\"noopener noreferrer nofollow noindex\"> Google Kalender&nbsp;<\/a>\n\t\t\t\t\t\t\t\t<\/li>\n\t\t\t\t\t\t\t\t\t\t\t\t\t\t\t<li class=\"tribe-events-c-subscribe-dropdown__list-item tribe-events-c-subscribe-dropdown__list-item--ical\">\n\t\t\t\t\t\t\t\t\t<a href class=\"tribe-events-c-subscribe-dropdown__list-item-link\" target=\"_blank\" rel=\"noopener noreferrer nofollow noindex\"> iCalendar&nbsp;<\/a>\n\t\t\t\t\t\t\t\t<\/li>\n\t\t\t\t\t\t\t\t\t\t\t\t\t\t\t<li class=\"tribe-events-c-subscribe-dropdown__list-item tribe-events-c-subscribe-dropdown__list-item--outlook-365\">\n\t\t\t\t\t\t\t\t\t<a href class=\"tribe-events-c-subscribe-dropdown__list-item-link\" target=\"_blank\" rel=\"noopener noreferrer nofollow noindex\"> Outlook 365&nbsp;<\/a>\n\t\t\t\t\t\t\t\t<\/li>\n\t\t\t\t\t\t\t\t\t\t\t\t\t\t\t<li class=\"tribe-events-c-subscribe-dropdown__list-item tribe-events-c-subscribe-dropdown__list-item--outlook-live\">\n\t\t\t\t\t\t\t\t\t<a href class=\"tribe-events-c-subscribe-dropdown__list-item-link\" target=\"_blank\" rel=\"noopener noreferrer nofollow noindex\"> Outlook Live&nbsp;<\/a>\n\t\t\t\t\t\t\t\t<\/li>\n\t\t\t\t\t\t\t\t\t\t\t\t\t<\/ul>\n\t\t\t\t\t<\/div>\n\t\t\t\t<\/div>\n\t\t\t<\/div>\n\t\t<\/div>\n\t<\/div>\n\n<\/div>\n\n\n\n<div id=\"wp-block-themeisle-blocks-advanced-column-9d0e1dfe\" class=\"wp-block-themeisle-blocks-advanced-column\"><\/div>\n<\/div><\/div>\n<\/div><\/div>\n","protected":false},"excerpt":{"rendered":"","protected":false},"author":3,"featured_media":10680,"template":"","meta":{"_tec_requires_first_save":false,"wp_typography_post_enhancements_disabled":false,"neve_meta_sidebar":"","neve_meta_container":"","neve_meta_enable_content_width":"","neve_meta_content_width":0,"neve_meta_title_alignment":"","neve_meta_author_avatar":"","neve_post_elements_order":"","neve_meta_disable_header":"","neve_meta_disable_footer":"","neve_meta_disable_title":"","_price":"","_stock":"","_tribe_ticket_header":"","_tribe_default_ticket_provider":"","_tribe_ticket_capacity":"0","_ticket_start_date":"","_ticket_end_date":"","_tribe_ticket_show_description":"","_tribe_ticket_show_not_going":false,"_tribe_ticket_use_global_stock":"","_tribe_ticket_global_stock_level":"","_global_stock_mode":"","_global_stock_cap":"","_tribe_rsvp_for_event":"","_tribe_ticket_going_count":"","_tribe_ticket_not_going_count":"","_tribe_tickets_list":"[]","_tribe_ticket_has_attendee_info_fields":false,"_EventAllDay":true,"_EventTimezone":"Europe\/Vienna","_EventStartDate":"2025-09-17 00:00:00","_EventEndDate":"2025-09-21 23:59:59","_EventStartDateUTC":"2025-09-16 22:00:00","_EventEndDateUTC":"2025-09-21 21:59:59","_EventShowMap":false,"_EventShowMapLink":false,"_EventURL":"","_EventCost":"23","_EventCostDescription":"","_EventCurrencySymbol":"\u20ac","_EventCurrencyCode":"EUR","_EventCurrencyPosition":"prefix","_EventDateTimeSeparator":" | ","_EventTimeRangeSeparator":" - ","_EventOrganizerID":[],"_EventVenueID":[0,0],"_OrganizerEmail":"","_OrganizerPhone":"","_OrganizerWebsite":"","_VenueAddress":"","_VenueCity":"","_VenueCountry":"","_VenueProvince":"","_VenueState":"","_VenueZip":"","_VenuePhone":"","_VenueURL":"","_VenueStateProvince":"","_VenueLat":"","_VenueLng":"","_VenueShowMap":false,"_VenueShowMapLink":false,"_tribe_blocks_recurrence_rules":"","_tribe_blocks_recurrence_description":"","_tribe_blocks_recurrence_exclusions":"","_themeisle_gutenberg_block_has_review":false,"_tribe_events_status":"","_tribe_events_status_reason":"","_tribe_events_is_hybrid":"","_tribe_events_is_virtual":"","_tribe_events_virtual_video_source":"","_tribe_events_virtual_embed_video":"","_tribe_events_virtual_linked_button_text":"","_tribe_events_virtual_linked_button":"","_tribe_events_virtual_show_embed_at":"","_tribe_events_virtual_show_embed_to":[],"_tribe_events_virtual_show_on_event":"","_tribe_events_virtual_show_on_views":"","_tribe_events_virtual_url":"","footnotes":"","_tec_slr_enabled":"","_tec_slr_layout":""},"tags":[],"tribe_events_cat":[143],"class_list":["post-10679","tribe_events","type-tribe_events","status-publish","has-post-thumbnail","hentry","tribe_events_cat-medienmusik-workshops","cat_medienmusik-workshops"],"yoast_head":"<!-- This site is optimized with the Yoast SEO plugin v27.2 - https:\/\/yoast.com\/product\/yoast-seo-wordpress\/ -->\n<title>Music in the Woods 2025 &#187; Truckerhaus<\/title>\n<meta name=\"robots\" content=\"index, follow, max-snippet:-1, max-image-preview:large, max-video-preview:-1\" \/>\n<link rel=\"canonical\" href=\"https:\/\/www.truckerhaus.at\/buehne\/veranstaltung\/music-in-the-woods-2025\/\" \/>\n<meta property=\"og:locale\" content=\"de_DE\" \/>\n<meta property=\"og:type\" content=\"article\" \/>\n<meta property=\"og:title\" content=\"Music in the Woods 2025 &#187; Truckerhaus\" \/>\n<meta property=\"og:url\" content=\"https:\/\/www.truckerhaus.at\/buehne\/veranstaltung\/music-in-the-woods-2025\/\" \/>\n<meta property=\"og:site_name\" content=\"Truckerhaus\" \/>\n<meta property=\"article:publisher\" content=\"https:\/\/facebook.com\/truckerhaus\" \/>\n<meta property=\"article:modified_time\" content=\"2025-06-17T17:20:51+00:00\" \/>\n<meta property=\"og:image\" content=\"https:\/\/mldevnvjxtq7.i.optimole.com\/cb:d-tP.9d1\/w:auto\/h:auto\/q:mauto\/f:best\/https:\/\/www.truckerhaus.at\/buehne\/wp-content\/uploads\/2025\/06\/9ed245c5-a74c-44f9-b5fb-d1aab5098bec.jpg\" \/>\n\t<meta property=\"og:image:width\" content=\"1024\" \/>\n\t<meta property=\"og:image:height\" content=\"768\" \/>\n\t<meta property=\"og:image:type\" content=\"image\/jpeg\" \/>\n<meta name=\"twitter:card\" content=\"summary_large_image\" \/>\n<meta name=\"twitter:label1\" content=\"Gesch\u00e4tzte Lesezeit\" \/>\n\t<meta name=\"twitter:data1\" content=\"2\u00a0Minuten\" \/>\n<script type=\"application\/ld+json\" class=\"yoast-schema-graph\">{\"@context\":\"https:\/\/schema.org\",\"@graph\":[{\"@type\":\"WebPage\",\"@id\":\"https:\/\/www.truckerhaus.at\/buehne\/veranstaltung\/music-in-the-woods-2025\/\",\"url\":\"https:\/\/www.truckerhaus.at\/buehne\/veranstaltung\/music-in-the-woods-2025\/\",\"name\":\"Music in the Woods 2025 &#187; Truckerhaus\",\"isPartOf\":{\"@id\":\"https:\/\/www.truckerhaus.at\/buehne\/#website\"},\"primaryImageOfPage\":{\"@id\":\"https:\/\/www.truckerhaus.at\/buehne\/veranstaltung\/music-in-the-woods-2025\/#primaryimage\"},\"image\":{\"@id\":\"https:\/\/www.truckerhaus.at\/buehne\/veranstaltung\/music-in-the-woods-2025\/#primaryimage\"},\"thumbnailUrl\":\"https:\/\/mldevnvjxtq7.i.optimole.com\/cb:d-tP.9d1\/w:auto\/h:auto\/q:mauto\/f:best\/https:\/\/www.truckerhaus.at\/buehne\/wp-content\/uploads\/2025\/06\/9ed245c5-a74c-44f9-b5fb-d1aab5098bec.jpg\",\"datePublished\":\"2025-06-16T13:35:58+00:00\",\"dateModified\":\"2025-06-17T17:20:51+00:00\",\"breadcrumb\":{\"@id\":\"https:\/\/www.truckerhaus.at\/buehne\/veranstaltung\/music-in-the-woods-2025\/#breadcrumb\"},\"inLanguage\":\"de\",\"potentialAction\":[{\"@type\":\"ReadAction\",\"target\":[\"https:\/\/www.truckerhaus.at\/buehne\/veranstaltung\/music-in-the-woods-2025\/\"]}]},{\"@type\":\"ImageObject\",\"inLanguage\":\"de\",\"@id\":\"https:\/\/www.truckerhaus.at\/buehne\/veranstaltung\/music-in-the-woods-2025\/#primaryimage\",\"url\":\"https:\/\/mldevnvjxtq7.i.optimole.com\/cb:d-tP.9d1\/w:auto\/h:auto\/q:mauto\/f:best\/https:\/\/www.truckerhaus.at\/buehne\/wp-content\/uploads\/2025\/06\/9ed245c5-a74c-44f9-b5fb-d1aab5098bec.jpg\",\"contentUrl\":\"https:\/\/mldevnvjxtq7.i.optimole.com\/cb:d-tP.9d1\/w:auto\/h:auto\/q:mauto\/f:best\/https:\/\/www.truckerhaus.at\/buehne\/wp-content\/uploads\/2025\/06\/9ed245c5-a74c-44f9-b5fb-d1aab5098bec.jpg\",\"width\":1024,\"height\":768},{\"@type\":\"BreadcrumbList\",\"@id\":\"https:\/\/www.truckerhaus.at\/buehne\/veranstaltung\/music-in-the-woods-2025\/#breadcrumb\",\"itemListElement\":[{\"@type\":\"ListItem\",\"position\":1,\"name\":\"Startseite\",\"item\":\"https:\/\/www.truckerhaus.at\/buehne\/\"},{\"@type\":\"ListItem\",\"position\":2,\"name\":\"Veranstaltungen\",\"item\":\"https:\/\/www.truckerhaus.at\/buehne\/veranstaltungen\/\"},{\"@type\":\"ListItem\",\"position\":3,\"name\":\"Music in the Woods 2025\"}]},{\"@type\":\"WebSite\",\"@id\":\"https:\/\/www.truckerhaus.at\/buehne\/#website\",\"url\":\"https:\/\/www.truckerhaus.at\/buehne\/\",\"name\":\"Truckerhaus\",\"description\":\"Klein[st]kunstb\u00fchne Gutenbrunn\",\"publisher\":{\"@id\":\"https:\/\/www.truckerhaus.at\/buehne\/#organization\"},\"potentialAction\":[{\"@type\":\"SearchAction\",\"target\":{\"@type\":\"EntryPoint\",\"urlTemplate\":\"https:\/\/www.truckerhaus.at\/buehne\/?s={search_term_string}\"},\"query-input\":{\"@type\":\"PropertyValueSpecification\",\"valueRequired\":true,\"valueName\":\"search_term_string\"}}],\"inLanguage\":\"de\"},{\"@type\":\"Organization\",\"@id\":\"https:\/\/www.truckerhaus.at\/buehne\/#organization\",\"name\":\"Kulturinitiative Weinsbergerwald\",\"url\":\"https:\/\/www.truckerhaus.at\/buehne\/\",\"logo\":{\"@type\":\"ImageObject\",\"inLanguage\":\"de\",\"@id\":\"https:\/\/www.truckerhaus.at\/buehne\/#\/schema\/logo\/image\/\",\"url\":\"https:\/\/mldevnvjxtq7.i.optimole.com\/cb:d-tP.9d1\/w:auto\/h:auto\/q:mauto\/f:best\/https:\/\/www.truckerhaus.at\/buehne\/wp-content\/uploads\/2017\/04\/Truckerhaus_LogoNL.png\",\"contentUrl\":\"https:\/\/mldevnvjxtq7.i.optimole.com\/cb:d-tP.9d1\/w:auto\/h:auto\/q:mauto\/f:best\/https:\/\/www.truckerhaus.at\/buehne\/wp-content\/uploads\/2017\/04\/Truckerhaus_LogoNL.png\",\"width\":1200,\"height\":182,\"caption\":\"Kulturinitiative Weinsbergerwald\"},\"image\":{\"@id\":\"https:\/\/www.truckerhaus.at\/buehne\/#\/schema\/logo\/image\/\"},\"sameAs\":[\"https:\/\/facebook.com\/truckerhaus\",\"https:\/\/instagram.com\/truckerhaus\"]}]}<\/script>\n<!-- \/ Yoast SEO plugin. -->","yoast_head_json":{"title":"Music in the Woods 2025 &#187; Truckerhaus","robots":{"index":"index","follow":"follow","max-snippet":"max-snippet:-1","max-image-preview":"max-image-preview:large","max-video-preview":"max-video-preview:-1"},"canonical":"https:\/\/www.truckerhaus.at\/buehne\/veranstaltung\/music-in-the-woods-2025\/","og_locale":"de_DE","og_type":"article","og_title":"Music in the Woods 2025 &#187; Truckerhaus","og_url":"https:\/\/www.truckerhaus.at\/buehne\/veranstaltung\/music-in-the-woods-2025\/","og_site_name":"Truckerhaus","article_publisher":"https:\/\/facebook.com\/truckerhaus","article_modified_time":"2025-06-17T17:20:51+00:00","og_image":[{"width":1024,"height":768,"url":"https:\/\/mldevnvjxtq7.i.optimole.com\/cb:d-tP.9d1\/w:auto\/h:auto\/q:mauto\/f:best\/https:\/\/www.truckerhaus.at\/buehne\/wp-content\/uploads\/2025\/06\/9ed245c5-a74c-44f9-b5fb-d1aab5098bec.jpg","type":"image\/jpeg"}],"twitter_card":"summary_large_image","twitter_misc":{"Gesch\u00e4tzte Lesezeit":"2\u00a0Minuten"},"schema":{"@context":"https:\/\/schema.org","@graph":[{"@type":"WebPage","@id":"https:\/\/www.truckerhaus.at\/buehne\/veranstaltung\/music-in-the-woods-2025\/","url":"https:\/\/www.truckerhaus.at\/buehne\/veranstaltung\/music-in-the-woods-2025\/","name":"Music in the Woods 2025 &#187; Truckerhaus","isPartOf":{"@id":"https:\/\/www.truckerhaus.at\/buehne\/#website"},"primaryImageOfPage":{"@id":"https:\/\/www.truckerhaus.at\/buehne\/veranstaltung\/music-in-the-woods-2025\/#primaryimage"},"image":{"@id":"https:\/\/www.truckerhaus.at\/buehne\/veranstaltung\/music-in-the-woods-2025\/#primaryimage"},"thumbnailUrl":"https:\/\/mldevnvjxtq7.i.optimole.com\/cb:d-tP.9d1\/w:auto\/h:auto\/q:mauto\/f:best\/https:\/\/www.truckerhaus.at\/buehne\/wp-content\/uploads\/2025\/06\/9ed245c5-a74c-44f9-b5fb-d1aab5098bec.jpg","datePublished":"2025-06-16T13:35:58+00:00","dateModified":"2025-06-17T17:20:51+00:00","breadcrumb":{"@id":"https:\/\/www.truckerhaus.at\/buehne\/veranstaltung\/music-in-the-woods-2025\/#breadcrumb"},"inLanguage":"de","potentialAction":[{"@type":"ReadAction","target":["https:\/\/www.truckerhaus.at\/buehne\/veranstaltung\/music-in-the-woods-2025\/"]}]},{"@type":"ImageObject","inLanguage":"de","@id":"https:\/\/www.truckerhaus.at\/buehne\/veranstaltung\/music-in-the-woods-2025\/#primaryimage","url":"https:\/\/mldevnvjxtq7.i.optimole.com\/cb:d-tP.9d1\/w:auto\/h:auto\/q:mauto\/f:best\/https:\/\/www.truckerhaus.at\/buehne\/wp-content\/uploads\/2025\/06\/9ed245c5-a74c-44f9-b5fb-d1aab5098bec.jpg","contentUrl":"https:\/\/mldevnvjxtq7.i.optimole.com\/cb:d-tP.9d1\/w:auto\/h:auto\/q:mauto\/f:best\/https:\/\/www.truckerhaus.at\/buehne\/wp-content\/uploads\/2025\/06\/9ed245c5-a74c-44f9-b5fb-d1aab5098bec.jpg","width":1024,"height":768},{"@type":"BreadcrumbList","@id":"https:\/\/www.truckerhaus.at\/buehne\/veranstaltung\/music-in-the-woods-2025\/#breadcrumb","itemListElement":[{"@type":"ListItem","position":1,"name":"Startseite","item":"https:\/\/www.truckerhaus.at\/buehne\/"},{"@type":"ListItem","position":2,"name":"Veranstaltungen","item":"https:\/\/www.truckerhaus.at\/buehne\/veranstaltungen\/"},{"@type":"ListItem","position":3,"name":"Music in the Woods 2025"}]},{"@type":"WebSite","@id":"https:\/\/www.truckerhaus.at\/buehne\/#website","url":"https:\/\/www.truckerhaus.at\/buehne\/","name":"Truckerhaus","description":"Klein[st]kunstb\u00fchne Gutenbrunn","publisher":{"@id":"https:\/\/www.truckerhaus.at\/buehne\/#organization"},"potentialAction":[{"@type":"SearchAction","target":{"@type":"EntryPoint","urlTemplate":"https:\/\/www.truckerhaus.at\/buehne\/?s={search_term_string}"},"query-input":{"@type":"PropertyValueSpecification","valueRequired":true,"valueName":"search_term_string"}}],"inLanguage":"de"},{"@type":"Organization","@id":"https:\/\/www.truckerhaus.at\/buehne\/#organization","name":"Kulturinitiative Weinsbergerwald","url":"https:\/\/www.truckerhaus.at\/buehne\/","logo":{"@type":"ImageObject","inLanguage":"de","@id":"https:\/\/www.truckerhaus.at\/buehne\/#\/schema\/logo\/image\/","url":"https:\/\/mldevnvjxtq7.i.optimole.com\/cb:d-tP.9d1\/w:auto\/h:auto\/q:mauto\/f:best\/https:\/\/www.truckerhaus.at\/buehne\/wp-content\/uploads\/2017\/04\/Truckerhaus_LogoNL.png","contentUrl":"https:\/\/mldevnvjxtq7.i.optimole.com\/cb:d-tP.9d1\/w:auto\/h:auto\/q:mauto\/f:best\/https:\/\/www.truckerhaus.at\/buehne\/wp-content\/uploads\/2017\/04\/Truckerhaus_LogoNL.png","width":1200,"height":182,"caption":"Kulturinitiative Weinsbergerwald"},"image":{"@id":"https:\/\/www.truckerhaus.at\/buehne\/#\/schema\/logo\/image\/"},"sameAs":["https:\/\/facebook.com\/truckerhaus","https:\/\/instagram.com\/truckerhaus"]}]}},"ticketed":false,"_links":{"self":[{"href":"https:\/\/www.truckerhaus.at\/buehne\/wp-json\/wp\/v2\/tribe_events\/10679","targetHints":{"allow":["GET"]}}],"collection":[{"href":"https:\/\/www.truckerhaus.at\/buehne\/wp-json\/wp\/v2\/tribe_events"}],"about":[{"href":"https:\/\/www.truckerhaus.at\/buehne\/wp-json\/wp\/v2\/types\/tribe_events"}],"author":[{"embeddable":true,"href":"https:\/\/www.truckerhaus.at\/buehne\/wp-json\/wp\/v2\/users\/3"}],"version-history":[{"count":10,"href":"https:\/\/www.truckerhaus.at\/buehne\/wp-json\/wp\/v2\/tribe_events\/10679\/revisions"}],"predecessor-version":[{"id":10717,"href":"https:\/\/www.truckerhaus.at\/buehne\/wp-json\/wp\/v2\/tribe_events\/10679\/revisions\/10717"}],"wp:featuredmedia":[{"embeddable":true,"href":"https:\/\/www.truckerhaus.at\/buehne\/wp-json\/wp\/v2\/media\/10680"}],"wp:attachment":[{"href":"https:\/\/www.truckerhaus.at\/buehne\/wp-json\/wp\/v2\/media?parent=10679"}],"wp:term":[{"taxonomy":"post_tag","embeddable":true,"href":"https:\/\/www.truckerhaus.at\/buehne\/wp-json\/wp\/v2\/tags?post=10679"},{"taxonomy":"tribe_events_cat","embeddable":true,"href":"https:\/\/www.truckerhaus.at\/buehne\/wp-json\/wp\/v2\/tribe_events_cat?post=10679"}],"curies":[{"name":"wp","href":"https:\/\/api.w.org\/{rel}","templated":true}]}}