{"id":10612,"date":"2025-05-07T14:20:52","date_gmt":"2025-05-07T12:20:52","guid":{"rendered":"https:\/\/www.truckerhaus.at\/buehne\/?post_type=tribe_events&#038;p=10612"},"modified":"2025-05-23T11:15:48","modified_gmt":"2025-05-23T09:15:48","slug":"eroeffnung-industriepfad","status":"publish","type":"tribe_events","link":"https:\/\/www.truckerhaus.at\/buehne\/veranstaltung\/eroeffnung-industriepfad\/","title":{"rendered":"Er\u00f6ffnung \u00bbIndustriepfad\u00ab"},"content":{"rendered":"\n<div id=\"wp-block-themeisle-blocks-advanced-columns-eb65599a\" class=\"wp-block-themeisle-blocks-advanced-columns has-1-columns has-desktop-equal-layout has-tablet-equal-layout has-mobile-equal-layout has-vertical-unset\"><div class=\"wp-block-themeisle-blocks-advanced-columns-overlay\"><\/div><div class=\"innerblocks-wrap\">\n<div id=\"wp-block-themeisle-blocks-advanced-column-ad0d9eb6\" class=\"wp-block-themeisle-blocks-advanced-column\">\n<figure class=\"wp-block-image size-full\"><img data-opt-id=1421925887  fetchpriority=\"high\" decoding=\"async\" src=\"https:\/\/mldevnvjxtq7.i.optimole.com\/cb:d-tP.9d1\/w:auto\/h:auto\/q:mauto\/f:best\/https:\/\/www.truckerhaus.at\/buehne\/wp-content\/uploads\/2025\/05\/Alte-Fotos09.jpg\" alt class=\"wp-image-10625\"><\/figure>\n\n\n\n<div style=\"height:40px\" aria-hidden=\"true\" class=\"wp-block-spacer\"><\/div>\n\n\n\n<h2 class=\"wp-block-heading\">Historischer Rundgang<\/h2>\n\n\n<div class=\"tribe-events-schedule tribe-clearfix\">\n\t<p class=\"tribe-events-schedule__datetime\">\n\t\t<span class=\"tribe-events-schedule__date tribe-events-schedule__date--start\"> Sa., 31. Mai \u201925 <\/span>\n\n\t\t\t\t\t<span class=\"tribe-events-schedule__separator tribe-events-schedule__separator--date\"> | <\/span>\n\t\t\t<span class=\"tribe-events-schedule__time tribe-events-schedule__time--start\"> 15:30 <\/span>\n\t\t\n\t\t\t<\/p>\n<\/div>\n\n\n\n<div style=\"height:40px\" aria-hidden=\"true\" class=\"wp-block-spacer\"><\/div>\n<\/div>\n<\/div><\/div>\n\n\n\n<div id=\"wp-block-themeisle-blocks-advanced-columns-a482508b\" class=\"wp-block-themeisle-blocks-advanced-columns has-1-columns has-desktop-equal-layout has-tablet-equal-layout has-mobile-equal-layout has-vertical-unset\"><div class=\"wp-block-themeisle-blocks-advanced-columns-overlay\"><\/div><div class=\"innerblocks-wrap\">\n<div id=\"wp-block-themeisle-blocks-advanced-column-2a0b16fd\" class=\"wp-block-themeisle-blocks-advanced-column\">\n<p><strong>Heute kaum vor\u00adstell\u00adbar:<\/strong> Gutenbrunn war Anfang des 20. Jahrhunderts ein bedeu\u00adten\u00adder Industriestandort in Nieder\u00f6sterreich.<br>Aufgrund der hohen Nachfrage nach Holz \u2013 bis zur Weltwirtschaftskrise Ende der 1920er-Jahre \u2013 wuchs ein S\u00e4gewerk zu einem Gro\u00dfbetrieb mit rund 500 Besch\u00e4ftigten her\u00adan. Das Betriebsgel\u00e4nde erstreck\u00adte sich \u00fcber eine L\u00e4nge von einem Kilometer \u2013 vom heu\u00adti\u00adgen Inhalatorium bis zum Hanslteich.<\/p>\n\n\n\n<p>Entdecken Sie die Spuren die\u00adser Zeit auf einem etwa zwei Kilometer lan\u00adgen Rundweg.<\/p>\n\n\n\n<p><strong>TREFFPUNKT KIRCHENPLATZ<\/strong> \u2013 der Rundgang endet im Truckerhaus mit Live-Musik von <strong>\u201eScheibalgsp\u00fc\u201c<\/strong>. Eintritt frei!<\/p>\n<\/div>\n<\/div><\/div>\n\n\n\n<div id=\"wp-block-themeisle-blocks-advanced-columns-e6099239\" class=\"wp-block-themeisle-blocks-advanced-columns has-1-columns has-desktop-equal-layout has-tablet-equal-layout has-mobile-collapsedRows-layout has-vertical-unset\"><div class=\"wp-block-themeisle-blocks-advanced-columns-overlay\"><\/div><div class=\"innerblocks-wrap\">\n<div id=\"wp-block-themeisle-blocks-advanced-column-b9aba054\" class=\"wp-block-themeisle-blocks-advanced-column\">\n<figure class=\"wp-block-gallery has-nested-images columns-default is-cropped wp-block-gallery-1 is-layout-flex wp-block-gallery-is-layout-flex\">\n<figure class=\"wp-block-image size-large\"><img data-opt-id=229009944  fetchpriority=\"high\" decoding=\"async\" width=\"1024\" height=\"758\" data-id=\"10631\" src=\"https:\/\/mldevnvjxtq7.i.optimole.com\/cb:d-tP.9d1\/w:1024\/h:758\/q:mauto\/f:best\/https:\/\/www.truckerhaus.at\/buehne\/wp-content\/uploads\/2025\/05\/KoernerwerkBuch25-1024x758.jpg\" alt class=\"wp-image-10631\" srcset=\"https:\/\/mldevnvjxtq7.i.optimole.com\/cb:d-tP.9d1\/w:1024\/h:758\/q:mauto\/f:best\/https:\/\/www.truckerhaus.at\/buehne\/wp-content\/uploads\/2025\/05\/KoernerwerkBuch25-scaled.jpg 1024w, https:\/\/mldevnvjxtq7.i.optimole.com\/cb:d-tP.9d1\/w:300\/h:222\/q:mauto\/f:best\/https:\/\/www.truckerhaus.at\/buehne\/wp-content\/uploads\/2025\/05\/KoernerwerkBuch25-scaled.jpg 300w, https:\/\/mldevnvjxtq7.i.optimole.com\/cb:d-tP.9d1\/w:768\/h:568\/q:mauto\/f:best\/https:\/\/www.truckerhaus.at\/buehne\/wp-content\/uploads\/2025\/05\/KoernerwerkBuch25-scaled.jpg 768w, https:\/\/mldevnvjxtq7.i.optimole.com\/cb:d-tP.9d1\/w:1536\/h:1137\/q:mauto\/f:best\/https:\/\/www.truckerhaus.at\/buehne\/wp-content\/uploads\/2025\/05\/KoernerwerkBuch25-scaled.jpg 1536w, https:\/\/mldevnvjxtq7.i.optimole.com\/cb:d-tP.9d1\/w:1920\/h:1421\/q:mauto\/f:best\/https:\/\/www.truckerhaus.at\/buehne\/wp-content\/uploads\/2025\/05\/KoernerwerkBuch25-scaled.jpg 2048w, https:\/\/mldevnvjxtq7.i.optimole.com\/cb:d-tP.9d1\/w:1000\/h:740\/q:mauto\/f:best\/https:\/\/www.truckerhaus.at\/buehne\/wp-content\/uploads\/2025\/05\/KoernerwerkBuch25-scaled.jpg 1000w, https:\/\/mldevnvjxtq7.i.optimole.com\/cb:d-tP.9d1\/w:1920\/h:1421\/q:mauto\/f:best\/https:\/\/www.truckerhaus.at\/buehne\/wp-content\/uploads\/2025\/05\/KoernerwerkBuch25-scaled.jpg 1920w, https:\/\/mldevnvjxtq7.i.optimole.com\/cb:d-tP.9d1\/w:1920\/h:1421\/q:mauto\/f:best\/dpr:2\/https:\/\/www.truckerhaus.at\/buehne\/wp-content\/uploads\/2025\/05\/KoernerwerkBuch25-scaled.jpg 2x\" sizes=\"(max-width: 1024px) 100vw, 1024px\"><\/figure>\n\n\n\n<figure class=\"wp-block-image size-large\"><img data-opt-id=589775656  data-opt-src=\"https:\/\/mldevnvjxtq7.i.optimole.com\/cb:d-tP.9d1\/w:1024\/h:766\/q:mauto\/f:best\/https:\/\/www.truckerhaus.at\/buehne\/wp-content\/uploads\/2025\/05\/KoernerwerkBuch27-1024x766.jpg\"  decoding=\"async\" width=\"1024\" height=\"766\" data-id=\"10630\" src=\"data:image/svg+xml,%3Csvg%20viewBox%3D%220%200%201024%20766%22%20width%3D%221024%22%20height%3D%22766%22%20xmlns%3D%22http%3A%2F%2Fwww.w3.org%2F2000%2Fsvg%22%3E%3Crect%20width%3D%221024%22%20height%3D%22766%22%20fill%3D%22transparent%22%2F%3E%3C%2Fsvg%3E\" alt class=\"wp-image-10630\" old-srcset=\"https:\/\/mldevnvjxtq7.i.optimole.com\/cb:d-tP.9d1\/w:1024\/h:766\/q:mauto\/f:best\/https:\/\/www.truckerhaus.at\/buehne\/wp-content\/uploads\/2025\/05\/KoernerwerkBuch27-scaled.jpg 1024w, https:\/\/mldevnvjxtq7.i.optimole.com\/cb:d-tP.9d1\/w:300\/h:224\/q:mauto\/f:best\/https:\/\/www.truckerhaus.at\/buehne\/wp-content\/uploads\/2025\/05\/KoernerwerkBuch27-scaled.jpg 300w, https:\/\/mldevnvjxtq7.i.optimole.com\/cb:d-tP.9d1\/w:768\/h:574\/q:mauto\/f:best\/https:\/\/www.truckerhaus.at\/buehne\/wp-content\/uploads\/2025\/05\/KoernerwerkBuch27-scaled.jpg 768w, https:\/\/mldevnvjxtq7.i.optimole.com\/cb:d-tP.9d1\/w:1536\/h:1149\/q:mauto\/f:best\/https:\/\/www.truckerhaus.at\/buehne\/wp-content\/uploads\/2025\/05\/KoernerwerkBuch27-scaled.jpg 1536w, https:\/\/mldevnvjxtq7.i.optimole.com\/cb:d-tP.9d1\/w:1920\/h:1436\/q:mauto\/f:best\/https:\/\/www.truckerhaus.at\/buehne\/wp-content\/uploads\/2025\/05\/KoernerwerkBuch27-scaled.jpg 2048w, https:\/\/mldevnvjxtq7.i.optimole.com\/cb:d-tP.9d1\/w:1000\/h:748\/q:mauto\/f:best\/https:\/\/www.truckerhaus.at\/buehne\/wp-content\/uploads\/2025\/05\/KoernerwerkBuch27-scaled.jpg 1000w, https:\/\/mldevnvjxtq7.i.optimole.com\/cb:d-tP.9d1\/w:1920\/h:1436\/q:mauto\/f:best\/https:\/\/www.truckerhaus.at\/buehne\/wp-content\/uploads\/2025\/05\/KoernerwerkBuch27-scaled.jpg 1920w, https:\/\/mldevnvjxtq7.i.optimole.com\/cb:d-tP.9d1\/w:1920\/h:1436\/q:mauto\/f:best\/dpr:2\/https:\/\/www.truckerhaus.at\/buehne\/wp-content\/uploads\/2025\/05\/KoernerwerkBuch27-scaled.jpg 2x\"><\/figure>\n\n\n\n<figure class=\"wp-block-image size-large\"><img data-opt-id=978243840  data-opt-src=\"https:\/\/mldevnvjxtq7.i.optimole.com\/cb:d-tP.9d1\/w:1024\/h:753\/q:mauto\/f:best\/https:\/\/www.truckerhaus.at\/buehne\/wp-content\/uploads\/2025\/05\/KoernerwerkBuch26-1024x753.jpg\"  decoding=\"async\" width=\"1024\" height=\"753\" data-id=\"10629\" src=\"data:image/svg+xml,%3Csvg%20viewBox%3D%220%200%201024%20753%22%20width%3D%221024%22%20height%3D%22753%22%20xmlns%3D%22http%3A%2F%2Fwww.w3.org%2F2000%2Fsvg%22%3E%3Crect%20width%3D%221024%22%20height%3D%22753%22%20fill%3D%22transparent%22%2F%3E%3C%2Fsvg%3E\" alt class=\"wp-image-10629\" old-srcset=\"https:\/\/mldevnvjxtq7.i.optimole.com\/cb:d-tP.9d1\/w:1024\/h:753\/q:mauto\/f:best\/https:\/\/www.truckerhaus.at\/buehne\/wp-content\/uploads\/2025\/05\/KoernerwerkBuch26-scaled.jpg 1024w, https:\/\/mldevnvjxtq7.i.optimole.com\/cb:d-tP.9d1\/w:300\/h:221\/q:mauto\/f:best\/https:\/\/www.truckerhaus.at\/buehne\/wp-content\/uploads\/2025\/05\/KoernerwerkBuch26-scaled.jpg 300w, https:\/\/mldevnvjxtq7.i.optimole.com\/cb:d-tP.9d1\/w:768\/h:565\/q:mauto\/f:best\/https:\/\/www.truckerhaus.at\/buehne\/wp-content\/uploads\/2025\/05\/KoernerwerkBuch26-scaled.jpg 768w, https:\/\/mldevnvjxtq7.i.optimole.com\/cb:d-tP.9d1\/w:1536\/h:1129\/q:mauto\/f:best\/https:\/\/www.truckerhaus.at\/buehne\/wp-content\/uploads\/2025\/05\/KoernerwerkBuch26-scaled.jpg 1536w, https:\/\/mldevnvjxtq7.i.optimole.com\/cb:d-tP.9d1\/w:1920\/h:1411\/q:mauto\/f:best\/https:\/\/www.truckerhaus.at\/buehne\/wp-content\/uploads\/2025\/05\/KoernerwerkBuch26-scaled.jpg 2048w, https:\/\/mldevnvjxtq7.i.optimole.com\/cb:d-tP.9d1\/w:1000\/h:735\/q:mauto\/f:best\/https:\/\/www.truckerhaus.at\/buehne\/wp-content\/uploads\/2025\/05\/KoernerwerkBuch26-scaled.jpg 1000w, https:\/\/mldevnvjxtq7.i.optimole.com\/cb:d-tP.9d1\/w:1920\/h:1412\/q:mauto\/f:best\/https:\/\/www.truckerhaus.at\/buehne\/wp-content\/uploads\/2025\/05\/KoernerwerkBuch26-scaled.jpg 1920w, https:\/\/mldevnvjxtq7.i.optimole.com\/cb:d-tP.9d1\/w:1920\/h:1411\/q:mauto\/f:best\/dpr:2\/https:\/\/www.truckerhaus.at\/buehne\/wp-content\/uploads\/2025\/05\/KoernerwerkBuch26-scaled.jpg 2x\"><\/figure>\n\n\n\n<figure class=\"wp-block-image size-large\"><img data-opt-id=2117294153  data-opt-src=\"https:\/\/mldevnvjxtq7.i.optimole.com\/cb:d-tP.9d1\/w:1024\/h:747\/q:mauto\/f:best\/https:\/\/www.truckerhaus.at\/buehne\/wp-content\/uploads\/2025\/05\/KoernerwerkBuch35-1024x747.jpg\"  decoding=\"async\" width=\"1024\" height=\"747\" data-id=\"10628\" src=\"data:image/svg+xml,%3Csvg%20viewBox%3D%220%200%201024%20747%22%20width%3D%221024%22%20height%3D%22747%22%20xmlns%3D%22http%3A%2F%2Fwww.w3.org%2F2000%2Fsvg%22%3E%3Crect%20width%3D%221024%22%20height%3D%22747%22%20fill%3D%22transparent%22%2F%3E%3C%2Fsvg%3E\" alt class=\"wp-image-10628\" old-srcset=\"https:\/\/mldevnvjxtq7.i.optimole.com\/cb:d-tP.9d1\/w:1024\/h:747\/q:mauto\/f:best\/https:\/\/www.truckerhaus.at\/buehne\/wp-content\/uploads\/2025\/05\/KoernerwerkBuch35-scaled.jpg 1024w, https:\/\/mldevnvjxtq7.i.optimole.com\/cb:d-tP.9d1\/w:300\/h:219\/q:mauto\/f:best\/https:\/\/www.truckerhaus.at\/buehne\/wp-content\/uploads\/2025\/05\/KoernerwerkBuch35-scaled.jpg 300w, https:\/\/mldevnvjxtq7.i.optimole.com\/cb:d-tP.9d1\/w:768\/h:560\/q:mauto\/f:best\/https:\/\/www.truckerhaus.at\/buehne\/wp-content\/uploads\/2025\/05\/KoernerwerkBuch35-scaled.jpg 768w, https:\/\/mldevnvjxtq7.i.optimole.com\/cb:d-tP.9d1\/w:1536\/h:1120\/q:mauto\/f:best\/https:\/\/www.truckerhaus.at\/buehne\/wp-content\/uploads\/2025\/05\/KoernerwerkBuch35-scaled.jpg 1536w, https:\/\/mldevnvjxtq7.i.optimole.com\/cb:d-tP.9d1\/w:1920\/h:1400\/q:mauto\/f:best\/https:\/\/www.truckerhaus.at\/buehne\/wp-content\/uploads\/2025\/05\/KoernerwerkBuch35-scaled.jpg 2048w, https:\/\/mldevnvjxtq7.i.optimole.com\/cb:d-tP.9d1\/w:1000\/h:729\/q:mauto\/f:best\/https:\/\/www.truckerhaus.at\/buehne\/wp-content\/uploads\/2025\/05\/KoernerwerkBuch35-scaled.jpg 1000w, https:\/\/mldevnvjxtq7.i.optimole.com\/cb:d-tP.9d1\/w:1920\/h:1400\/q:mauto\/f:best\/https:\/\/www.truckerhaus.at\/buehne\/wp-content\/uploads\/2025\/05\/KoernerwerkBuch35-scaled.jpg 1920w, https:\/\/mldevnvjxtq7.i.optimole.com\/cb:d-tP.9d1\/w:1920\/h:1400\/q:mauto\/f:best\/dpr:2\/https:\/\/www.truckerhaus.at\/buehne\/wp-content\/uploads\/2025\/05\/KoernerwerkBuch35-scaled.jpg 2x\"><\/figure>\n\n\n\n<figure class=\"wp-block-image size-large\"><img data-opt-id=17387828  data-opt-src=\"https:\/\/mldevnvjxtq7.i.optimole.com\/cb:d-tP.9d1\/w:1024\/h:896\/q:mauto\/f:best\/https:\/\/www.truckerhaus.at\/buehne\/wp-content\/uploads\/2025\/05\/Rundholzplatz-1.jpg\"  decoding=\"async\" width=\"1024\" height=\"896\" data-id=\"10627\" src=\"data:image/svg+xml,%3Csvg%20viewBox%3D%220%200%201024%20896%22%20width%3D%221024%22%20height%3D%22896%22%20xmlns%3D%22http%3A%2F%2Fwww.w3.org%2F2000%2Fsvg%22%3E%3Crect%20width%3D%221024%22%20height%3D%22896%22%20fill%3D%22transparent%22%2F%3E%3C%2Fsvg%3E\" alt class=\"wp-image-10627\" old-srcset=\"https:\/\/mldevnvjxtq7.i.optimole.com\/cb:d-tP.9d1\/w:1024\/h:896\/q:mauto\/f:best\/https:\/\/www.truckerhaus.at\/buehne\/wp-content\/uploads\/2025\/05\/Rundholzplatz-1.jpg 1024w, https:\/\/mldevnvjxtq7.i.optimole.com\/cb:d-tP.9d1\/w:300\/h:262\/q:mauto\/f:best\/https:\/\/www.truckerhaus.at\/buehne\/wp-content\/uploads\/2025\/05\/Rundholzplatz-1.jpg 300w, https:\/\/mldevnvjxtq7.i.optimole.com\/cb:d-tP.9d1\/w:768\/h:672\/q:mauto\/f:best\/https:\/\/www.truckerhaus.at\/buehne\/wp-content\/uploads\/2025\/05\/Rundholzplatz-1.jpg 768w, https:\/\/mldevnvjxtq7.i.optimole.com\/cb:d-tP.9d1\/w:1000\/h:875\/q:mauto\/f:best\/https:\/\/www.truckerhaus.at\/buehne\/wp-content\/uploads\/2025\/05\/Rundholzplatz-1.jpg 1000w, https:\/\/mldevnvjxtq7.i.optimole.com\/cb:d-tP.9d1\/w:1214\/h:1062\/q:mauto\/f:best\/https:\/\/www.truckerhaus.at\/buehne\/wp-content\/uploads\/2025\/05\/Rundholzplatz-1.jpg 1214w, https:\/\/mldevnvjxtq7.i.optimole.com\/cb:d-tP.9d1\/w:1214\/h:1062\/q:mauto\/f:best\/dpr:2\/https:\/\/www.truckerhaus.at\/buehne\/wp-content\/uploads\/2025\/05\/Rundholzplatz-1.jpg 2x\"><\/figure>\n\n\n\n<figure class=\"wp-block-image size-large\"><img data-opt-id=600085748  data-opt-src=\"https:\/\/mldevnvjxtq7.i.optimole.com\/cb:d-tP.9d1\/w:1024\/h:745\/q:mauto\/f:best\/https:\/\/www.truckerhaus.at\/buehne\/wp-content\/uploads\/2025\/05\/Beamtenhaus.jpg\"  decoding=\"async\" width=\"1024\" height=\"745\" data-id=\"10626\" src=\"data:image/svg+xml,%3Csvg%20viewBox%3D%220%200%201024%20745%22%20width%3D%221024%22%20height%3D%22745%22%20xmlns%3D%22http%3A%2F%2Fwww.w3.org%2F2000%2Fsvg%22%3E%3Crect%20width%3D%221024%22%20height%3D%22745%22%20fill%3D%22transparent%22%2F%3E%3C%2Fsvg%3E\" alt class=\"wp-image-10626\" old-srcset=\"https:\/\/mldevnvjxtq7.i.optimole.com\/cb:d-tP.9d1\/w:1024\/h:745\/q:mauto\/f:best\/https:\/\/www.truckerhaus.at\/buehne\/wp-content\/uploads\/2025\/05\/Beamtenhaus.jpg 1024w, https:\/\/mldevnvjxtq7.i.optimole.com\/cb:d-tP.9d1\/w:300\/h:218\/q:mauto\/f:best\/https:\/\/www.truckerhaus.at\/buehne\/wp-content\/uploads\/2025\/05\/Beamtenhaus.jpg 300w, https:\/\/mldevnvjxtq7.i.optimole.com\/cb:d-tP.9d1\/w:768\/h:559\/q:mauto\/f:best\/https:\/\/www.truckerhaus.at\/buehne\/wp-content\/uploads\/2025\/05\/Beamtenhaus.jpg 768w, https:\/\/mldevnvjxtq7.i.optimole.com\/cb:d-tP.9d1\/w:1000\/h:727\/q:mauto\/f:best\/https:\/\/www.truckerhaus.at\/buehne\/wp-content\/uploads\/2025\/05\/Beamtenhaus.jpg 1000w, https:\/\/mldevnvjxtq7.i.optimole.com\/cb:d-tP.9d1\/w:1280\/h:931\/q:mauto\/f:best\/https:\/\/www.truckerhaus.at\/buehne\/wp-content\/uploads\/2025\/05\/Beamtenhaus.jpg 1280w, https:\/\/mldevnvjxtq7.i.optimole.com\/cb:d-tP.9d1\/w:1280\/h:931\/q:mauto\/f:best\/dpr:2\/https:\/\/www.truckerhaus.at\/buehne\/wp-content\/uploads\/2025\/05\/Beamtenhaus.jpg 2x\"><\/figure>\n\n\n\n<figure class=\"wp-block-image size-large\"><img data-opt-id=1635760109  data-opt-src=\"https:\/\/mldevnvjxtq7.i.optimole.com\/cb:d-tP.9d1\/w:1024\/h:900\/q:mauto\/f:best\/https:\/\/www.truckerhaus.at\/buehne\/wp-content\/uploads\/2025\/05\/HolzRund1-Kappsaege-1024x900.jpg\"  decoding=\"async\" width=\"1024\" height=\"900\" data-id=\"10624\" src=\"data:image/svg+xml,%3Csvg%20viewBox%3D%220%200%201024%20900%22%20width%3D%221024%22%20height%3D%22900%22%20xmlns%3D%22http%3A%2F%2Fwww.w3.org%2F2000%2Fsvg%22%3E%3Crect%20width%3D%221024%22%20height%3D%22900%22%20fill%3D%22transparent%22%2F%3E%3C%2Fsvg%3E\" alt class=\"wp-image-10624\" old-srcset=\"https:\/\/mldevnvjxtq7.i.optimole.com\/cb:d-tP.9d1\/w:1024\/h:900\/q:mauto\/f:best\/https:\/\/www.truckerhaus.at\/buehne\/wp-content\/uploads\/2025\/05\/HolzRund1-Kappsaege-scaled.jpg 1024w, https:\/\/mldevnvjxtq7.i.optimole.com\/cb:d-tP.9d1\/w:300\/h:264\/q:mauto\/f:best\/https:\/\/www.truckerhaus.at\/buehne\/wp-content\/uploads\/2025\/05\/HolzRund1-Kappsaege-scaled.jpg 300w, https:\/\/mldevnvjxtq7.i.optimole.com\/cb:d-tP.9d1\/w:768\/h:675\/q:mauto\/f:best\/https:\/\/www.truckerhaus.at\/buehne\/wp-content\/uploads\/2025\/05\/HolzRund1-Kappsaege-scaled.jpg 768w, https:\/\/mldevnvjxtq7.i.optimole.com\/cb:d-tP.9d1\/w:1536\/h:1350\/q:mauto\/f:best\/https:\/\/www.truckerhaus.at\/buehne\/wp-content\/uploads\/2025\/05\/HolzRund1-Kappsaege-scaled.jpg 1536w, https:\/\/mldevnvjxtq7.i.optimole.com\/cb:d-tP.9d1\/w:1920\/h:1686\/q:mauto\/f:best\/https:\/\/www.truckerhaus.at\/buehne\/wp-content\/uploads\/2025\/05\/HolzRund1-Kappsaege-scaled.jpg 2048w, https:\/\/mldevnvjxtq7.i.optimole.com\/cb:d-tP.9d1\/w:1000\/h:879\/q:mauto\/f:best\/https:\/\/www.truckerhaus.at\/buehne\/wp-content\/uploads\/2025\/05\/HolzRund1-Kappsaege-scaled.jpg 1000w, https:\/\/mldevnvjxtq7.i.optimole.com\/cb:d-tP.9d1\/w:1920\/h:1687\/q:mauto\/f:best\/https:\/\/www.truckerhaus.at\/buehne\/wp-content\/uploads\/2025\/05\/HolzRund1-Kappsaege-scaled.jpg 1920w, https:\/\/mldevnvjxtq7.i.optimole.com\/cb:d-tP.9d1\/w:1920\/h:1686\/q:mauto\/f:best\/dpr:2\/https:\/\/www.truckerhaus.at\/buehne\/wp-content\/uploads\/2025\/05\/HolzRund1-Kappsaege-scaled.jpg 2x\"><\/figure>\n\n\n\n<figure class=\"wp-block-image size-large\"><img data-opt-id=643814542  data-opt-src=\"https:\/\/mldevnvjxtq7.i.optimole.com\/cb:d-tP.9d1\/w:1024\/h:751\/q:mauto\/f:best\/https:\/\/www.truckerhaus.at\/buehne\/wp-content\/uploads\/2025\/05\/KoernerwerkBuch28-1024x751.jpg\"  decoding=\"async\" width=\"1024\" height=\"751\" data-id=\"10623\" src=\"data:image/svg+xml,%3Csvg%20viewBox%3D%220%200%201024%20751%22%20width%3D%221024%22%20height%3D%22751%22%20xmlns%3D%22http%3A%2F%2Fwww.w3.org%2F2000%2Fsvg%22%3E%3Crect%20width%3D%221024%22%20height%3D%22751%22%20fill%3D%22transparent%22%2F%3E%3C%2Fsvg%3E\" alt class=\"wp-image-10623\" old-srcset=\"https:\/\/mldevnvjxtq7.i.optimole.com\/cb:d-tP.9d1\/w:1024\/h:751\/q:mauto\/f:best\/https:\/\/www.truckerhaus.at\/buehne\/wp-content\/uploads\/2025\/05\/KoernerwerkBuch28-scaled.jpg 1024w, https:\/\/mldevnvjxtq7.i.optimole.com\/cb:d-tP.9d1\/w:300\/h:220\/q:mauto\/f:best\/https:\/\/www.truckerhaus.at\/buehne\/wp-content\/uploads\/2025\/05\/KoernerwerkBuch28-scaled.jpg 300w, https:\/\/mldevnvjxtq7.i.optimole.com\/cb:d-tP.9d1\/w:768\/h:564\/q:mauto\/f:best\/https:\/\/www.truckerhaus.at\/buehne\/wp-content\/uploads\/2025\/05\/KoernerwerkBuch28-scaled.jpg 768w, https:\/\/mldevnvjxtq7.i.optimole.com\/cb:d-tP.9d1\/w:1536\/h:1127\/q:mauto\/f:best\/https:\/\/www.truckerhaus.at\/buehne\/wp-content\/uploads\/2025\/05\/KoernerwerkBuch28-scaled.jpg 1536w, https:\/\/mldevnvjxtq7.i.optimole.com\/cb:d-tP.9d1\/w:1920\/h:1409\/q:mauto\/f:best\/https:\/\/www.truckerhaus.at\/buehne\/wp-content\/uploads\/2025\/05\/KoernerwerkBuch28-scaled.jpg 2048w, https:\/\/mldevnvjxtq7.i.optimole.com\/cb:d-tP.9d1\/w:1000\/h:734\/q:mauto\/f:best\/https:\/\/www.truckerhaus.at\/buehne\/wp-content\/uploads\/2025\/05\/KoernerwerkBuch28-scaled.jpg 1000w, https:\/\/mldevnvjxtq7.i.optimole.com\/cb:d-tP.9d1\/w:1920\/h:1409\/q:mauto\/f:best\/https:\/\/www.truckerhaus.at\/buehne\/wp-content\/uploads\/2025\/05\/KoernerwerkBuch28-scaled.jpg 1920w, https:\/\/mldevnvjxtq7.i.optimole.com\/cb:d-tP.9d1\/w:1920\/h:1409\/q:mauto\/f:best\/dpr:2\/https:\/\/www.truckerhaus.at\/buehne\/wp-content\/uploads\/2025\/05\/KoernerwerkBuch28-scaled.jpg 2x\"><\/figure>\n\n\n\n<figure class=\"wp-block-image size-large\"><img data-opt-id=1632589927  data-opt-src=\"https:\/\/mldevnvjxtq7.i.optimole.com\/cb:d-tP.9d1\/w:1024\/h:769\/q:mauto\/f:best\/https:\/\/www.truckerhaus.at\/buehne\/wp-content\/uploads\/2025\/05\/KoernerwerkBuch29-1024x769.jpg\"  decoding=\"async\" width=\"1024\" height=\"769\" data-id=\"10622\" src=\"data:image/svg+xml,%3Csvg%20viewBox%3D%220%200%201024%20769%22%20width%3D%221024%22%20height%3D%22769%22%20xmlns%3D%22http%3A%2F%2Fwww.w3.org%2F2000%2Fsvg%22%3E%3Crect%20width%3D%221024%22%20height%3D%22769%22%20fill%3D%22transparent%22%2F%3E%3C%2Fsvg%3E\" alt class=\"wp-image-10622\" old-srcset=\"https:\/\/mldevnvjxtq7.i.optimole.com\/cb:d-tP.9d1\/w:1024\/h:769\/q:mauto\/f:best\/https:\/\/www.truckerhaus.at\/buehne\/wp-content\/uploads\/2025\/05\/KoernerwerkBuch29-scaled.jpg 1024w, https:\/\/mldevnvjxtq7.i.optimole.com\/cb:d-tP.9d1\/w:300\/h:225\/q:mauto\/f:best\/https:\/\/www.truckerhaus.at\/buehne\/wp-content\/uploads\/2025\/05\/KoernerwerkBuch29-scaled.jpg 300w, https:\/\/mldevnvjxtq7.i.optimole.com\/cb:d-tP.9d1\/w:768\/h:577\/q:mauto\/f:best\/https:\/\/www.truckerhaus.at\/buehne\/wp-content\/uploads\/2025\/05\/KoernerwerkBuch29-scaled.jpg 768w, https:\/\/mldevnvjxtq7.i.optimole.com\/cb:d-tP.9d1\/w:1536\/h:1154\/q:mauto\/f:best\/https:\/\/www.truckerhaus.at\/buehne\/wp-content\/uploads\/2025\/05\/KoernerwerkBuch29-scaled.jpg 1536w, https:\/\/mldevnvjxtq7.i.optimole.com\/cb:d-tP.9d1\/w:1920\/h:1441\/q:mauto\/f:best\/https:\/\/www.truckerhaus.at\/buehne\/wp-content\/uploads\/2025\/05\/KoernerwerkBuch29-scaled.jpg 2048w, https:\/\/mldevnvjxtq7.i.optimole.com\/cb:d-tP.9d1\/w:1000\/h:751\/q:mauto\/f:best\/https:\/\/www.truckerhaus.at\/buehne\/wp-content\/uploads\/2025\/05\/KoernerwerkBuch29-scaled.jpg 1000w, https:\/\/mldevnvjxtq7.i.optimole.com\/cb:d-tP.9d1\/w:1920\/h:1442\/q:mauto\/f:best\/https:\/\/www.truckerhaus.at\/buehne\/wp-content\/uploads\/2025\/05\/KoernerwerkBuch29-scaled.jpg 1920w, https:\/\/mldevnvjxtq7.i.optimole.com\/cb:d-tP.9d1\/w:1920\/h:1441\/q:mauto\/f:best\/dpr:2\/https:\/\/www.truckerhaus.at\/buehne\/wp-content\/uploads\/2025\/05\/KoernerwerkBuch29-scaled.jpg 2x\"><\/figure>\n<\/figure>\n<\/div>\n<\/div><\/div>\n\n\n\n<div id=\"wp-block-themeisle-blocks-advanced-columns-f1656c50\" class=\"wp-block-themeisle-blocks-advanced-columns has-1-columns has-desktop-equal-layout has-tablet-equal-layout has-mobile-collapsedRows-layout has-vertical-unset\"><div class=\"wp-block-themeisle-blocks-advanced-columns-overlay\"><\/div><div class=\"innerblocks-wrap\">\n<div id=\"wp-block-themeisle-blocks-advanced-column-4a0bfa1a\" class=\"wp-block-themeisle-blocks-advanced-column\"><div class=\"wp-block-image\">\n<figure class=\"aligncenter size-full is-resized\"><img data-opt-id=1067158833  data-opt-src=\"https:\/\/mldevnvjxtq7.i.optimole.com\/cb:d-tP.9d1\/w:auto\/h:auto\/q:mauto\/f:best\/https:\/\/www.truckerhaus.at\/buehne\/wp-content\/uploads\/2025\/05\/MF24_Vignette_Gradient_2-1.png\"  decoding=\"async\" width=\"442\" height=\"442\" src=\"data:image/svg+xml,%3Csvg%20viewBox%3D%220%200%20100%%20100%%22%20width%3D%22100%%22%20height%3D%22100%%22%20xmlns%3D%22http%3A%2F%2Fwww.w3.org%2F2000%2Fsvg%22%3E%3Crect%20width%3D%22100%%22%20height%3D%22100%%22%20fill%3D%22transparent%22%2F%3E%3C%2Fsvg%3E\" alt class=\"wp-image-10619\" style=\"width:293px;height:auto\" old-srcset=\"https:\/\/mldevnvjxtq7.i.optimole.com\/cb:d-tP.9d1\/w:442\/h:442\/q:mauto\/f:best\/https:\/\/www.truckerhaus.at\/buehne\/wp-content\/uploads\/2025\/05\/MF24_Vignette_Gradient_2-1.png 442w, https:\/\/mldevnvjxtq7.i.optimole.com\/cb:d-tP.9d1\/w:300\/h:300\/q:mauto\/f:best\/https:\/\/www.truckerhaus.at\/buehne\/wp-content\/uploads\/2025\/05\/MF24_Vignette_Gradient_2-1.png 300w, https:\/\/mldevnvjxtq7.i.optimole.com\/cb:d-tP.9d1\/w:150\/h:150\/q:mauto\/f:best\/https:\/\/www.truckerhaus.at\/buehne\/wp-content\/uploads\/2025\/05\/MF24_Vignette_Gradient_2-1.png 150w, https:\/\/mldevnvjxtq7.i.optimole.com\/cb:d-tP.9d1\/w:100\/h:100\/q:mauto\/f:best\/https:\/\/www.truckerhaus.at\/buehne\/wp-content\/uploads\/2025\/05\/MF24_Vignette_Gradient_2-1.png 100w, https:\/\/mldevnvjxtq7.i.optimole.com\/cb:d-tP.9d1\/w:442\/h:442\/q:mauto\/f:best\/dpr:2\/https:\/\/www.truckerhaus.at\/buehne\/wp-content\/uploads\/2025\/05\/MF24_Vignette_Gradient_2-1.png 2x\"><\/figure>\n<\/div><\/div>\n<\/div><\/div>\n","protected":false},"excerpt":{"rendered":"","protected":false},"author":3,"featured_media":10625,"template":"","meta":{"_tec_requires_first_save":false,"wp_typography_post_enhancements_disabled":false,"neve_meta_sidebar":"","neve_meta_container":"","neve_meta_enable_content_width":"","neve_meta_content_width":0,"neve_meta_title_alignment":"","neve_meta_author_avatar":"","neve_post_elements_order":"","neve_meta_disable_header":"","neve_meta_disable_footer":"","neve_meta_disable_title":"","_price":"","_stock":"","_tribe_ticket_header":"","_tribe_default_ticket_provider":"","_tribe_ticket_capacity":"0","_ticket_start_date":"","_ticket_end_date":"","_tribe_ticket_show_description":"","_tribe_ticket_show_not_going":false,"_tribe_ticket_use_global_stock":"","_tribe_ticket_global_stock_level":"","_global_stock_mode":"","_global_stock_cap":"","_tribe_rsvp_for_event":"","_tribe_ticket_going_count":"","_tribe_ticket_not_going_count":"","_tribe_tickets_list":"[]","_tribe_ticket_has_attendee_info_fields":false,"_EventAllDay":false,"_EventTimezone":"Europe\/Vienna","_EventStartDate":"2025-05-31 15:30:00","_EventEndDate":"2025-05-31 15:30:00","_EventStartDateUTC":"2025-05-31 13:30:00","_EventEndDateUTC":"2025-05-31 13:30:00","_EventShowMap":false,"_EventShowMapLink":false,"_EventURL":"","_EventCost":"23","_EventCostDescription":"","_EventCurrencySymbol":"\u20ac","_EventCurrencyCode":"EUR","_EventCurrencyPosition":"prefix","_EventDateTimeSeparator":" | ","_EventTimeRangeSeparator":" - ","_EventOrganizerID":[],"_EventVenueID":[0,0],"_OrganizerEmail":"","_OrganizerPhone":"","_OrganizerWebsite":"","_VenueAddress":"","_VenueCity":"","_VenueCountry":"","_VenueProvince":"","_VenueState":"","_VenueZip":"","_VenuePhone":"","_VenueURL":"","_VenueStateProvince":"","_VenueLat":"","_VenueLng":"","_VenueShowMap":false,"_VenueShowMapLink":false,"_tribe_blocks_recurrence_rules":"","_tribe_blocks_recurrence_description":"","_tribe_blocks_recurrence_exclusions":"","_themeisle_gutenberg_block_has_review":false,"_tribe_events_status":"","_tribe_events_status_reason":"","_tribe_events_is_hybrid":"","_tribe_events_is_virtual":"","_tribe_events_virtual_video_source":"","_tribe_events_virtual_embed_video":"","_tribe_events_virtual_linked_button_text":"","_tribe_events_virtual_linked_button":"","_tribe_events_virtual_show_embed_at":"","_tribe_events_virtual_show_embed_to":[],"_tribe_events_virtual_show_on_event":"","_tribe_events_virtual_show_on_views":"","_tribe_events_virtual_url":"","footnotes":"","_tec_slr_enabled":"","_tec_slr_layout":""},"tags":[],"tribe_events_cat":[142,141],"class_list":["post-10612","tribe_events","type-tribe_events","status-publish","has-post-thumbnail","hentry","tribe_events_cat-eintritt-frei","tribe_events_cat-museum","cat_eintritt-frei","cat_museum"],"yoast_head":"<!-- This site is optimized with the Yoast SEO plugin v27.2 - https:\/\/yoast.com\/product\/yoast-seo-wordpress\/ -->\n<title>Er\u00f6ffnung \u00bbIndustriepfad\u00ab &#187; Truckerhaus<\/title>\n<meta name=\"robots\" content=\"index, follow, max-snippet:-1, max-image-preview:large, max-video-preview:-1\" \/>\n<link rel=\"canonical\" href=\"https:\/\/www.truckerhaus.at\/buehne\/veranstaltung\/eroeffnung-industriepfad\/\" \/>\n<meta property=\"og:locale\" content=\"de_DE\" \/>\n<meta property=\"og:type\" content=\"article\" \/>\n<meta property=\"og:title\" content=\"Er\u00f6ffnung \u00bbIndustriepfad\u00ab &#187; Truckerhaus\" \/>\n<meta property=\"og:url\" content=\"https:\/\/www.truckerhaus.at\/buehne\/veranstaltung\/eroeffnung-industriepfad\/\" \/>\n<meta property=\"og:site_name\" content=\"Truckerhaus\" \/>\n<meta property=\"article:publisher\" content=\"https:\/\/facebook.com\/truckerhaus\" \/>\n<meta property=\"article:modified_time\" content=\"2025-05-23T09:15:48+00:00\" \/>\n<meta property=\"og:image\" content=\"https:\/\/mldevnvjxtq7.i.optimole.com\/cb:d-tP.9d1\/w:auto\/h:auto\/q:mauto\/f:best\/https:\/\/www.truckerhaus.at\/buehne\/wp-content\/uploads\/2025\/05\/Alte-Fotos09-e1747991650630.jpg\" \/>\n\t<meta property=\"og:image:width\" content=\"1920\" \/>\n\t<meta property=\"og:image:height\" content=\"1505\" \/>\n\t<meta property=\"og:image:type\" content=\"image\/jpeg\" \/>\n<meta name=\"twitter:card\" content=\"summary_large_image\" \/>\n<meta name=\"twitter:label1\" content=\"Gesch\u00e4tzte Lesezeit\" \/>\n\t<meta name=\"twitter:data1\" content=\"3\u00a0Minuten\" \/>\n<script type=\"application\/ld+json\" class=\"yoast-schema-graph\">{\"@context\":\"https:\/\/schema.org\",\"@graph\":[{\"@type\":\"WebPage\",\"@id\":\"https:\/\/www.truckerhaus.at\/buehne\/veranstaltung\/eroeffnung-industriepfad\/\",\"url\":\"https:\/\/www.truckerhaus.at\/buehne\/veranstaltung\/eroeffnung-industriepfad\/\",\"name\":\"Er\u00f6ffnung \u00bbIndustriepfad\u00ab &#187; Truckerhaus\",\"isPartOf\":{\"@id\":\"https:\/\/www.truckerhaus.at\/buehne\/#website\"},\"primaryImageOfPage\":{\"@id\":\"https:\/\/www.truckerhaus.at\/buehne\/veranstaltung\/eroeffnung-industriepfad\/#primaryimage\"},\"image\":{\"@id\":\"https:\/\/www.truckerhaus.at\/buehne\/veranstaltung\/eroeffnung-industriepfad\/#primaryimage\"},\"thumbnailUrl\":\"https:\/\/mldevnvjxtq7.i.optimole.com\/cb:d-tP.9d1\/w:auto\/h:auto\/q:mauto\/f:best\/https:\/\/www.truckerhaus.at\/buehne\/wp-content\/uploads\/2025\/05\/Alte-Fotos09-e1747991650630.jpg\",\"datePublished\":\"2025-05-07T12:20:52+00:00\",\"dateModified\":\"2025-05-23T09:15:48+00:00\",\"breadcrumb\":{\"@id\":\"https:\/\/www.truckerhaus.at\/buehne\/veranstaltung\/eroeffnung-industriepfad\/#breadcrumb\"},\"inLanguage\":\"de\",\"potentialAction\":[{\"@type\":\"ReadAction\",\"target\":[\"https:\/\/www.truckerhaus.at\/buehne\/veranstaltung\/eroeffnung-industriepfad\/\"]}]},{\"@type\":\"ImageObject\",\"inLanguage\":\"de\",\"@id\":\"https:\/\/www.truckerhaus.at\/buehne\/veranstaltung\/eroeffnung-industriepfad\/#primaryimage\",\"url\":\"https:\/\/mldevnvjxtq7.i.optimole.com\/cb:d-tP.9d1\/w:auto\/h:auto\/q:mauto\/f:best\/https:\/\/www.truckerhaus.at\/buehne\/wp-content\/uploads\/2025\/05\/Alte-Fotos09-e1747991650630.jpg\",\"contentUrl\":\"https:\/\/mldevnvjxtq7.i.optimole.com\/cb:d-tP.9d1\/w:auto\/h:auto\/q:mauto\/f:best\/https:\/\/www.truckerhaus.at\/buehne\/wp-content\/uploads\/2025\/05\/Alte-Fotos09-e1747991650630.jpg\",\"width\":1920,\"height\":1505},{\"@type\":\"BreadcrumbList\",\"@id\":\"https:\/\/www.truckerhaus.at\/buehne\/veranstaltung\/eroeffnung-industriepfad\/#breadcrumb\",\"itemListElement\":[{\"@type\":\"ListItem\",\"position\":1,\"name\":\"Startseite\",\"item\":\"https:\/\/www.truckerhaus.at\/buehne\/\"},{\"@type\":\"ListItem\",\"position\":2,\"name\":\"Veranstaltungen\",\"item\":\"https:\/\/www.truckerhaus.at\/buehne\/veranstaltungen\/\"},{\"@type\":\"ListItem\",\"position\":3,\"name\":\"Er\u00f6ffnung \u00bbIndustriepfad\u00ab\"}]},{\"@type\":\"WebSite\",\"@id\":\"https:\/\/www.truckerhaus.at\/buehne\/#website\",\"url\":\"https:\/\/www.truckerhaus.at\/buehne\/\",\"name\":\"Truckerhaus\",\"description\":\"Klein[st]kunstb\u00fchne Gutenbrunn\",\"publisher\":{\"@id\":\"https:\/\/www.truckerhaus.at\/buehne\/#organization\"},\"potentialAction\":[{\"@type\":\"SearchAction\",\"target\":{\"@type\":\"EntryPoint\",\"urlTemplate\":\"https:\/\/www.truckerhaus.at\/buehne\/?s={search_term_string}\"},\"query-input\":{\"@type\":\"PropertyValueSpecification\",\"valueRequired\":true,\"valueName\":\"search_term_string\"}}],\"inLanguage\":\"de\"},{\"@type\":\"Organization\",\"@id\":\"https:\/\/www.truckerhaus.at\/buehne\/#organization\",\"name\":\"Kulturinitiative Weinsbergerwald\",\"url\":\"https:\/\/www.truckerhaus.at\/buehne\/\",\"logo\":{\"@type\":\"ImageObject\",\"inLanguage\":\"de\",\"@id\":\"https:\/\/www.truckerhaus.at\/buehne\/#\/schema\/logo\/image\/\",\"url\":\"https:\/\/mldevnvjxtq7.i.optimole.com\/cb:d-tP.9d1\/w:auto\/h:auto\/q:mauto\/f:best\/https:\/\/www.truckerhaus.at\/buehne\/wp-content\/uploads\/2017\/04\/Truckerhaus_LogoNL.png\",\"contentUrl\":\"https:\/\/mldevnvjxtq7.i.optimole.com\/cb:d-tP.9d1\/w:auto\/h:auto\/q:mauto\/f:best\/https:\/\/www.truckerhaus.at\/buehne\/wp-content\/uploads\/2017\/04\/Truckerhaus_LogoNL.png\",\"width\":1200,\"height\":182,\"caption\":\"Kulturinitiative Weinsbergerwald\"},\"image\":{\"@id\":\"https:\/\/www.truckerhaus.at\/buehne\/#\/schema\/logo\/image\/\"},\"sameAs\":[\"https:\/\/facebook.com\/truckerhaus\",\"https:\/\/instagram.com\/truckerhaus\"]}]}<\/script>\n<!-- \/ Yoast SEO plugin. -->","yoast_head_json":{"title":"Er\u00f6ffnung \u00bbIndustriepfad\u00ab &#187; Truckerhaus","robots":{"index":"index","follow":"follow","max-snippet":"max-snippet:-1","max-image-preview":"max-image-preview:large","max-video-preview":"max-video-preview:-1"},"canonical":"https:\/\/www.truckerhaus.at\/buehne\/veranstaltung\/eroeffnung-industriepfad\/","og_locale":"de_DE","og_type":"article","og_title":"Er\u00f6ffnung \u00bbIndustriepfad\u00ab &#187; Truckerhaus","og_url":"https:\/\/www.truckerhaus.at\/buehne\/veranstaltung\/eroeffnung-industriepfad\/","og_site_name":"Truckerhaus","article_publisher":"https:\/\/facebook.com\/truckerhaus","article_modified_time":"2025-05-23T09:15:48+00:00","og_image":[{"width":1920,"height":1505,"url":"https:\/\/mldevnvjxtq7.i.optimole.com\/cb:d-tP.9d1\/w:auto\/h:auto\/q:mauto\/f:best\/https:\/\/www.truckerhaus.at\/buehne\/wp-content\/uploads\/2025\/05\/Alte-Fotos09-e1747991650630.jpg","type":"image\/jpeg"}],"twitter_card":"summary_large_image","twitter_misc":{"Gesch\u00e4tzte Lesezeit":"3\u00a0Minuten"},"schema":{"@context":"https:\/\/schema.org","@graph":[{"@type":"WebPage","@id":"https:\/\/www.truckerhaus.at\/buehne\/veranstaltung\/eroeffnung-industriepfad\/","url":"https:\/\/www.truckerhaus.at\/buehne\/veranstaltung\/eroeffnung-industriepfad\/","name":"Er\u00f6ffnung \u00bbIndustriepfad\u00ab &#187; Truckerhaus","isPartOf":{"@id":"https:\/\/www.truckerhaus.at\/buehne\/#website"},"primaryImageOfPage":{"@id":"https:\/\/www.truckerhaus.at\/buehne\/veranstaltung\/eroeffnung-industriepfad\/#primaryimage"},"image":{"@id":"https:\/\/www.truckerhaus.at\/buehne\/veranstaltung\/eroeffnung-industriepfad\/#primaryimage"},"thumbnailUrl":"https:\/\/mldevnvjxtq7.i.optimole.com\/cb:d-tP.9d1\/w:auto\/h:auto\/q:mauto\/f:best\/https:\/\/www.truckerhaus.at\/buehne\/wp-content\/uploads\/2025\/05\/Alte-Fotos09-e1747991650630.jpg","datePublished":"2025-05-07T12:20:52+00:00","dateModified":"2025-05-23T09:15:48+00:00","breadcrumb":{"@id":"https:\/\/www.truckerhaus.at\/buehne\/veranstaltung\/eroeffnung-industriepfad\/#breadcrumb"},"inLanguage":"de","potentialAction":[{"@type":"ReadAction","target":["https:\/\/www.truckerhaus.at\/buehne\/veranstaltung\/eroeffnung-industriepfad\/"]}]},{"@type":"ImageObject","inLanguage":"de","@id":"https:\/\/www.truckerhaus.at\/buehne\/veranstaltung\/eroeffnung-industriepfad\/#primaryimage","url":"https:\/\/mldevnvjxtq7.i.optimole.com\/cb:d-tP.9d1\/w:auto\/h:auto\/q:mauto\/f:best\/https:\/\/www.truckerhaus.at\/buehne\/wp-content\/uploads\/2025\/05\/Alte-Fotos09-e1747991650630.jpg","contentUrl":"https:\/\/mldevnvjxtq7.i.optimole.com\/cb:d-tP.9d1\/w:auto\/h:auto\/q:mauto\/f:best\/https:\/\/www.truckerhaus.at\/buehne\/wp-content\/uploads\/2025\/05\/Alte-Fotos09-e1747991650630.jpg","width":1920,"height":1505},{"@type":"BreadcrumbList","@id":"https:\/\/www.truckerhaus.at\/buehne\/veranstaltung\/eroeffnung-industriepfad\/#breadcrumb","itemListElement":[{"@type":"ListItem","position":1,"name":"Startseite","item":"https:\/\/www.truckerhaus.at\/buehne\/"},{"@type":"ListItem","position":2,"name":"Veranstaltungen","item":"https:\/\/www.truckerhaus.at\/buehne\/veranstaltungen\/"},{"@type":"ListItem","position":3,"name":"Er\u00f6ffnung \u00bbIndustriepfad\u00ab"}]},{"@type":"WebSite","@id":"https:\/\/www.truckerhaus.at\/buehne\/#website","url":"https:\/\/www.truckerhaus.at\/buehne\/","name":"Truckerhaus","description":"Klein[st]kunstb\u00fchne Gutenbrunn","publisher":{"@id":"https:\/\/www.truckerhaus.at\/buehne\/#organization"},"potentialAction":[{"@type":"SearchAction","target":{"@type":"EntryPoint","urlTemplate":"https:\/\/www.truckerhaus.at\/buehne\/?s={search_term_string}"},"query-input":{"@type":"PropertyValueSpecification","valueRequired":true,"valueName":"search_term_string"}}],"inLanguage":"de"},{"@type":"Organization","@id":"https:\/\/www.truckerhaus.at\/buehne\/#organization","name":"Kulturinitiative Weinsbergerwald","url":"https:\/\/www.truckerhaus.at\/buehne\/","logo":{"@type":"ImageObject","inLanguage":"de","@id":"https:\/\/www.truckerhaus.at\/buehne\/#\/schema\/logo\/image\/","url":"https:\/\/mldevnvjxtq7.i.optimole.com\/cb:d-tP.9d1\/w:auto\/h:auto\/q:mauto\/f:best\/https:\/\/www.truckerhaus.at\/buehne\/wp-content\/uploads\/2017\/04\/Truckerhaus_LogoNL.png","contentUrl":"https:\/\/mldevnvjxtq7.i.optimole.com\/cb:d-tP.9d1\/w:auto\/h:auto\/q:mauto\/f:best\/https:\/\/www.truckerhaus.at\/buehne\/wp-content\/uploads\/2017\/04\/Truckerhaus_LogoNL.png","width":1200,"height":182,"caption":"Kulturinitiative Weinsbergerwald"},"image":{"@id":"https:\/\/www.truckerhaus.at\/buehne\/#\/schema\/logo\/image\/"},"sameAs":["https:\/\/facebook.com\/truckerhaus","https:\/\/instagram.com\/truckerhaus"]}]}},"ticketed":false,"_links":{"self":[{"href":"https:\/\/www.truckerhaus.at\/buehne\/wp-json\/wp\/v2\/tribe_events\/10612","targetHints":{"allow":["GET"]}}],"collection":[{"href":"https:\/\/www.truckerhaus.at\/buehne\/wp-json\/wp\/v2\/tribe_events"}],"about":[{"href":"https:\/\/www.truckerhaus.at\/buehne\/wp-json\/wp\/v2\/types\/tribe_events"}],"author":[{"embeddable":true,"href":"https:\/\/www.truckerhaus.at\/buehne\/wp-json\/wp\/v2\/users\/3"}],"version-history":[{"count":4,"href":"https:\/\/www.truckerhaus.at\/buehne\/wp-json\/wp\/v2\/tribe_events\/10612\/revisions"}],"predecessor-version":[{"id":10633,"href":"https:\/\/www.truckerhaus.at\/buehne\/wp-json\/wp\/v2\/tribe_events\/10612\/revisions\/10633"}],"wp:featuredmedia":[{"embeddable":true,"href":"https:\/\/www.truckerhaus.at\/buehne\/wp-json\/wp\/v2\/media\/10625"}],"wp:attachment":[{"href":"https:\/\/www.truckerhaus.at\/buehne\/wp-json\/wp\/v2\/media?parent=10612"}],"wp:term":[{"taxonomy":"post_tag","embeddable":true,"href":"https:\/\/www.truckerhaus.at\/buehne\/wp-json\/wp\/v2\/tags?post=10612"},{"taxonomy":"tribe_events_cat","embeddable":true,"href":"https:\/\/www.truckerhaus.at\/buehne\/wp-json\/wp\/v2\/tribe_events_cat?post=10612"}],"curies":[{"name":"wp","href":"https:\/\/api.w.org\/{rel}","templated":true}]}}