{"id":10601,"date":"2025-06-15T20:12:46","date_gmt":"2025-06-15T18:12:46","guid":{"rendered":"https:\/\/www.truckerhaus.at\/buehne\/?post_type=tribe_events&#038;p=10601"},"modified":"2026-01-17T08:51:05","modified_gmt":"2026-01-17T07:51:05","slug":"rudi-schoeller-2","status":"publish","type":"tribe_events","link":"https:\/\/www.truckerhaus.at\/buehne\/veranstaltung\/rudi-schoeller-2\/","title":{"rendered":"Rudi Sch\u00f6ller"},"content":{"rendered":"\n<div class=\"wp-block-group event-titelzeile\"><div class=\"wp-block-group__inner-container is-layout-constrained wp-block-group-is-layout-constrained\">\n<div id=\"wp-block-themeisle-blocks-advanced-columns-09db31bb\" class=\"wp-block-themeisle-blocks-advanced-columns has-2-columns has-desktop-equal-layout has-tablet-collapsedRows-layout has-mobile-collapsedRows-layout has-vertical-unset event-titelteil\"><div class=\"wp-block-themeisle-blocks-advanced-columns-overlay\"><\/div><div class=\"innerblocks-wrap\">\n<div id=\"wp-block-themeisle-blocks-advanced-column-502381e8\" class=\"wp-block-themeisle-blocks-advanced-column\"><h1 class=\"wp-block-post-title\">Rudi Sch\u00f6ller<\/h1>\n\n<div class=\"tribe-events-schedule tribe-clearfix\">\n\t<p class=\"tribe-events-schedule__datetime\">\n\t\t<span class=\"tribe-events-schedule__date tribe-events-schedule__date--start\"> Sa., 24. Jan. \u201926 <\/span>\n\n\t\t\t\t\t<span class=\"tribe-events-schedule__separator tribe-events-schedule__separator--date\"> | <\/span>\n\t\t\t<span class=\"tribe-events-schedule__time tribe-events-schedule__time--start\"> 19:30 <\/span>\n\t\t\n\t\t\t<\/p>\n<\/div>\n\n\n\n<div class=\"wp-block-buttons is-layout-flex wp-block-buttons-is-layout-flex\">\n<div class=\"wp-block-button\"><a class=\"wp-block-button__link wp-element-button\" href=\"#tribe-tickets\">Karten<\/a><\/div>\n<\/div>\n<\/div>\n\n\n\n<div id=\"wp-block-themeisle-blocks-advanced-column-0fe5524e\" class=\"wp-block-themeisle-blocks-advanced-column\">\n<figure class=\"wp-block-image size-large\"><img data-opt-id=2056068891  fetchpriority=\"high\" decoding=\"async\" width=\"1280\" height=\"1281\" src=\"https:\/\/mldevnvjxtq7.i.optimole.com\/cb:d-tP.9d1\/w:auto\/h:auto\/q:mauto\/f:best\/https:\/\/www.truckerhaus.at\/buehne\/wp-content\/uploads\/2025\/12\/RudiSchoeller-edited-2.jpg\" alt=\"Rudi Sch\u00f6ller\" class=\"wp-image-11338\" srcset=\"https:\/\/mldevnvjxtq7.i.optimole.com\/cb:d-tP.9d1\/w:1280\/h:1281\/q:mauto\/f:best\/https:\/\/www.truckerhaus.at\/buehne\/wp-content\/uploads\/2025\/12\/RudiSchoeller-edited-2.jpg 1280w, https:\/\/mldevnvjxtq7.i.optimole.com\/cb:d-tP.9d1\/w:300\/h:300\/q:mauto\/f:best\/https:\/\/www.truckerhaus.at\/buehne\/wp-content\/uploads\/2025\/12\/RudiSchoeller-edited-2.jpg 300w, https:\/\/mldevnvjxtq7.i.optimole.com\/cb:d-tP.9d1\/w:1024\/h:1024\/q:mauto\/f:best\/https:\/\/www.truckerhaus.at\/buehne\/wp-content\/uploads\/2025\/12\/RudiSchoeller-edited-2.jpg 1024w, https:\/\/mldevnvjxtq7.i.optimole.com\/cb:d-tP.9d1\/w:150\/h:150\/q:mauto\/f:best\/https:\/\/www.truckerhaus.at\/buehne\/wp-content\/uploads\/2025\/12\/RudiSchoeller-edited-2.jpg 150w, https:\/\/mldevnvjxtq7.i.optimole.com\/cb:d-tP.9d1\/w:768\/h:769\/q:mauto\/f:best\/https:\/\/www.truckerhaus.at\/buehne\/wp-content\/uploads\/2025\/12\/RudiSchoeller-edited-2.jpg 768w, https:\/\/mldevnvjxtq7.i.optimole.com\/cb:d-tP.9d1\/w:600\/h:600\/q:mauto\/f:best\/https:\/\/www.truckerhaus.at\/buehne\/wp-content\/uploads\/2025\/12\/RudiSchoeller-edited-2.jpg 600w, https:\/\/mldevnvjxtq7.i.optimole.com\/cb:d-tP.9d1\/w:1000\/h:1001\/q:mauto\/f:best\/https:\/\/www.truckerhaus.at\/buehne\/wp-content\/uploads\/2025\/12\/RudiSchoeller-edited-2.jpg 1000w, https:\/\/mldevnvjxtq7.i.optimole.com\/cb:d-tP.9d1\/w:100\/h:100\/q:mauto\/f:best\/https:\/\/www.truckerhaus.at\/buehne\/wp-content\/uploads\/2025\/12\/RudiSchoeller-edited-2.jpg 100w, https:\/\/mldevnvjxtq7.i.optimole.com\/cb:d-tP.9d1\/w:1280\/h:1281\/q:mauto\/f:best\/dpr:2\/https:\/\/www.truckerhaus.at\/buehne\/wp-content\/uploads\/2025\/12\/RudiSchoeller-edited-2.jpg 2x\" sizes=\"(max-width: 1200px) 100vw, 1200px\"><\/figure>\n<\/div>\n<\/div><\/div>\n<\/div><\/div>\n\n\n\n<div class=\"wp-block-group event-contentzeile\"><div class=\"wp-block-group__inner-container is-layout-constrained wp-block-group-is-layout-constrained\">\n<div id=\"wp-block-themeisle-blocks-advanced-columns-3a329383\" class=\"wp-block-themeisle-blocks-advanced-columns has-2-columns has-desktop-equal-layout has-tablet-collapsedRows-layout has-mobile-collapsedRows-layout has-reverse-columns-tablet has-reverse-columns-mobile has-vertical-unset event-contentteil\"><div class=\"wp-block-themeisle-blocks-advanced-columns-overlay\"><\/div><div class=\"innerblocks-wrap\">\n<div id=\"wp-block-themeisle-blocks-advanced-column-6a6095f8\" class=\"wp-block-themeisle-blocks-advanced-column\"><\/div>\n\n\n\n<div id=\"wp-block-themeisle-blocks-advanced-column-72f2b120\" class=\"wp-block-themeisle-blocks-advanced-column\">\n<div style=\"height:30px\" aria-hidden=\"true\" class=\"wp-block-spacer\"><\/div>\n\n\n\n<h2 class=\"wp-block-heading\">Ein traum\u00adhaf\u00adter&nbsp;Abend<\/h2>\n\n\n\n<p><strong>Kabarett<\/strong><\/p>\n\n\n\n<p>\u00bbTr\u00e4ume nicht dein Leben, son\u00addern lebe dei\u00adnen Traum!\u00ab So sagt man. Aber was ist eigent\u00adlich der Unterschied? Tr\u00e4umen wir nicht alle, w\u00e4h\u00adrend wir leben? Und leben, w\u00e4h\u00adrend wir tr\u00e4umen?<\/p>\n\n\n\n<p>Rudi Sch\u00f6ller ist bekannt aus der ORF-Sendung \u00bbPension Sch\u00f6ller\u00ab und dem gleich\u00adna\u00admi\u00adgen Podcast. In sei\u00adnem Programm, das irgend\u00adwo zwi\u00adschen Traum und Wirklichkeit schwebt, nimmt er sein Publikum mit auf eine&nbsp;Reise.<\/p>\n\n\n\n<p>\u00dcber K\u00fcnstliche Intelligenz und die Generation Z, das \u00c4lterwerden und neue Rollenbilder, Stadt und Land, sozia\u00adle Medien und Spiritualit\u00e4t, den Alltag in einer Patchworkfamilie und die klei\u00adnen Geschichten, die nur das Leben schrei\u00adben&nbsp;kann.<\/p>\n\n\n\n<p>Und manch\u00admal eben auch ein&nbsp;Traum.<\/p>\n\n\n\n<p><strong>Rudi Sch\u00f6ller<\/strong> zog es nach der Matura von Ober\u00f6sterreich nach Wien. Nach ers\u00adten Erfolgen mit dem legen\u00add\u00e4\u00adren Kabarett-Duo \u00bbSch\u00f6ller &amp;&nbsp;Bacher\u00ab\u201c\u00ab begann er bei Radio FM4 zu arbei\u00adten und mach\u00adte mit Texten, Sketchen und Kampagnen auf sich aufmerksam.<\/p>\n\n\n\n<p>2003 erober\u00adte er als Co-Autor der ORF-Comedy-Sendung \u201eEcht fett\u201c das Fersehen. Ab 2005 ist er Co-Autor und Darsteller (\u00bbVorm\u00e4rz\u00ab) des Publikums-Hits \u00bbWir sind Kaiser\u00ab.<\/p>\n\n\n\n<p>Mit der R\u00fcckkehr auf die B\u00fchne folgt 2015 das Erfolgsprogramm \u00bbAuftrieb\u00ab und der ers\u00adte Platz bei der Wiener Kabarett-Talente-Show. 2017 hat das von Publikum und Kritik gefei\u00ader\u00adte Programm \u00bbKompass\u00ab Premi\u00e8re.<\/p>\n\n\n\n<p>Seit 2018 begeis\u00adtert er mit \u00bbVorm\u00e4rz spricht\u00ab und spielt regel\u00adm\u00e4\u00ad\u00dfig Kurzauftritte nach der Pause von \u00bbHader spielt Hader\u00ab. Au\u00dferdem gewinnt er den Poetry Slam der LitGes St. P\u00f6lten und die Schnellertshamer Heugabel 2018.<\/p>\n\n\n\n<p>Seit 2019 ist er Mitglied im Rate-Team der ORF-Sendung \u00bbWas gibt es Neues?\u00ab. Im Februar 2020 hat sein Programm \u00bbEs gibt nur einen Rudi Sch\u00f6ller\u00ab Premi\u00e8re.<\/p>\n\n\n\n<p>Im Februar 2021 star\u00adtet der Podcast \u00bbPension Sch\u00f6ller\u00ab. Rudi Sch\u00f6ller trifft dabei regel\u00adm\u00e4\u00ad\u00dfig Kolleg*innen zum ent\u00adspann\u00adten Gespr\u00e4ch. \u00dcber alles m\u00f6g\u00adli\u00adche.<br><br><a href=\"https:\/\/www.rudischoeller.at\">https:\/\/\u200bwww\u200b.rudi\u200bsch\u200boel\u200bler\u200b.at<\/a><\/p>\n<\/div>\n<\/div><\/div>\n<\/div><\/div>\n\n\n\n<div style=\"height:40px\" aria-hidden=\"true\" id=\"tribe-events\" class=\"wp-block-spacer\"><\/div>\n\n\n\n\n\t<div class=\"tribe-block tribe-block__events-link\">\n\t\t<div class=\"tribe-events tribe-common\">\n\t\t\t<div class=\"tribe-events-c-subscribe-dropdown__container\">\n\t\t\t\t<div class=\"tribe-events-c-subscribe-dropdown\">\n\t\t\t\t\t<div class=\"tribe-common-c-btn-border tribe-events-c-subscribe-dropdown__button\">\n\t\t\t\t\t\t<svg class=\"tribe-common-c-svgicon tribe-common-c-svgicon--cal-export tribe-events-c-subscribe-dropdown__export-icon\" aria-hidden=\"true\" viewBox=\"0 0 23 17\">\n\t<path fill-rule=\"evenodd\" clip-rule=\"evenodd\" d=\"M.128.896V16.13c0 .211.145.383.323.383h15.354c.179 0 .323-.172.323-.383V.896c0-.212-.144-.383-.323-.383H.451C.273.513.128.684.128.896Zm16 6.742h-.901V4.679H1.009v10.729h14.218v-3.336h.901V7.638ZM1.01 1.614h14.218v2.058H1.009V1.614Z\" \/>\n\t<path d=\"M20.5 9.846H8.312M18.524 6.953l2.89 2.909-2.855 2.855\" stroke-width=\"1.2\" stroke-linecap=\"round\" stroke-linejoin=\"round\" \/>\n<\/svg>\n\t\t\t\t\t\t<button class=\"tribe-events-c-subscribe-dropdown__button-text\" aria-expanded=\"false\" aria-controls=\"tribe-events-subscribe-dropdown-content\" aria-label=\"Zeigen Sie Links an um Veranstaltungen zu Ihrem Kalender hinzuzuf\u00fcgen\">\n\t\t\t\t\t\t\tZum Kalender hinzuf\u00fcgen\t\t\t\t\t\t<\/button>\n\t\t\t\t\t\t<svg class=\"tribe-common-c-svgicon tribe-common-c-svgicon--caret-down tribe-events-c-subscribe-dropdown__button-icon\" aria-hidden=\"true\" viewBox=\"0 0 10 7\">\n\t<path fill-rule=\"evenodd\" clip-rule=\"evenodd\" d=\"M1.008.609L5 4.6 8.992.61l.958.958L5 6.517.05 1.566l.958-.958z\" class=\"tribe-common-c-svgicon__svg-fill\" \/>\n<\/svg>\n\t\t\t\t\t<\/div>\n\t\t\t\t\t<div id=\"tribe-events-subscribe-dropdown-content\" class=\"tribe-events-c-subscribe-dropdown__content\">\n\t\t\t\t\t\t<ul class=\"tribe-events-c-subscribe-dropdown__list\">\n\t\t\t\t\t\t\t\t\t\t\t\t\t\t\t<li class=\"tribe-events-c-subscribe-dropdown__list-item tribe-events-c-subscribe-dropdown__list-item--gcal\">\n\t\t\t\t\t\t\t\t\t<a href=\"https:\/\/www.google.com\/calendar\/event?action=TEMPLATE&amp;dates=20260124T193000\/20260124T193000&amp;text=Rudi%20Sch%C3%B6ller&amp;details=%3Cdiv+class%3D%22wp-block-group+event-titelzeile%22%3E%3Cdiv+id%3D%22wp-block-themeisle-blocks-advanced-columns-09db31bb%22+class%3D%22wp-block-themeisle-blocks-advanced-columns+has-2-columns+has-desktop-equal-layout+has-tablet-collapsedRows-layout+has-mobile-collapsedRows-layout+has-vertical-unset+event-titelteil%22%3E%3Cdiv+class%3D%22wp-block-themeisle-blocks-advanced-columns-overlay%22%3E%3C%2Fdiv%3E%3Cdiv+class%3D%22innerblocks-wrap%22%3E%3Cdiv+id%3D%22wp-block-themeisle-blocks-advanced-column-502381e8%22+class%3D%22wp-block-themeisle-blocks-advanced-column%22%3E%3Cdiv+class%3D%22wp-block-buttons%22%3E%3Cdiv+class%3D%22wp-block-button%22%3E%3Ca+class%3D%22wp-block-button__link+wp-element-button%22+href%3D%22%23tribe-tickets%22%3EKarten%3C%2Fa%3E%3C%2Fdiv%3E%3C%2Fdiv%3E%3C%2Fdiv%3E%3Cdiv+id%3D%22wp-block-themeisle-blocks-advanced-column-0fe5524e%22+class%3D%22wp-block-themeisle-blocks-advanced-column%22%3E%3Cfigure+class%3D%22wp-block-image+size-large%22%3E%3Cimg+src%3D%22https%3A%2F%2Fwww.truckerhaus.at%2Fbuehne%2Fwp-content%2Fuploads%2F2025%2F12%2FRudiSchoeller-edited-2.jpg%22+alt%3D%22Rudi+Sch%C3%B6ller%22+class%3D%22wp-image-11338%22%2F%3E%3C%2Ffigure%3E%3C%2Fdiv%3E%3C%2Fdiv%3E%3C%2Fdiv%3E%3C%2Fdiv%3E+%28Zeige+vollst%C3%A4ndige+Veranstaltung-Beschreibung+hier+an%3A+https%3A%2F%2Fwww.truckerhaus.at%2Fbuehne%2Fveranstaltung%2Frudi-schoeller-2%2F%29&amp;trp=false&amp;ctz=Europe\/Vienna&amp;sprop=website:https:\/\/www.truckerhaus.at\/buehne\" class=\"tribe-events-c-subscribe-dropdown__list-item-link\" target=\"_blank\" rel=\"noopener noreferrer nofollow noindex\"> Google Kalender&nbsp;<\/a>\n\t\t\t\t\t\t\t\t<\/li>\n\t\t\t\t\t\t\t\t\t\t\t\t\t\t\t<li class=\"tribe-events-c-subscribe-dropdown__list-item tribe-events-c-subscribe-dropdown__list-item--ical\">\n\t\t\t\t\t\t\t\t\t<a href class=\"tribe-events-c-subscribe-dropdown__list-item-link\" target=\"_blank\" rel=\"noopener noreferrer nofollow noindex\"> iCalendar&nbsp;<\/a>\n\t\t\t\t\t\t\t\t<\/li>\n\t\t\t\t\t\t\t\t\t\t\t\t\t\t\t<li class=\"tribe-events-c-subscribe-dropdown__list-item tribe-events-c-subscribe-dropdown__list-item--outlook-365\">\n\t\t\t\t\t\t\t\t\t<a href class=\"tribe-events-c-subscribe-dropdown__list-item-link\" target=\"_blank\" rel=\"noopener noreferrer nofollow noindex\"> Outlook 365&nbsp;<\/a>\n\t\t\t\t\t\t\t\t<\/li>\n\t\t\t\t\t\t\t\t\t\t\t\t\t\t\t<li class=\"tribe-events-c-subscribe-dropdown__list-item tribe-events-c-subscribe-dropdown__list-item--outlook-live\">\n\t\t\t\t\t\t\t\t\t<a href class=\"tribe-events-c-subscribe-dropdown__list-item-link\" target=\"_blank\" rel=\"noopener noreferrer nofollow noindex\"> Outlook Live&nbsp;<\/a>\n\t\t\t\t\t\t\t\t<\/li>\n\t\t\t\t\t\t\t\t\t\t\t\t\t<\/ul>\n\t\t\t\t\t<\/div>\n\t\t\t\t<\/div>\n\t\t\t<\/div>\n\t\t<\/div>\n\t<\/div>\n\n","protected":false},"excerpt":{"rendered":"","protected":false},"author":3,"featured_media":11327,"template":"","meta":{"_tec_requires_first_save":false,"wp_typography_post_enhancements_disabled":false,"neve_meta_sidebar":"","neve_meta_container":"","neve_meta_enable_content_width":"","neve_meta_content_width":0,"neve_meta_title_alignment":"","neve_meta_author_avatar":"","neve_post_elements_order":"","neve_meta_disable_header":"","neve_meta_disable_footer":"","neve_meta_disable_title":"","_price":"","_stock":"","_tribe_ticket_header":"","_tribe_default_ticket_provider":"Tribe__Tickets_Plus__Commerce__WooCommerce__Main","_tribe_ticket_capacity":"40","_ticket_start_date":"","_ticket_end_date":"","_tribe_ticket_show_description":"","_tribe_ticket_show_not_going":false,"_tribe_ticket_use_global_stock":"1","_tribe_ticket_global_stock_level":"21","_global_stock_mode":"","_global_stock_cap":"","_tribe_rsvp_for_event":"","_tribe_ticket_going_count":"","_tribe_ticket_not_going_count":"","_tribe_tickets_list":"[{\"id\":10664,\"type\":\"default\",\"title\":\"Rudi Sch\\u00f6ller \\u2013 Vorpremiere\",\"description\":\"\",\"capacityType\":\"capped\",\"price\":24,\"capacity\":40,\"available\":21,\"sharedCapacity\":40,\"sold\":0,\"shareSold\":0,\"isShared\":true,\"currencyDecimalPoint\":\",\",\"currencyNumberOfDecimals\":2,\"currencyPosition\":\"prefix\",\"currencySymbol\":\"$\",\"currencyThousandsSep\":\".\"},{\"id\":10665,\"type\":\"default\",\"title\":\"Rudi Sch\\u00f6ller \\u2013 Vorpremiere erm\\u00e4\\u00dfigt\",\"description\":\"mit KultCard oder f\\u00fcr AK\\\/\\u00d6GB Mitglieder\",\"capacityType\":\"capped\",\"price\":19,\"capacity\":40,\"available\":21,\"sharedCapacity\":40,\"sold\":0,\"shareSold\":0,\"isShared\":true,\"currencyDecimalPoint\":\",\",\"currencyNumberOfDecimals\":2,\"currencyPosition\":\"prefix\",\"currencySymbol\":\"$\",\"currencyThousandsSep\":\".\"},{\"id\":10666,\"type\":\"default\",\"title\":\"Rudi Sch\\u00f6ller \\u2013 Vorpremiere, Jugend bis 25 J.\",\"description\":\"\",\"capacityType\":\"capped\",\"price\":13,\"capacity\":13,\"available\":12,\"sharedCapacity\":13,\"sold\":0,\"shareSold\":0,\"isShared\":true,\"currencyDecimalPoint\":\",\",\"currencyNumberOfDecimals\":2,\"currencyPosition\":\"prefix\",\"currencySymbol\":\"$\",\"currencyThousandsSep\":\".\"}]","_tribe_ticket_has_attendee_info_fields":false,"_EventAllDay":false,"_EventTimezone":"Europe\/Vienna","_EventStartDate":"2026-01-24 19:30:00","_EventEndDate":"2026-01-24 19:30:00","_EventStartDateUTC":"2026-01-24 18:30:00","_EventEndDateUTC":"2026-01-24 18:30:00","_EventShowMap":false,"_EventShowMapLink":false,"_EventURL":"","_EventCost":"24","_EventCostDescription":"","_EventCurrencySymbol":"\u20ac","_EventCurrencyCode":"EUR","_EventCurrencyPosition":"prefix","_EventDateTimeSeparator":" | ","_EventTimeRangeSeparator":" - ","_EventOrganizerID":[],"_EventVenueID":[0,0],"_OrganizerEmail":"","_OrganizerPhone":"","_OrganizerWebsite":"","_VenueAddress":"","_VenueCity":"","_VenueCountry":"","_VenueProvince":"","_VenueState":"","_VenueZip":"","_VenuePhone":"","_VenueURL":"","_VenueStateProvince":"","_VenueLat":"","_VenueLng":"","_VenueShowMap":false,"_VenueShowMapLink":false,"_tribe_blocks_recurrence_rules":"","_tribe_blocks_recurrence_description":"","_tribe_blocks_recurrence_exclusions":"","_themeisle_gutenberg_block_has_review":false,"_tribe_events_status":"","_tribe_events_status_reason":"","_tribe_events_is_hybrid":"","_tribe_events_is_virtual":"","_tribe_events_virtual_video_source":"","_tribe_events_virtual_embed_video":"","_tribe_events_virtual_linked_button_text":"","_tribe_events_virtual_linked_button":"","_tribe_events_virtual_show_embed_at":"","_tribe_events_virtual_show_embed_to":[],"_tribe_events_virtual_show_on_event":"","_tribe_events_virtual_show_on_views":"","_tribe_events_virtual_url":"","footnotes":"","_tec_slr_enabled":"","_tec_slr_layout":""},"tags":[],"tribe_events_cat":[84],"class_list":["post-10601","tribe_events","type-tribe_events","status-publish","has-post-thumbnail","hentry","tribe_events_cat-kabarett-vorpremiere","cat_kabarett-vorpremiere"],"yoast_head":"<!-- This site is optimized with the Yoast SEO plugin v27.2 - https:\/\/yoast.com\/product\/yoast-seo-wordpress\/ -->\n<title>Rudi Sch\u00f6ller &#187; Truckerhaus<\/title>\n<meta name=\"robots\" content=\"index, follow, max-snippet:-1, max-image-preview:large, max-video-preview:-1\" \/>\n<link rel=\"canonical\" href=\"https:\/\/www.truckerhaus.at\/buehne\/veranstaltung\/rudi-schoeller-2\/\" \/>\n<meta property=\"og:locale\" content=\"de_DE\" \/>\n<meta property=\"og:type\" content=\"article\" \/>\n<meta property=\"og:title\" content=\"Rudi Sch\u00f6ller &#187; Truckerhaus\" \/>\n<meta property=\"og:url\" content=\"https:\/\/www.truckerhaus.at\/buehne\/veranstaltung\/rudi-schoeller-2\/\" \/>\n<meta property=\"og:site_name\" content=\"Truckerhaus\" \/>\n<meta property=\"article:publisher\" content=\"https:\/\/facebook.com\/truckerhaus\" \/>\n<meta property=\"article:modified_time\" content=\"2026-01-17T07:51:05+00:00\" \/>\n<meta property=\"og:image\" content=\"https:\/\/mldevnvjxtq7.i.optimole.com\/cb:d-tP.9d1\/w:auto\/h:auto\/q:mauto\/f:best\/https:\/\/www.truckerhaus.at\/buehne\/wp-content\/uploads\/2025\/06\/rudischoeller2.jpg\" \/>\n\t<meta property=\"og:image:width\" content=\"1280\" \/>\n\t<meta property=\"og:image:height\" content=\"1920\" \/>\n\t<meta property=\"og:image:type\" content=\"image\/jpeg\" \/>\n<meta name=\"twitter:card\" content=\"summary_large_image\" \/>\n<meta name=\"twitter:label1\" content=\"Gesch\u00e4tzte Lesezeit\" \/>\n\t<meta name=\"twitter:data1\" content=\"2\u00a0Minuten\" \/>\n<script type=\"application\/ld+json\" class=\"yoast-schema-graph\">{\"@context\":\"https:\/\/schema.org\",\"@graph\":[{\"@type\":\"WebPage\",\"@id\":\"https:\/\/www.truckerhaus.at\/buehne\/veranstaltung\/rudi-schoeller-2\/\",\"url\":\"https:\/\/www.truckerhaus.at\/buehne\/veranstaltung\/rudi-schoeller-2\/\",\"name\":\"Rudi Sch\u00f6ller &#187; Truckerhaus\",\"isPartOf\":{\"@id\":\"https:\/\/www.truckerhaus.at\/buehne\/#website\"},\"primaryImageOfPage\":{\"@id\":\"https:\/\/www.truckerhaus.at\/buehne\/veranstaltung\/rudi-schoeller-2\/#primaryimage\"},\"image\":{\"@id\":\"https:\/\/www.truckerhaus.at\/buehne\/veranstaltung\/rudi-schoeller-2\/#primaryimage\"},\"thumbnailUrl\":\"https:\/\/mldevnvjxtq7.i.optimole.com\/cb:d-tP.9d1\/w:auto\/h:auto\/q:mauto\/f:best\/https:\/\/www.truckerhaus.at\/buehne\/wp-content\/uploads\/2025\/06\/rudischoeller2.jpg\",\"datePublished\":\"2025-06-15T18:12:46+00:00\",\"dateModified\":\"2026-01-17T07:51:05+00:00\",\"breadcrumb\":{\"@id\":\"https:\/\/www.truckerhaus.at\/buehne\/veranstaltung\/rudi-schoeller-2\/#breadcrumb\"},\"inLanguage\":\"de\",\"potentialAction\":[{\"@type\":\"ReadAction\",\"target\":[\"https:\/\/www.truckerhaus.at\/buehne\/veranstaltung\/rudi-schoeller-2\/\"]}]},{\"@type\":\"ImageObject\",\"inLanguage\":\"de\",\"@id\":\"https:\/\/www.truckerhaus.at\/buehne\/veranstaltung\/rudi-schoeller-2\/#primaryimage\",\"url\":\"https:\/\/mldevnvjxtq7.i.optimole.com\/cb:d-tP.9d1\/w:auto\/h:auto\/q:mauto\/f:best\/https:\/\/www.truckerhaus.at\/buehne\/wp-content\/uploads\/2025\/06\/rudischoeller2.jpg\",\"contentUrl\":\"https:\/\/mldevnvjxtq7.i.optimole.com\/cb:d-tP.9d1\/w:auto\/h:auto\/q:mauto\/f:best\/https:\/\/www.truckerhaus.at\/buehne\/wp-content\/uploads\/2025\/06\/rudischoeller2.jpg\",\"width\":1280,\"height\":1920},{\"@type\":\"BreadcrumbList\",\"@id\":\"https:\/\/www.truckerhaus.at\/buehne\/veranstaltung\/rudi-schoeller-2\/#breadcrumb\",\"itemListElement\":[{\"@type\":\"ListItem\",\"position\":1,\"name\":\"Startseite\",\"item\":\"https:\/\/www.truckerhaus.at\/buehne\/\"},{\"@type\":\"ListItem\",\"position\":2,\"name\":\"Veranstaltungen\",\"item\":\"https:\/\/www.truckerhaus.at\/buehne\/veranstaltungen\/\"},{\"@type\":\"ListItem\",\"position\":3,\"name\":\"Rudi Sch\u00f6ller\"}]},{\"@type\":\"WebSite\",\"@id\":\"https:\/\/www.truckerhaus.at\/buehne\/#website\",\"url\":\"https:\/\/www.truckerhaus.at\/buehne\/\",\"name\":\"Truckerhaus\",\"description\":\"Klein[st]kunstb\u00fchne Gutenbrunn\",\"publisher\":{\"@id\":\"https:\/\/www.truckerhaus.at\/buehne\/#organization\"},\"potentialAction\":[{\"@type\":\"SearchAction\",\"target\":{\"@type\":\"EntryPoint\",\"urlTemplate\":\"https:\/\/www.truckerhaus.at\/buehne\/?s={search_term_string}\"},\"query-input\":{\"@type\":\"PropertyValueSpecification\",\"valueRequired\":true,\"valueName\":\"search_term_string\"}}],\"inLanguage\":\"de\"},{\"@type\":\"Organization\",\"@id\":\"https:\/\/www.truckerhaus.at\/buehne\/#organization\",\"name\":\"Kulturinitiative Weinsbergerwald\",\"url\":\"https:\/\/www.truckerhaus.at\/buehne\/\",\"logo\":{\"@type\":\"ImageObject\",\"inLanguage\":\"de\",\"@id\":\"https:\/\/www.truckerhaus.at\/buehne\/#\/schema\/logo\/image\/\",\"url\":\"https:\/\/mldevnvjxtq7.i.optimole.com\/cb:d-tP.9d1\/w:auto\/h:auto\/q:mauto\/f:best\/https:\/\/www.truckerhaus.at\/buehne\/wp-content\/uploads\/2017\/04\/Truckerhaus_LogoNL.png\",\"contentUrl\":\"https:\/\/mldevnvjxtq7.i.optimole.com\/cb:d-tP.9d1\/w:auto\/h:auto\/q:mauto\/f:best\/https:\/\/www.truckerhaus.at\/buehne\/wp-content\/uploads\/2017\/04\/Truckerhaus_LogoNL.png\",\"width\":1200,\"height\":182,\"caption\":\"Kulturinitiative Weinsbergerwald\"},\"image\":{\"@id\":\"https:\/\/www.truckerhaus.at\/buehne\/#\/schema\/logo\/image\/\"},\"sameAs\":[\"https:\/\/facebook.com\/truckerhaus\",\"https:\/\/instagram.com\/truckerhaus\"]}]}<\/script>\n<!-- \/ Yoast SEO plugin. -->","yoast_head_json":{"title":"Rudi Sch\u00f6ller &#187; Truckerhaus","robots":{"index":"index","follow":"follow","max-snippet":"max-snippet:-1","max-image-preview":"max-image-preview:large","max-video-preview":"max-video-preview:-1"},"canonical":"https:\/\/www.truckerhaus.at\/buehne\/veranstaltung\/rudi-schoeller-2\/","og_locale":"de_DE","og_type":"article","og_title":"Rudi Sch\u00f6ller &#187; Truckerhaus","og_url":"https:\/\/www.truckerhaus.at\/buehne\/veranstaltung\/rudi-schoeller-2\/","og_site_name":"Truckerhaus","article_publisher":"https:\/\/facebook.com\/truckerhaus","article_modified_time":"2026-01-17T07:51:05+00:00","og_image":[{"width":1280,"height":1920,"url":"https:\/\/mldevnvjxtq7.i.optimole.com\/cb:d-tP.9d1\/w:auto\/h:auto\/q:mauto\/f:best\/https:\/\/www.truckerhaus.at\/buehne\/wp-content\/uploads\/2025\/06\/rudischoeller2.jpg","type":"image\/jpeg"}],"twitter_card":"summary_large_image","twitter_misc":{"Gesch\u00e4tzte Lesezeit":"2\u00a0Minuten"},"schema":{"@context":"https:\/\/schema.org","@graph":[{"@type":"WebPage","@id":"https:\/\/www.truckerhaus.at\/buehne\/veranstaltung\/rudi-schoeller-2\/","url":"https:\/\/www.truckerhaus.at\/buehne\/veranstaltung\/rudi-schoeller-2\/","name":"Rudi Sch\u00f6ller &#187; Truckerhaus","isPartOf":{"@id":"https:\/\/www.truckerhaus.at\/buehne\/#website"},"primaryImageOfPage":{"@id":"https:\/\/www.truckerhaus.at\/buehne\/veranstaltung\/rudi-schoeller-2\/#primaryimage"},"image":{"@id":"https:\/\/www.truckerhaus.at\/buehne\/veranstaltung\/rudi-schoeller-2\/#primaryimage"},"thumbnailUrl":"https:\/\/mldevnvjxtq7.i.optimole.com\/cb:d-tP.9d1\/w:auto\/h:auto\/q:mauto\/f:best\/https:\/\/www.truckerhaus.at\/buehne\/wp-content\/uploads\/2025\/06\/rudischoeller2.jpg","datePublished":"2025-06-15T18:12:46+00:00","dateModified":"2026-01-17T07:51:05+00:00","breadcrumb":{"@id":"https:\/\/www.truckerhaus.at\/buehne\/veranstaltung\/rudi-schoeller-2\/#breadcrumb"},"inLanguage":"de","potentialAction":[{"@type":"ReadAction","target":["https:\/\/www.truckerhaus.at\/buehne\/veranstaltung\/rudi-schoeller-2\/"]}]},{"@type":"ImageObject","inLanguage":"de","@id":"https:\/\/www.truckerhaus.at\/buehne\/veranstaltung\/rudi-schoeller-2\/#primaryimage","url":"https:\/\/mldevnvjxtq7.i.optimole.com\/cb:d-tP.9d1\/w:auto\/h:auto\/q:mauto\/f:best\/https:\/\/www.truckerhaus.at\/buehne\/wp-content\/uploads\/2025\/06\/rudischoeller2.jpg","contentUrl":"https:\/\/mldevnvjxtq7.i.optimole.com\/cb:d-tP.9d1\/w:auto\/h:auto\/q:mauto\/f:best\/https:\/\/www.truckerhaus.at\/buehne\/wp-content\/uploads\/2025\/06\/rudischoeller2.jpg","width":1280,"height":1920},{"@type":"BreadcrumbList","@id":"https:\/\/www.truckerhaus.at\/buehne\/veranstaltung\/rudi-schoeller-2\/#breadcrumb","itemListElement":[{"@type":"ListItem","position":1,"name":"Startseite","item":"https:\/\/www.truckerhaus.at\/buehne\/"},{"@type":"ListItem","position":2,"name":"Veranstaltungen","item":"https:\/\/www.truckerhaus.at\/buehne\/veranstaltungen\/"},{"@type":"ListItem","position":3,"name":"Rudi Sch\u00f6ller"}]},{"@type":"WebSite","@id":"https:\/\/www.truckerhaus.at\/buehne\/#website","url":"https:\/\/www.truckerhaus.at\/buehne\/","name":"Truckerhaus","description":"Klein[st]kunstb\u00fchne Gutenbrunn","publisher":{"@id":"https:\/\/www.truckerhaus.at\/buehne\/#organization"},"potentialAction":[{"@type":"SearchAction","target":{"@type":"EntryPoint","urlTemplate":"https:\/\/www.truckerhaus.at\/buehne\/?s={search_term_string}"},"query-input":{"@type":"PropertyValueSpecification","valueRequired":true,"valueName":"search_term_string"}}],"inLanguage":"de"},{"@type":"Organization","@id":"https:\/\/www.truckerhaus.at\/buehne\/#organization","name":"Kulturinitiative Weinsbergerwald","url":"https:\/\/www.truckerhaus.at\/buehne\/","logo":{"@type":"ImageObject","inLanguage":"de","@id":"https:\/\/www.truckerhaus.at\/buehne\/#\/schema\/logo\/image\/","url":"https:\/\/mldevnvjxtq7.i.optimole.com\/cb:d-tP.9d1\/w:auto\/h:auto\/q:mauto\/f:best\/https:\/\/www.truckerhaus.at\/buehne\/wp-content\/uploads\/2017\/04\/Truckerhaus_LogoNL.png","contentUrl":"https:\/\/mldevnvjxtq7.i.optimole.com\/cb:d-tP.9d1\/w:auto\/h:auto\/q:mauto\/f:best\/https:\/\/www.truckerhaus.at\/buehne\/wp-content\/uploads\/2017\/04\/Truckerhaus_LogoNL.png","width":1200,"height":182,"caption":"Kulturinitiative Weinsbergerwald"},"image":{"@id":"https:\/\/www.truckerhaus.at\/buehne\/#\/schema\/logo\/image\/"},"sameAs":["https:\/\/facebook.com\/truckerhaus","https:\/\/instagram.com\/truckerhaus"]}]}},"ticketed":["woo"],"_links":{"self":[{"href":"https:\/\/www.truckerhaus.at\/buehne\/wp-json\/wp\/v2\/tribe_events\/10601","targetHints":{"allow":["GET"]}}],"collection":[{"href":"https:\/\/www.truckerhaus.at\/buehne\/wp-json\/wp\/v2\/tribe_events"}],"about":[{"href":"https:\/\/www.truckerhaus.at\/buehne\/wp-json\/wp\/v2\/types\/tribe_events"}],"author":[{"embeddable":true,"href":"https:\/\/www.truckerhaus.at\/buehne\/wp-json\/wp\/v2\/users\/3"}],"version-history":[{"count":13,"href":"https:\/\/www.truckerhaus.at\/buehne\/wp-json\/wp\/v2\/tribe_events\/10601\/revisions"}],"predecessor-version":[{"id":11424,"href":"https:\/\/www.truckerhaus.at\/buehne\/wp-json\/wp\/v2\/tribe_events\/10601\/revisions\/11424"}],"wp:featuredmedia":[{"embeddable":true,"href":"https:\/\/www.truckerhaus.at\/buehne\/wp-json\/wp\/v2\/media\/11327"}],"wp:attachment":[{"href":"https:\/\/www.truckerhaus.at\/buehne\/wp-json\/wp\/v2\/media?parent=10601"}],"wp:term":[{"taxonomy":"post_tag","embeddable":true,"href":"https:\/\/www.truckerhaus.at\/buehne\/wp-json\/wp\/v2\/tags?post=10601"},{"taxonomy":"tribe_events_cat","embeddable":true,"href":"https:\/\/www.truckerhaus.at\/buehne\/wp-json\/wp\/v2\/tribe_events_cat?post=10601"}],"curies":[{"name":"wp","href":"https:\/\/api.w.org\/{rel}","templated":true}]}}